{"id":898,"date":"2022-03-01T22:26:40","date_gmt":"2022-03-01T21:26:40","guid":{"rendered":"https:\/\/budapestritmo.hu\/filmek\/"},"modified":"2022-03-22T10:49:45","modified_gmt":"2022-03-22T09:49:45","slug":"filmek","status":"publish","type":"page","link":"https:\/\/2022.budapestritmo.hu\/en\/filmek\/","title":{"rendered":"Movies"},"content":{"rendered":"\n<section class=\"is-layout-flow wp-block-group alignfull movies text-white\"><div class=\"wp-block-group__inner-container\">\n<h1>Movies<\/h1>\n\n\n\n<p>For the first time ever, Budapest Ritmo will feature a line of music films, many of them produced and shot especially for the festival! Premieres of unique cooperations between Hungarian directors and bands, music documentaries and music and film related roundtable discussions await the festival\u2019s visitors.<\/p>\n\n\n\n<p>Last year as Budapest Ritmo went online we strived to offer something more to the audience. We grew tired of stream concerts, we wanted to create something that will stay relevant after the pandemic. That\u2019s why we connected Hungarian bands and directors who cooperated on breathtaking, artistic music films.&nbsp;<\/p>\n\n\n\n<p>As the music films were a huge success with the audience, we decided to continue down this road. In 2022 Budapest Ritmo published an open call for creative film concepts. Over 30 world and folk music bands applied together with film crews. The best two treatments were selected by a jury board: internationally renowned folk-ambient star Deva and the fresh folk formation, Uljana Quartet won.<\/p>\n\n\n\n<p>The 2021 music films (Mord\u00e1i, Dresch String Quartet, Odd ID, K\u00e1roly Cserepes) and the new 2022 films (Deva, Uljana Quartet) will premiere for the first time at Budapest Ritmo. Music documentaries and a music film themed conference session will also be part of the festival.<\/p>\n\n\n\n\n\n\t\t\t<div class=\"col-12\">\n\t\t\t\t<h2>Budapest Ritmo 2022 Open Call for Music Films<\/h2>\n<p>In 2022 Budapest Ritmo and Bart\u00f3k Spring published an open call for music films for Hungarian folk- and world musicians. The jury was looking for artistic concepts that look beyond the world of music videos and soundtracks, and instead create a universe where music and cinema are equal. Deva with director Marcell Bajor and Uljana Quartet with director Anna Kormos were selected. Their music films will premiere at Budapest Ritmo on Apr 10, 2022.<\/p>\n\t\t\t<\/div>\n            <div class=\"col-12\">\n\t\t\t\t<div class=\"row\">\n\t\t\t\t\t\t\t\t\t        <div class=\"col-md-6 artist-small\">\n\t<a href=\"https:\/\/2022.budapestritmo.hu\/en\/movie\/uljana-quartet-x-korom-anna\/\" title=\"Uljana Quartet x Anna Korom x Fl\u00f3ra Fecske\">\n\t\t<div class=\"thumbnail\">\n\t\t\t\t\t\t\t<img width=\"640\" height=\"240\" src=\"https:\/\/2022.budapestritmo.hu\/wp-content\/uploads\/2022\/03\/Uljana_C_Bezzeg-Gyula-640x240.jpg\" class=\"attachment-performer_small size-performer_small wp-post-image\" alt=\"\" decoding=\"async\" loading=\"lazy\" srcset=\"https:\/\/2022.budapestritmo.hu\/wp-content\/uploads\/2022\/03\/Uljana_C_Bezzeg-Gyula-640x240.jpg 640w, https:\/\/2022.budapestritmo.hu\/wp-content\/uploads\/2022\/03\/Uljana_C_Bezzeg-Gyula-1600x600.jpg 1600w\" sizes=\"(max-width: 640px) 100vw, 640px\" \/>\t\t\t\t\t\t<div class=\"hover\"><\/div>\n\t\t<\/div>\n\t<\/a>\n\t<a href=\"https:\/\/2022.budapestritmo.hu\/en\/movie\/uljana-quartet-x-korom-anna\/\" title=\"Uljana Quartet x Anna Korom x Fl\u00f3ra Fecske\">\n\t\t<div class=\"name\">\n\t\t\tUljana Quartet x Anna Korom x Fl\u00f3ra Fecske<br>\n\t\t\t\n\t\t<\/div>\n\t<\/a>\n<\/div>\t\t\t\t\t\t\t\n\t\t\t\t\t        \t\t\t\t\t        <div class=\"col-md-6 artist-small\">\n\t<a href=\"https:\/\/2022.budapestritmo.hu\/en\/movie\/deva-x-szoke-barna-szemerey-bence\/\" title=\"\u0414eva x Marcell Bajor x Szemerey Bence\">\n\t\t<div class=\"thumbnail\">\n\t\t\t\t\t\t\t<img width=\"640\" height=\"240\" src=\"https:\/\/2022.budapestritmo.hu\/wp-content\/uploads\/2022\/03\/deva-640x240.jpg\" class=\"attachment-performer_small size-performer_small wp-post-image\" alt=\"\" decoding=\"async\" loading=\"lazy\" srcset=\"https:\/\/2022.budapestritmo.hu\/wp-content\/uploads\/2022\/03\/deva-640x240.jpg 640w, https:\/\/2022.budapestritmo.hu\/wp-content\/uploads\/2022\/03\/deva.jpg 1600w, https:\/\/2022.budapestritmo.hu\/wp-content\/uploads\/2022\/03\/deva-300x113.jpg 300w, https:\/\/2022.budapestritmo.hu\/wp-content\/uploads\/2022\/03\/deva-1024x384.jpg 1024w, https:\/\/2022.budapestritmo.hu\/wp-content\/uploads\/2022\/03\/deva-768x288.jpg 768w, https:\/\/2022.budapestritmo.hu\/wp-content\/uploads\/2022\/03\/deva-1536x576.jpg 1536w\" sizes=\"(max-width: 640px) 100vw, 640px\" \/>\t\t\t\t\t\t<div class=\"hover\"><\/div>\n\t\t<\/div>\n\t<\/a>\n\t<a href=\"https:\/\/2022.budapestritmo.hu\/en\/movie\/deva-x-szoke-barna-szemerey-bence\/\" title=\"\u0414eva x Marcell Bajor x Szemerey Bence\">\n\t\t<div class=\"name\">\n\t\t\t\u0414eva x Marcell Bajor x Szemerey Bence<br>\n\t\t\t\n\t\t<\/div>\n\t<\/a>\n<\/div>\t\t\t\t\t\t\t\n\t\t\t\t\t        \t\t<\/div>\n\t\t<div class=\"col-12\">\n\t\t\t\t\t\t\t<\/div>\n\t\t\t<\/div>\n\n\n\n\n\n\t\t\t<div class=\"col-12\">\n\t\t\t\t<h2>Budapest Ritmo 2021 Music Films<\/h2>\n<p>For a moment during the early months of the pandemic we were all thrilled to pick from lockdown concerts. Our enthusiasm broke quickly. At-home concerts were often recorded on crowdless stages, making us feel even more isolated. For the online edition of Budapest Ritmo \u201821 we produced music films instead \u2013 complex musical and cinematic artworks by Hungarian musicians and directors that would stay relevant long after the lockdown has ended.<\/p>\n\t\t\t<\/div>\n            <div class=\"col-12\">\n\t\t\t\t<div class=\"row\">\n\t\t\t\t\t\t\t\t\t        <div class=\"col-md-6 artist-small\">\n\t<a href=\"https:\/\/2022.budapestritmo.hu\/en\/movie\/cserepes-karoly-x-karcis-gabor-kalman-matyas\/\" title=\"K\u00e1roly Cserepes x G\u00e1bor Karcis x M\u00e1ty\u00e1s K\u00e1lm\u00e1n\">\n\t\t<div class=\"thumbnail\">\n\t\t\t\t\t\t\t<img width=\"640\" height=\"240\" src=\"https:\/\/2022.budapestritmo.hu\/wp-content\/uploads\/2022\/03\/cserepes-640x240.jpg\" class=\"attachment-performer_small size-performer_small wp-post-image\" alt=\"\" decoding=\"async\" loading=\"lazy\" srcset=\"https:\/\/2022.budapestritmo.hu\/wp-content\/uploads\/2022\/03\/cserepes-640x240.jpg 640w, https:\/\/2022.budapestritmo.hu\/wp-content\/uploads\/2022\/03\/cserepes.jpg 1600w, https:\/\/2022.budapestritmo.hu\/wp-content\/uploads\/2022\/03\/cserepes-300x113.jpg 300w, https:\/\/2022.budapestritmo.hu\/wp-content\/uploads\/2022\/03\/cserepes-1024x384.jpg 1024w, https:\/\/2022.budapestritmo.hu\/wp-content\/uploads\/2022\/03\/cserepes-768x288.jpg 768w, https:\/\/2022.budapestritmo.hu\/wp-content\/uploads\/2022\/03\/cserepes-1536x576.jpg 1536w\" sizes=\"(max-width: 640px) 100vw, 640px\" \/>\t\t\t\t\t\t<div class=\"hover\"><\/div>\n\t\t<\/div>\n\t<\/a>\n\t<a href=\"https:\/\/2022.budapestritmo.hu\/en\/movie\/cserepes-karoly-x-karcis-gabor-kalman-matyas\/\" title=\"K\u00e1roly Cserepes x G\u00e1bor Karcis x M\u00e1ty\u00e1s K\u00e1lm\u00e1n\">\n\t\t<div class=\"name\">\n\t\t\tK\u00e1roly Cserepes x G\u00e1bor Karcis x M\u00e1ty\u00e1s K\u00e1lm\u00e1n<br>\n\t\t\t\n\t\t<\/div>\n\t<\/a>\n<\/div>\t\t\t\t\t\t\t\n\t\t\t\t\t        \t\t\t\t\t        <div class=\"col-md-6 artist-small\">\n\t<a href=\"https:\/\/2022.budapestritmo.hu\/en\/movie\/odd-id-x-szilagyi-fanni\/\" title=\"Odd ID x Fanni Szil\u00e1gyi\">\n\t\t<div class=\"thumbnail\">\n\t\t\t\t\t\t\t<img width=\"640\" height=\"240\" src=\"https:\/\/2022.budapestritmo.hu\/wp-content\/uploads\/2022\/03\/oddid-640x240.jpg\" class=\"attachment-performer_small size-performer_small wp-post-image\" alt=\"\" decoding=\"async\" loading=\"lazy\" srcset=\"https:\/\/2022.budapestritmo.hu\/wp-content\/uploads\/2022\/03\/oddid-640x240.jpg 640w, https:\/\/2022.budapestritmo.hu\/wp-content\/uploads\/2022\/03\/oddid.jpg 1600w, https:\/\/2022.budapestritmo.hu\/wp-content\/uploads\/2022\/03\/oddid-300x113.jpg 300w, https:\/\/2022.budapestritmo.hu\/wp-content\/uploads\/2022\/03\/oddid-1024x384.jpg 1024w, https:\/\/2022.budapestritmo.hu\/wp-content\/uploads\/2022\/03\/oddid-768x288.jpg 768w, https:\/\/2022.budapestritmo.hu\/wp-content\/uploads\/2022\/03\/oddid-1536x576.jpg 1536w\" sizes=\"(max-width: 640px) 100vw, 640px\" \/>\t\t\t\t\t\t<div class=\"hover\"><\/div>\n\t\t<\/div>\n\t<\/a>\n\t<a href=\"https:\/\/2022.budapestritmo.hu\/en\/movie\/odd-id-x-szilagyi-fanni\/\" title=\"Odd ID x Fanni Szil\u00e1gyi\">\n\t\t<div class=\"name\">\n\t\t\tOdd ID x Fanni Szil\u00e1gyi<br>\n\t\t\t\n\t\t<\/div>\n\t<\/a>\n<\/div>\t\t\t\t\t\t\t\n\t\t\t\t\t        \t\t\t\t\t        <div class=\"col-md-6 artist-small\">\n\t<a href=\"https:\/\/2022.budapestritmo.hu\/en\/movie\/dresch-vonos-quartet-x-damokos-attila\/\" title=\"Dresch String Quartet x Attila Damokos\">\n\t\t<div class=\"thumbnail\">\n\t\t\t\t\t\t\t<img width=\"640\" height=\"240\" src=\"https:\/\/2022.budapestritmo.hu\/wp-content\/uploads\/2022\/03\/dresch-640x240.jpg\" class=\"attachment-performer_small size-performer_small wp-post-image\" alt=\"\" decoding=\"async\" loading=\"lazy\" srcset=\"https:\/\/2022.budapestritmo.hu\/wp-content\/uploads\/2022\/03\/dresch-640x240.jpg 640w, https:\/\/2022.budapestritmo.hu\/wp-content\/uploads\/2022\/03\/dresch.jpg 1600w, https:\/\/2022.budapestritmo.hu\/wp-content\/uploads\/2022\/03\/dresch-300x113.jpg 300w, https:\/\/2022.budapestritmo.hu\/wp-content\/uploads\/2022\/03\/dresch-1024x384.jpg 1024w, https:\/\/2022.budapestritmo.hu\/wp-content\/uploads\/2022\/03\/dresch-768x288.jpg 768w, https:\/\/2022.budapestritmo.hu\/wp-content\/uploads\/2022\/03\/dresch-1536x576.jpg 1536w\" sizes=\"(max-width: 640px) 100vw, 640px\" \/>\t\t\t\t\t\t<div class=\"hover\"><\/div>\n\t\t<\/div>\n\t<\/a>\n\t<a href=\"https:\/\/2022.budapestritmo.hu\/en\/movie\/dresch-vonos-quartet-x-damokos-attila\/\" title=\"Dresch String Quartet x Attila Damokos\">\n\t\t<div class=\"name\">\n\t\t\tDresch String Quartet x Attila Damokos<br>\n\t\t\t\n\t\t<\/div>\n\t<\/a>\n<\/div>\t\t\t\t\t\t\t\n\t\t\t\t\t        \t\t\t\t\t        <div class=\"col-md-6 artist-small\">\n\t<a href=\"https:\/\/2022.budapestritmo.hu\/en\/movie\/mordai-x-reisz-gabor-szimler-balint\/\" title=\"Mord\u00e1i x G\u00e1bor Reisz x B\u00e1lint Szimler\">\n\t\t<div class=\"thumbnail\">\n\t\t\t\t\t\t\t<img width=\"480\" height=\"190\" src=\"https:\/\/2022.budapestritmo.hu\/wp-content\/uploads\/2022\/03\/MORDAI_C_Palyi_Zsofia-1-480x190.jpg\" class=\"attachment-performer_small size-performer_small wp-post-image\" alt=\"\" decoding=\"async\" loading=\"lazy\" \/>\t\t\t\t\t\t<div class=\"hover\"><\/div>\n\t\t<\/div>\n\t<\/a>\n\t<a href=\"https:\/\/2022.budapestritmo.hu\/en\/movie\/mordai-x-reisz-gabor-szimler-balint\/\" title=\"Mord\u00e1i x G\u00e1bor Reisz x B\u00e1lint Szimler\">\n\t\t<div class=\"name\">\n\t\t\tMord\u00e1i x G\u00e1bor Reisz x B\u00e1lint Szimler<br>\n\t\t\t\n\t\t<\/div>\n\t<\/a>\n<\/div>\t\t\t\t\t\t\t\n\t\t\t\t\t        \t\t<\/div>\n\t\t<div class=\"col-12\">\n\t\t\t\t\t\t\t<\/div>\n\t\t\t<\/div>\n\n\n\n\n\n\t\t\t<div class=\"col-12\">\n\t\t\t\t<h2>Music documentaries<\/h2>\n<p>Music is by nature indescribable. Writing about music is nearly impossible, listening to a record is somewhat better, watching musicians on film is as close to reality as it gets. Music documentaries take on the hard task to guide the viewer to lesser known corners of the musical world, be it the sounds of Lisbon streets or the grassroots Hungarian folk revival.<\/p>\n\t\t\t<\/div>\n            <div class=\"col-12\">\n\t\t\t\t<div class=\"row\">\n\t\t\t\t\t\t\t\t\t        <div class=\"col-md-6 artist-small\">\n\t<a href=\"https:\/\/2022.budapestritmo.hu\/en\/movie\/agonia\/\" title=\"The Agony\">\n\t\t<div class=\"thumbnail\">\n\t\t\t\t\t\t\t<img width=\"640\" height=\"240\" src=\"https:\/\/2022.budapestritmo.hu\/wp-content\/uploads\/2022\/03\/agonia_agonia-the-agony-1-640x240.png\" class=\"attachment-performer_small size-performer_small wp-post-image\" alt=\"\" decoding=\"async\" loading=\"lazy\" \/>\t\t\t\t\t\t<div class=\"hover\"><\/div>\n\t\t<\/div>\n\t<\/a>\n\t<a href=\"https:\/\/2022.budapestritmo.hu\/en\/movie\/agonia\/\" title=\"The Agony\">\n\t\t<div class=\"name\">\n\t\t\tThe Agony<br>\n\t\t\t\n\t\t<\/div>\n\t<\/a>\n<\/div>\t\t\t\t\t\t\t\n\t\t\t\t\t        \t\t\t\t\t        <div class=\"col-md-6 artist-small\">\n\t<a href=\"https:\/\/2022.budapestritmo.hu\/en\/movie\/the-soil-a-mi-foldunk\/\" title=\"The Soil\">\n\t\t<div class=\"thumbnail\">\n\t\t\t\t\t\t\t<img width=\"640\" height=\"240\" src=\"https:\/\/2022.budapestritmo.hu\/wp-content\/uploads\/2022\/03\/soil-640x240.jpg\" class=\"attachment-performer_small size-performer_small wp-post-image\" alt=\"\" decoding=\"async\" loading=\"lazy\" srcset=\"https:\/\/2022.budapestritmo.hu\/wp-content\/uploads\/2022\/03\/soil-640x240.jpg 640w, https:\/\/2022.budapestritmo.hu\/wp-content\/uploads\/2022\/03\/soil.jpg 1600w, https:\/\/2022.budapestritmo.hu\/wp-content\/uploads\/2022\/03\/soil-300x113.jpg 300w, https:\/\/2022.budapestritmo.hu\/wp-content\/uploads\/2022\/03\/soil-1024x384.jpg 1024w, https:\/\/2022.budapestritmo.hu\/wp-content\/uploads\/2022\/03\/soil-768x288.jpg 768w, https:\/\/2022.budapestritmo.hu\/wp-content\/uploads\/2022\/03\/soil-1536x576.jpg 1536w\" sizes=\"(max-width: 640px) 100vw, 640px\" \/>\t\t\t\t\t\t<div class=\"hover\"><\/div>\n\t\t<\/div>\n\t<\/a>\n\t<a href=\"https:\/\/2022.budapestritmo.hu\/en\/movie\/the-soil-a-mi-foldunk\/\" title=\"The Soil\">\n\t\t<div class=\"name\">\n\t\t\tThe Soil<br>\n\t\t\t\n\t\t<\/div>\n\t<\/a>\n<\/div>\t\t\t\t\t\t\t\n\t\t\t\t\t        \t\t\t\t\t        <div class=\"col-md-6 artist-small\">\n\t<a href=\"https:\/\/2022.budapestritmo.hu\/en\/movie\/repulj-madar-repulj\/\" title=\"Fly Bird, Fly\u2026\">\n\t\t<div class=\"thumbnail\">\n\t\t\t\t\t\t\t<img width=\"640\" height=\"240\" src=\"https:\/\/2022.budapestritmo.hu\/wp-content\/uploads\/2022\/03\/repulj-madar-640x240.jpg\" class=\"attachment-performer_small size-performer_small wp-post-image\" alt=\"\" decoding=\"async\" loading=\"lazy\" srcset=\"https:\/\/2022.budapestritmo.hu\/wp-content\/uploads\/2022\/03\/repulj-madar-640x240.jpg 640w, https:\/\/2022.budapestritmo.hu\/wp-content\/uploads\/2022\/03\/repulj-madar.jpg 1600w, https:\/\/2022.budapestritmo.hu\/wp-content\/uploads\/2022\/03\/repulj-madar-300x113.jpg 300w, https:\/\/2022.budapestritmo.hu\/wp-content\/uploads\/2022\/03\/repulj-madar-1024x384.jpg 1024w, https:\/\/2022.budapestritmo.hu\/wp-content\/uploads\/2022\/03\/repulj-madar-768x288.jpg 768w, https:\/\/2022.budapestritmo.hu\/wp-content\/uploads\/2022\/03\/repulj-madar-1536x576.jpg 1536w\" sizes=\"(max-width: 640px) 100vw, 640px\" \/>\t\t\t\t\t\t<div class=\"hover\"><\/div>\n\t\t<\/div>\n\t<\/a>\n\t<a href=\"https:\/\/2022.budapestritmo.hu\/en\/movie\/repulj-madar-repulj\/\" title=\"Fly Bird, Fly\u2026\">\n\t\t<div class=\"name\">\n\t\t\tFly Bird, Fly\u2026<br>\n\t\t\t\n\t\t<\/div>\n\t<\/a>\n<\/div>\t\t\t\t\t\t\t\n\t\t\t\t\t        \t\t\t\t\t        <div class=\"col-md-6 artist-small\">\n\t<a href=\"https:\/\/2022.budapestritmo.hu\/en\/movie\/silencio-lisszabon-hangjai\/\" title=\"Sil\u00eancio \u2013 Voices Of Lisbon\">\n\t\t<div class=\"thumbnail\">\n\t\t\t\t\t\t\t<img width=\"480\" height=\"190\" src=\"https:\/\/2022.budapestritmo.hu\/wp-content\/uploads\/2022\/03\/SILE\u0302NCIO-\u2013-LISSZABON-HANGJAI-__-__SILE\u0302NCIO-\u2013-VOICES-OF-LISBON-2-480x190.jpg\" class=\"attachment-performer_small size-performer_small wp-post-image\" alt=\"\" decoding=\"async\" loading=\"lazy\" \/>\t\t\t\t\t\t<div class=\"hover\"><\/div>\n\t\t<\/div>\n\t<\/a>\n\t<a href=\"https:\/\/2022.budapestritmo.hu\/en\/movie\/silencio-lisszabon-hangjai\/\" title=\"Sil\u00eancio \u2013 Voices Of Lisbon\">\n\t\t<div class=\"name\">\n\t\t\tSil\u00eancio \u2013 Voices Of Lisbon<br>\n\t\t\t\n\t\t<\/div>\n\t<\/a>\n<\/div>\t\t\t\t\t\t\t\n\t\t\t\t\t        \t\t<\/div>\n\t\t<div class=\"col-12\">\n\t\t\t\t\t\t\t<\/div>\n\t\t\t<\/div>\n<\/div><\/section>\n\n\n<a name=\"timetable\"><\/a>\n<section class=\"timetable text-white\">\n\t\n\t<div class=\"container-fluid\">\n\t\t<div class=\"row\">\n\t\t\t<div class=\"col-12\">\n\t\t\t\t<h2>Movies<\/h2> \n\t\t\t<\/div>\n\t\t<\/div>\n\t<\/div>\n\n\n\t\n\t<div class=\"container-fluid dates\">\n\t\t<div class=\"row\">\n\t\t\t\t\t\t\t<div class=\"col-6 col-sm\" id=\"tab-day1\">\n\t\t\t\t\t<a class=\"day-select current-day\" href=\"#day1\">\n\t\t\t\t\t\tThursday 04.07.\t\t\t\t\t<\/a>\n\t\t\t\t\t\n\t\t\t\t<\/div>\n\t\t\t\t\t\t\t<div class=\"col-6 col-sm\" id=\"tab-day2\">\n\t\t\t\t\t<a class=\"day-select \" href=\"#day2\">\n\t\t\t\t\t\tFriday 04.08.\t\t\t\t\t<\/a>\n\t\t\t\t\t\n\t\t\t\t<\/div>\n\t\t\t\t\t\t\t<div class=\"col-6 col-sm\" id=\"tab-day3\">\n\t\t\t\t\t<a class=\"day-select \" href=\"#day3\">\n\t\t\t\t\t\tSaturday 04.09.\t\t\t\t\t<\/a>\n\t\t\t\t\t\n\t\t\t\t<\/div>\n\t\t\t\t\t\t\t<div class=\"col-6 col-sm\" id=\"tab-day4\">\n\t\t\t\t\t<a class=\"day-select \" href=\"#day4\">\n\t\t\t\t\t\tSunday 04.10.\t\t\t\t\t<\/a>\n\t\t\t\t\t\n\t\t\t\t<\/div>\n\t\t\t\t\t\t\t\t\n\t\t<\/div>\n\t<\/div>\n\t \n\n\n\t\n\t\t\t\n\t\t<div class=\"container-fluid day  current-day\" id=\"day1\">\n\t\t\n\t\t\t<div class=\"row\">\n\n\n\t\t\t\t<div class=\"col-1 timetable-timeslots d-none d-md-flex\">\n\t\t\t\t\t<ul><li class=\"full-hour\">18:00<\/li><li>18:15<\/li><li>18:30<\/li><li>18:45<\/li><li class=\"full-hour\">19:00<\/li><li>19:15<\/li><li>19:30<\/li><li>19:45<\/li><li class=\"full-hour\">20:00<\/li><li>20:15<\/li><li>20:30<\/li><li>20:45<\/li><\/ul>\n\t\t\t\t<\/div>\n\n\n\t\t\t\t\n\t\t\t\t\n\t\t\t\t\n\n\t\t\t\t\t\t\t<div class=\"col-12 col-sm timetable-column\">\n\t\t\t\t\t\t\t\t<div class=\"timetable-venue\">\n\t\t\t\t\t\t\t\t\tAkv\u00e1rium Klub, NagyHall\t\t\t\t\t\t\t\t<\/div>\n\n\n\t\t\t\t\t\t\t\t\t\t\t\t\t\t\t\t\t\t    \n\n\t\t\t\t\t\t\t\t\t\t\t\t\t\t\t\t\t\t\t\t\t\t\t\n\t\n\n\n\t\t\t\t\t\t\t\t\t\t<a href=\"https:\/\/2022.budapestritmo.hu\/en\/movie\/ritmo-film-21\/\">\t\t\t\t\t\t\t\t\t\t\t<div class=\"timetable-event\" style=\"top:0px; min-height:238px;\">\n\n\t\t\t\t\t\t\t\t\t\t\t\t<div class=\"timetable-event-time\">\n\t\t\t\t\t\t\t\t\t\t\t\t\t18:00-21:00\t\t\t\t\t\t\t\t\t\t\t\t\t\n\t\t\t\t\t\t\t\t\t\t\t\t<\/div>\n\t\t\t\t\t\t\t\t\t\t\t\t<div class=\"timetable-event-performer\">\n\t\t\t\t\t\t\t\t\t\t\t\t\tPremiere: 2021 Ritmo Music Films\t\t\t\t\t\t\t\t\t\t\t\t<\/div>\n\t\t\t\t\t\t\t\t\t\t\t\t<span class=\"timetable-event-country\"><ul>\n<li>K\u00e1roly Cserepes x G\u00e1bor Karcis x M\u00e1ty\u00e1s K\u00e1lm\u00e1n<\/li>\n<li>Dresch String Quartet x Attila Damokos<\/li>\n<li>Mord\u00e1i x G\u00e1bor Reisz x B\u00e1lint Szimler<\/li>\n<li>Odd ID x Fanni Szil\u00e1gyi<\/li>\n<\/ul>\n <\/span>\n\t\t\t\t\t\t\t\t\t\t\t\t\n\t\t\t\t\t\t\t\t\t\t\t<\/div>\n\t\t\t\t\t\t\t\t\t\t<\/a>\n\t\t\t\t\t\t\t\t\t\t\t\t\t\t\n\t\t\t\t\t\t\t\t\t\n\t\t\t\t\t\t\t<\/div>\n\n\t\t\t\t\t\t\t\n\n\t\t\t\t\n\n\t\t\t\t\n\t\t\t\n\t\t\t<\/div> <!-- \/row -->\n\t\t<\/div>  <!-- \/container.day -->\n\n\t\t\t\n\t\t<div class=\"container-fluid day  \" id=\"day2\">\n\t\t\n\t\t\t<div class=\"row\">\n\n\n\t\t\t\t<div class=\"col-1 timetable-timeslots d-none d-md-flex\">\n\t\t\t\t\t<ul><li class=\"full-hour\">15:00<\/li><li>15:15<\/li><li>15:30<\/li><li>15:45<\/li><li class=\"full-hour\">16:00<\/li><li>16:15<\/li><li>16:30<\/li><li>16:45<\/li><li class=\"full-hour\">17:00<\/li><li>17:15<\/li><li>17:30<\/li><li>17:45<\/li><li class=\"full-hour\">18:00<\/li><li>18:15<\/li><li>18:30<\/li><li>18:45<\/li><\/ul>\n\t\t\t\t<\/div>\n\n\n\t\t\t\t\n\t\t\t\t\n\t\t\t\t\n\n\t\t\t\t\t\t\t<div class=\"col-12 col-sm timetable-column\">\n\t\t\t\t\t\t\t\t<div class=\"timetable-venue\">\n\t\t\t\t\t\t\t\t\tToldi, Kisterem\t\t\t\t\t\t\t\t<\/div>\n\n\n\t\t\t\t\t\t\t\t\t\t\t\t\t\t\t\t\t\t    \n\n\t\t\t\t\t\t\t\t\t\t\t\t\t\t\t\t\t\t\t\t\t\t\t\n\t\n\n\n\t\t\t\t\t\t\t\t\t\t<a href=\"https:\/\/2022.budapestritmo.hu\/en\/movie\/ritmo-film-21\/\">\t\t\t\t\t\t\t\t\t\t\t<div class=\"timetable-event\" style=\"top:80px; min-height:198px;\">\n\n\t\t\t\t\t\t\t\t\t\t\t\t<div class=\"timetable-event-time\">\n\t\t\t\t\t\t\t\t\t\t\t\t\t16:00-18:30\t\t\t\t\t\t\t\t\t\t\t\t\t\n\t\t\t\t\t\t\t\t\t\t\t\t<\/div>\n\t\t\t\t\t\t\t\t\t\t\t\t<div class=\"timetable-event-performer\">\n\t\t\t\t\t\t\t\t\t\t\t\t\t2021 Ritmo Music Films\t\t\t\t\t\t\t\t\t\t\t\t<\/div>\n\t\t\t\t\t\t\t\t\t\t\t\t<span class=\"timetable-event-country\"><ul>\n<li>K\u00e1roly Cserepes x G\u00e1bor Karcis x M\u00e1ty\u00e1s K\u00e1lm\u00e1n<\/li>\n<li>Dresch String Quartet x Attila Damokos<\/li>\n<li>Mord\u00e1i x G\u00e1bor Reisz x B\u00e1lint Szimler<\/li>\n<li>Odd ID x Fanni Szil\u00e1gyi<\/li>\n<\/ul>\n <\/span>\n\t\t\t\t\t\t\t\t\t\t\t\t\n\t\t\t\t\t\t\t\t\t\t\t<\/div>\n\t\t\t\t\t\t\t\t\t\t<\/a>\n\t\t\t\t\t\t\t\t\t\t\t\t\t\t\n\t\t\t\t\t\t\t\t\t\n\t\t\t\t\t\t\t<\/div>\n\n\t\t\t\t\n\n\t\t\t\t\t\t\t<div class=\"col-12 col-sm timetable-column\">\n\t\t\t\t\t\t\t\t<div class=\"timetable-venue\">\n\t\t\t\t\t\t\t\t\tToldi, Nagyterem\t\t\t\t\t\t\t\t<\/div>\n\n\n\t\t\t\t\t\t\t\t\t\t\t\t\t\t\t\t\t\t    \n\n\t\t\t\t\t\t\t\t\t\t\t\t\t\t\t\t\t\t\t\t\t\t\t\n\t\n\n\n\t\t\t\t\t\t\t\t\t\t<a href=\"https:\/\/2022.budapestritmo.hu\/en\/movie\/repulj-madar-repulj\/\">\t\t\t\t\t\t\t\t\t\t\t<div class=\"timetable-event\" style=\"top:40px; min-height:78px;\">\n\n\t\t\t\t\t\t\t\t\t\t\t\t<div class=\"timetable-event-time\">\n\t\t\t\t\t\t\t\t\t\t\t\t\t15:30-16:30\t\t\t\t\t\t\t\t\t\t\t\t\t\n\t\t\t\t\t\t\t\t\t\t\t\t<\/div>\n\t\t\t\t\t\t\t\t\t\t\t\t<div class=\"timetable-event-performer\">\n\t\t\t\t\t\t\t\t\t\t\t\t\tFly Bird, Fly&#8230; <sup>(HU\/UK)<\/sup>\t\t\t\t\t\t\t\t\t\t\t\t<\/div>\n\t\t\t\t\t\t\t\t\t\t\t\t<span class=\"timetable-event-country\"> <\/span>\n\t\t\t\t\t\t\t\t\t\t\t\t\n\t\t\t\t\t\t\t\t\t\t\t<\/div>\n\t\t\t\t\t\t\t\t\t\t<\/a>\n\t\t\t\t\t\t\t\t\t\t\t\t\t\t\n\t\t\t\t\t\t\t\t\t\t\t\t\t\t\t\t\t\t\t    \n\n\t\t\t\t\t\t\t\t\t\t\t\t\t\t\t\t\t\t\t\t\t\t\t\n\t\n\n\n\t\t\t\t\t\t\t\t\t\t<a href=\"https:\/\/2022.budapestritmo.hu\/en\/movie\/silencio-lisszabon-hangjai\/\">\t\t\t\t\t\t\t\t\t\t\t<div class=\"timetable-event\" style=\"top:160px; min-height:158px;\">\n\n\t\t\t\t\t\t\t\t\t\t\t\t<div class=\"timetable-event-time\">\n\t\t\t\t\t\t\t\t\t\t\t\t\t17:00-19:00\t\t\t\t\t\t\t\t\t\t\t\t\t\n\t\t\t\t\t\t\t\t\t\t\t\t<\/div>\n\t\t\t\t\t\t\t\t\t\t\t\t<div class=\"timetable-event-performer\">\n\t\t\t\t\t\t\t\t\t\t\t\t\tSil\u00eancio \u2013 Voices of Lisbon <sup>(PT)<\/sup>\t\t\t\t\t\t\t\t\t\t\t\t<\/div>\n\t\t\t\t\t\t\t\t\t\t\t\t<span class=\"timetable-event-country\"><p>After:<br \/>\n<b>Interview with the director<br \/>\n<\/b>18:30-19:00<\/p>\n <\/span>\n\t\t\t\t\t\t\t\t\t\t\t\t\n\t\t\t\t\t\t\t\t\t\t\t<\/div>\n\t\t\t\t\t\t\t\t\t\t<\/a>\n\t\t\t\t\t\t\t\t\t\t\t\t\t\t\n\t\t\t\t\t\t\t\t\t\n\t\t\t\t\t\t\t<\/div>\n\n\t\t\t\t\t\t\t\n\n\t\t\t\t\n\n\t\t\t\t\n\t\t\t\n\t\t\t<\/div> <!-- \/row -->\n\t\t<\/div>  <!-- \/container.day -->\n\n\t\t\t\n\t\t<div class=\"container-fluid day  \" id=\"day3\">\n\t\t\n\t\t\t<div class=\"row\">\n\n\n\t\t\t\t<div class=\"col-1 timetable-timeslots d-none d-md-flex\">\n\t\t\t\t\t<ul><li>15:30<\/li><li>15:45<\/li><li class=\"full-hour\">16:00<\/li><li>16:15<\/li><li>16:30<\/li><li>16:45<\/li><li class=\"full-hour\">17:00<\/li><li>17:15<\/li><li>17:30<\/li><li>17:45<\/li><li class=\"full-hour\">18:00<\/li><li>18:15<\/li><li>18:30<\/li><li>18:45<\/li><\/ul>\n\t\t\t\t<\/div>\n\n\n\t\t\t\t\n\t\t\t\t\n\t\t\t\t\n\n\t\t\t\t\t\t\t<div class=\"col-12 col-sm timetable-column\">\n\t\t\t\t\t\t\t\t<div class=\"timetable-venue\">\n\t\t\t\t\t\t\t\t\tToldi, Kisterem\t\t\t\t\t\t\t\t<\/div>\n\n\n\t\t\t\t\t\t\t\t\t\t\t\t\t\t\t\t\t\t    \n\n\t\t\t\t\t\t\t\t\t\t\t\t\t\t\t\t\t\t\t\t\t\t\t\n\t\n\n\n\t\t\t\t\t\t\t\t\t\t<a href=\"https:\/\/2022.budapestritmo.hu\/en\/movie\/ritmo-film-21\/\">\t\t\t\t\t\t\t\t\t\t\t<div class=\"timetable-event\" style=\"top:40px; min-height:198px;\">\n\n\t\t\t\t\t\t\t\t\t\t\t\t<div class=\"timetable-event-time\">\n\t\t\t\t\t\t\t\t\t\t\t\t\t16:00-18:30\t\t\t\t\t\t\t\t\t\t\t\t\t\n\t\t\t\t\t\t\t\t\t\t\t\t<\/div>\n\t\t\t\t\t\t\t\t\t\t\t\t<div class=\"timetable-event-performer\">\n\t\t\t\t\t\t\t\t\t\t\t\t\t2021 Ritmo Music Films\t\t\t\t\t\t\t\t\t\t\t\t<\/div>\n\t\t\t\t\t\t\t\t\t\t\t\t<span class=\"timetable-event-country\"><ul>\n<li>Cserepes K\u00e1roly x Karcis G\u00e1bor x K\u00e1lm\u00e1n M\u00e1ty\u00e1s<\/li>\n<li>Dresch Von\u00f3s Quartet x Damokos Attila<\/li>\n<li>Mord\u00e1i x Reisz G\u00e1bor x Szimler B\u00e1lint<\/li>\n<li>Odd ID x Szil\u00e1gyi Fanni<\/li>\n<\/ul>\n <\/span>\n\t\t\t\t\t\t\t\t\t\t\t\t\n\t\t\t\t\t\t\t\t\t\t\t<\/div>\n\t\t\t\t\t\t\t\t\t\t<\/a>\n\t\t\t\t\t\t\t\t\t\t\t\t\t\t\n\t\t\t\t\t\t\t\t\t\n\t\t\t\t\t\t\t<\/div>\n\n\t\t\t\t\n\n\t\t\t\t\t\t\t<div class=\"col-12 col-sm timetable-column\">\n\t\t\t\t\t\t\t\t<div class=\"timetable-venue\">\n\t\t\t\t\t\t\t\t\tToldi, Nagyterem\t\t\t\t\t\t\t\t<\/div>\n\n\n\t\t\t\t\t\t\t\t\t\t\t\t\t\t\t\t\t\t    \n\n\t\t\t\t\t\t\t\t\t\t\t\t\t\t\t\t\t\t\t\t\t\t\t\n\t\n\n\n\t\t\t\t\t\t\t\t\t\t<a href=\"https:\/\/2022.budapestritmo.hu\/en\/movie\/the-soil-a-mi-foldunk\/\">\t\t\t\t\t\t\t\t\t\t\t<div class=\"timetable-event\" style=\"top:0px; min-height:118px;\">\n\n\t\t\t\t\t\t\t\t\t\t\t\t<div class=\"timetable-event-time\">\n\t\t\t\t\t\t\t\t\t\t\t\t\t15:30-17:00\t\t\t\t\t\t\t\t\t\t\t\t\t\n\t\t\t\t\t\t\t\t\t\t\t\t<\/div>\n\t\t\t\t\t\t\t\t\t\t\t\t<div class=\"timetable-event-performer\">\n\t\t\t\t\t\t\t\t\t\t\t\t\tThe Soil <sup>(PL)<\/sup>\t\t\t\t\t\t\t\t\t\t\t\t<\/div>\n\t\t\t\t\t\t\t\t\t\t\t\t<span class=\"timetable-event-country\"><p>Q&amp;A with the director of the film:<br \/>\n09 April Saturday 4:30 PM | Toldi, Nagyterem<\/p>\n <\/span>\n\t\t\t\t\t\t\t\t\t\t\t\t\n\t\t\t\t\t\t\t\t\t\t\t<\/div>\n\t\t\t\t\t\t\t\t\t\t<\/a>\n\t\t\t\t\t\t\t\t\t\t\t\t\t\t\n\t\t\t\t\t\t\t\t\t\t\t\t\t\t\t\t\t\t\t    \n\n\t\t\t\t\t\t\t\t\t\t\t\t\t\t\t\t\t\t\t\t\t\t\t\n\t\n\n\n\t\t\t\t\t\t\t\t\t\t<a href=\"https:\/\/2022.budapestritmo.hu\/en\/movie\/silencio-lisszabon-hangjai\/\">\t\t\t\t\t\t\t\t\t\t\t<div class=\"timetable-event\" style=\"top:160px; min-height:118px;\">\n\n\t\t\t\t\t\t\t\t\t\t\t\t<div class=\"timetable-event-time\">\n\t\t\t\t\t\t\t\t\t\t\t\t\t17:30-19:00\t\t\t\t\t\t\t\t\t\t\t\t\t\n\t\t\t\t\t\t\t\t\t\t\t\t<\/div>\n\t\t\t\t\t\t\t\t\t\t\t\t<div class=\"timetable-event-performer\">\n\t\t\t\t\t\t\t\t\t\t\t\t\tSil\u00eancio \u2013 Voices of Lisbon <sup>(PT)<\/sup>\t\t\t\t\t\t\t\t\t\t\t\t<\/div>\n\t\t\t\t\t\t\t\t\t\t\t\t<span class=\"timetable-event-country\"> <\/span>\n\t\t\t\t\t\t\t\t\t\t\t\t\n\t\t\t\t\t\t\t\t\t\t\t<\/div>\n\t\t\t\t\t\t\t\t\t\t<\/a>\n\t\t\t\t\t\t\t\t\t\t\t\t\t\t\n\t\t\t\t\t\t\t\t\t\n\t\t\t\t\t\t\t<\/div>\n\n\t\t\t\t\t\t\t\n\n\t\t\t\t\n\n\t\t\t\t\n\t\t\t\n\t\t\t<\/div> <!-- \/row -->\n\t\t<\/div>  <!-- \/container.day -->\n\n\t\t\t\n\t\t<div class=\"container-fluid day  \" id=\"day4\">\n\t\t\n\t\t\t<div class=\"row\">\n\n\n\t\t\t\t<div class=\"col-1 timetable-timeslots d-none d-md-flex\">\n\t\t\t\t\t<ul><li class=\"full-hour\">15:00<\/li><li>15:15<\/li><li>15:30<\/li><li>15:45<\/li><li class=\"full-hour\">16:00<\/li><li>16:15<\/li><li>16:30<\/li><li>16:45<\/li><li class=\"full-hour\">17:00<\/li><li>17:15<\/li><li>17:30<\/li><li>17:45<\/li><li class=\"full-hour\">18:00<\/li><li>18:15<\/li><li>18:30<\/li><li>18:45<\/li><li class=\"full-hour\">19:00<\/li><li>19:15<\/li><li>19:30<\/li><li>19:45<\/li><li class=\"full-hour\">20:00<\/li><li>20:15<\/li><li>20:30<\/li><li>20:45<\/li><li class=\"full-hour\">21:00<\/li><li>21:15<\/li><li>21:30<\/li><li>21:45<\/li><\/ul>\n\t\t\t\t<\/div>\n\n\n\t\t\t\t\n\t\t\t\t\n\t\t\t\t\n\n\t\t\t\t\t\t\t<div class=\"col-12 col-sm timetable-column\">\n\t\t\t\t\t\t\t\t<div class=\"timetable-venue\">\n\t\t\t\t\t\t\t\t\tToldi, Kisterem\t\t\t\t\t\t\t\t<\/div>\n\n\n\t\t\t\t\t\t\t\t\t\t\t\t\t\t\t\t\t\t    \n\n\t\t\t\t\t\t\t\t\t\t\t\t\t\t\t\t\t\t\t\t\t\t\t\n\t\n\n\n\t\t\t\t\t\t\t\t\t\t<a href=\"https:\/\/2022.budapestritmo.hu\/en\/movie\/ritmo-film-21\/\">\t\t\t\t\t\t\t\t\t\t\t<div class=\"timetable-event\" style=\"top:160px; min-height:198px;\">\n\n\t\t\t\t\t\t\t\t\t\t\t\t<div class=\"timetable-event-time\">\n\t\t\t\t\t\t\t\t\t\t\t\t\t17:00-19:30\t\t\t\t\t\t\t\t\t\t\t\t\t\n\t\t\t\t\t\t\t\t\t\t\t\t<\/div>\n\t\t\t\t\t\t\t\t\t\t\t\t<div class=\"timetable-event-performer\">\n\t\t\t\t\t\t\t\t\t\t\t\t\t2021 Ritmo Music Films\t\t\t\t\t\t\t\t\t\t\t\t<\/div>\n\t\t\t\t\t\t\t\t\t\t\t\t<span class=\"timetable-event-country\"><ul>\n<li>K\u00e1roly Cserepes x G\u00e1bor Karcis x M\u00e1ty\u00e1s K\u00e1lm\u00e1n<\/li>\n<li>Dresch String Quartet x Attila Damokos<\/li>\n<li>Mord\u00e1i x G\u00e1bor Reisz x B\u00e1lint Szimler<\/li>\n<li>Odd ID x Fanni Szil\u00e1gyi<\/li>\n<\/ul>\n <\/span>\n\t\t\t\t\t\t\t\t\t\t\t\t\n\t\t\t\t\t\t\t\t\t\t\t<\/div>\n\t\t\t\t\t\t\t\t\t\t<\/a>\n\t\t\t\t\t\t\t\t\t\t\t\t\t\t\n\t\t\t\t\t\t\t\t\t\n\t\t\t\t\t\t\t<\/div>\n\n\t\t\t\t\n\n\t\t\t\t\t\t\t<div class=\"col-12 col-sm timetable-column\">\n\t\t\t\t\t\t\t\t<div class=\"timetable-venue\">\n\t\t\t\t\t\t\t\t\tToldi, Nagyterem\t\t\t\t\t\t\t\t<\/div>\n\n\n\t\t\t\t\t\t\t\t\t\t\t\t\t\t\t\t\t\t    \n\n\t\t\t\t\t\t\t\t\t\t\t\t\t\t\t\t\t\t\t\t\t\t\t\n\t\n\n\n\t\t\t\t\t\t\t\t\t\t<a href=\"https:\/\/2022.budapestritmo.hu\/en\/movie\/repulj-madar-repulj\/\">\t\t\t\t\t\t\t\t\t\t\t<div class=\"timetable-event\" style=\"top:40px; min-height:78px;\">\n\n\t\t\t\t\t\t\t\t\t\t\t\t<div class=\"timetable-event-time\">\n\t\t\t\t\t\t\t\t\t\t\t\t\t15:30-16:30\t\t\t\t\t\t\t\t\t\t\t\t\t\n\t\t\t\t\t\t\t\t\t\t\t\t<\/div>\n\t\t\t\t\t\t\t\t\t\t\t\t<div class=\"timetable-event-performer\">\n\t\t\t\t\t\t\t\t\t\t\t\t\tFly Bird, Fly&#8230;\t\t\t\t\t\t\t\t\t\t\t\t<\/div>\n\t\t\t\t\t\t\t\t\t\t\t\t<span class=\"timetable-event-country\"> <\/span>\n\t\t\t\t\t\t\t\t\t\t\t\t\n\t\t\t\t\t\t\t\t\t\t\t<\/div>\n\t\t\t\t\t\t\t\t\t\t<\/a>\n\t\t\t\t\t\t\t\t\t\t\t\t\t\t\n\t\t\t\t\t\t\t\t\t\t\t\t\t\t\t\t\t\t\t    \n\n\t\t\t\t\t\t\t\t\t\t\t\t\t\t\t\t\t\t\t\t\t\t\t\n\t\n\n\n\t\t\t\t\t\t\t\t\t\t<a href=\"https:\/\/2022.budapestritmo.hu\/en\/movie\/repulj-madar-repulj\/\">\t\t\t\t\t\t\t\t\t\t\t<div class=\"timetable-event\" style=\"top:40px; min-height:78px;\">\n\n\t\t\t\t\t\t\t\t\t\t\t\t<div class=\"timetable-event-time\">\n\t\t\t\t\t\t\t\t\t\t\t\t\t15:30-16:30\t\t\t\t\t\t\t\t\t\t\t\t\t\n\t\t\t\t\t\t\t\t\t\t\t\t<\/div>\n\t\t\t\t\t\t\t\t\t\t\t\t<div class=\"timetable-event-performer\">\n\t\t\t\t\t\t\t\t\t\t\t\t\tFly Bird, Fly&#8230; <sup>(HU\/UK)<\/sup>\t\t\t\t\t\t\t\t\t\t\t\t<\/div>\n\t\t\t\t\t\t\t\t\t\t\t\t<span class=\"timetable-event-country\"> <\/span>\n\t\t\t\t\t\t\t\t\t\t\t\t\n\t\t\t\t\t\t\t\t\t\t\t<\/div>\n\t\t\t\t\t\t\t\t\t\t<\/a>\n\t\t\t\t\t\t\t\t\t\t\t\t\t\t\n\t\t\t\t\t\t\t\t\t\t\t\t\t\t\t\t\t\t\t    \n\n\t\t\t\t\t\t\t\t\t\t\t\t\t\t\t\t\t\t\t\t\t\t\t\n\t\n\n\n\t\t\t\t\t\t\t\t\t\t<a href=\"https:\/\/2022.budapestritmo.hu\/en\/movie\/agonia\/\">\t\t\t\t\t\t\t\t\t\t\t<div class=\"timetable-event\" style=\"top:240px; min-height:78px;\">\n\n\t\t\t\t\t\t\t\t\t\t\t\t<div class=\"timetable-event-time\">\n\t\t\t\t\t\t\t\t\t\t\t\t\t18:00-19:00\t\t\t\t\t\t\t\t\t\t\t\t\t\n\t\t\t\t\t\t\t\t\t\t\t\t<\/div>\n\t\t\t\t\t\t\t\t\t\t\t\t<div class=\"timetable-event-performer\">\n\t\t\t\t\t\t\t\t\t\t\t\t\tThe Agony <sup>(PL)<\/sup>\t\t\t\t\t\t\t\t\t\t\t\t<\/div>\n\t\t\t\t\t\t\t\t\t\t\t\t<span class=\"timetable-event-country\"> <\/span>\n\t\t\t\t\t\t\t\t\t\t\t\t\n\t\t\t\t\t\t\t\t\t\t\t<\/div>\n\t\t\t\t\t\t\t\t\t\t<\/a>\n\t\t\t\t\t\t\t\t\t\t\t\t\t\t\n\t\t\t\t\t\t\t\t\t\t\t\t\t\t\t\t\t\t\t    \n\n\t\t\t\t\t\t\t\t\t\t\t\t\t\t\t\t\t\t\t\t\t\t\t\n\t\n\n\n\t\t\t\t\t\t\t\t\t\t<a href=\"https:\/\/2022.budapestritmo.hu\/en\/movie\/2022-es-ritmo-filmek-premierje\/\">\t\t\t\t\t\t\t\t\t\t\t<div class=\"timetable-event\" style=\"top:400px; min-height:118px;\">\n\n\t\t\t\t\t\t\t\t\t\t\t\t<div class=\"timetable-event-time\">\n\t\t\t\t\t\t\t\t\t\t\t\t\t20:00-21:30\t\t\t\t\t\t\t\t\t\t\t\t\t\n\t\t\t\t\t\t\t\t\t\t\t\t<\/div>\n\t\t\t\t\t\t\t\t\t\t\t\t<div class=\"timetable-event-performer\">\n\t\t\t\t\t\t\t\t\t\t\t\t\tPremiere: 2022 Ritmo Music Films\t\t\t\t\t\t\t\t\t\t\t\t<\/div>\n\t\t\t\t\t\t\t\t\t\t\t\t<span class=\"timetable-event-country\"><ul>\n<li>Uljana Quartet x Anna Korom x Fl\u00f3ra Fecske<\/li>\n<li>\u0414eva x Marcell Bajor x Bence Szemerey<\/li>\n<\/ul>\n <\/span>\n\t\t\t\t\t\t\t\t\t\t\t\t\n\t\t\t\t\t\t\t\t\t\t\t<\/div>\n\t\t\t\t\t\t\t\t\t\t<\/a>\n\t\t\t\t\t\t\t\t\t\t\t\t\t\t\n\t\t\t\t\t\t\t\t\t\n\t\t\t\t\t\t\t<\/div>\n\n\t\t\t\t\t\t\t\n\n\t\t\t\t\n\n\t\t\t\t\n\t\t\t\n\t\t\t<\/div> <!-- \/row -->\n\t\t<\/div>  <!-- \/container.day -->\n\n\t\t\n<\/section> <!-- \/timetable.section -->","protected":false},"excerpt":{"rendered":"<p>Movies For the first time ever, Budapest Ritmo will feature a line of music films, many of them produced and shot especially for the festival! Premieres of unique cooperations between Hungarian directors and bands, music documentaries and music and film related roundtable discussions await the festival\u2019s visitors. Last year as Budapest Ritmo went online we [&hellip;]<\/p>\n","protected":false},"author":1,"featured_media":0,"parent":0,"menu_order":0,"comment_status":"closed","ping_status":"closed","template":"page-templates\/page-fullwidth.php","meta":[],"acf":[],"_links":{"self":[{"href":"https:\/\/2022.budapestritmo.hu\/en\/wp-json\/wp\/v2\/pages\/898"}],"collection":[{"href":"https:\/\/2022.budapestritmo.hu\/en\/wp-json\/wp\/v2\/pages"}],"about":[{"href":"https:\/\/2022.budapestritmo.hu\/en\/wp-json\/wp\/v2\/types\/page"}],"author":[{"embeddable":true,"href":"https:\/\/2022.budapestritmo.hu\/en\/wp-json\/wp\/v2\/users\/1"}],"replies":[{"embeddable":true,"href":"https:\/\/2022.budapestritmo.hu\/en\/wp-json\/wp\/v2\/comments?post=898"}],"version-history":[{"count":0,"href":"https:\/\/2022.budapestritmo.hu\/en\/wp-json\/wp\/v2\/pages\/898\/revisions"}],"wp:attachment":[{"href":"https:\/\/2022.budapestritmo.hu\/en\/wp-json\/wp\/v2\/media?parent=898"}],"curies":[{"name":"wp","href":"https:\/\/api.w.org\/{rel}","templated":true}]}}