{"id":338,"date":"2022-03-01T12:06:07","date_gmt":"2022-03-01T11:06:07","guid":{"rendered":"https:\/\/budapestritmo.hu\/home-2022\/"},"modified":"2022-03-18T14:23:30","modified_gmt":"2022-03-18T13:23:30","slug":"home-2022","status":"publish","type":"page","link":"https:\/\/2022.budapestritmo.hu\/en\/","title":{"rendered":"2022"},"content":{"rendered":"\n<section id=\"pagehead-block_621e91a0e77f7\" class=\"pagehead text-white alignfull\">\n\t\t\t<div class=\"video-background\">\n\t\t\t<video autoplay muted playsinline loop id=\"home-video\">\n\t\t\t\t<source src=\"https:\/\/2022.budapestritmo.hu\/wp-content\/uploads\/2022\/03\/ritmo_home_video_2_1.mp4\" type=\"video\/mp4\">\n\t\t\t<\/video>\n\t\t<\/div>\n\t\n\t<div class=\"container-fluid\">\n\t\t<div class=\"row\">\n\t\t\t<div class=\"col-12 col-sm-10 col-md-8 col-xl-6 \">\n\t\t\t\t<script src=\"https:\/\/unpkg.com\/@lottiefiles\/lottie-player@latest\/dist\/lottie-player.js\"><\/script>\n\t\t\t\t<lottie-player src=\"https:\/\/2022.budapestritmo.hu\/wp-content\/themes\/ritmonext\/js\/logo-animation.json\"  background=\"transparent\"  speed=\"1\"  style=\"width: 100%; height: auto;\"  loop  autoplay><\/lottie-player>\n\t\t\t\t<h4 style=\"text-align: left;\">festival | music | films | conference<\/h4>\n<h2 style=\"text-align: left;\">Wonders to hear<\/h2>\n<h4 class=\"has-text-align-right\" style=\"text-align: left;\">7\u201310 April 2022<\/h4>\n<h5 class=\"has-text-align-right\" style=\"text-align: left;\">Akv\u00e1rium Klub<\/h5>\n<h5 class=\"has-text-align-right\" style=\"text-align: left;\">Szimpla Kert<\/h5>\n<h5 class=\"has-text-align-right\" style=\"text-align: left;\">Toldi<\/h5>\n\t\t\t<\/div>\n\t\t<\/div>\n\t<\/div>\n<\/section>\n\n\n\n\n<section id=\"spotify-block_621f6c6190d83\" class=\"spotify text-white bg-black alignfull\">\n\n\n\t<div class=\"container-fluid\">\n\t\t<div class=\"row\">\n\t\t\t<div class=\"col-sm-4\">\n\t\t\t\t<h2>Get a taste!<\/h2>\n<p><a class=\"button small red\" href=\"https:\/\/open.spotify.com\/playlist\/2MmeHARSP3E97j1ChnJDO1\" target=\"_blank\" rel=\"noopener\"><i class=\"social-icon white spotify\"><\/i> Listen on Spotify<\/a><\/p>\n\t\t\t<\/div>\n            <div class=\"col-sm-8\">\n\t\t\t\t<iframe loading=\"lazy\" style=\"border-radius:12px\" src=\"https:\/\/open.spotify.com\/embed\/playlist\/2MmeHARSP3E97j1ChnJDO1?utm_source=generator&#038;theme=0\" width=\"100%\" height=\"80\" frameBorder=\"0\" allowfullscreen=\"\" allow=\"autoplay; clipboard-write; encrypted-media; fullscreen; picture-in-picture\"><\/iframe>\t\t\t<\/div>\n\t\t<\/div>\n\t<\/div>\n<\/section>\n\n\n\n\n<section id=\"artists-block_621f70d284b79\" class=\"artists alignfull\">\n\n\n\t<div class=\"container-fluid\">\n\t\t<div class=\"row\">\n\t\t\t<div class=\"col-12\">\n\t\t\t\t<h2>Artists<\/h2>\n\t\t\t<\/div>\n            <div class=\"col-12\">\n\t\t\t\t<div class=\"row\">\n\t\t\t\t\t\t\t\t\t        <div class=\"col-md-6 col-xl-4 artist-small\">\n\t<a href=\"https:\/\/2022.budapestritmo.hu\/en\/performer\/ahmetcan-tasdemir\/\" title=\"AhmetJah\">\n\t\t<div class=\"thumbnail\">\n\t\t\t\t\t\t\t<img width=\"640\" height=\"240\" src=\"https:\/\/2022.budapestritmo.hu\/wp-content\/uploads\/2022\/03\/ahmetcan-tasdemir-640x240.jpg\" class=\"attachment-performer_small size-performer_small wp-post-image\" alt=\"Ahmetcan Tasdemir\" decoding=\"async\" loading=\"lazy\" srcset=\"https:\/\/2022.budapestritmo.hu\/wp-content\/uploads\/2022\/03\/ahmetcan-tasdemir-640x240.jpg 640w, https:\/\/2022.budapestritmo.hu\/wp-content\/uploads\/2022\/03\/ahmetcan-tasdemir.jpg 1600w, https:\/\/2022.budapestritmo.hu\/wp-content\/uploads\/2022\/03\/ahmetcan-tasdemir-300x113.jpg 300w, https:\/\/2022.budapestritmo.hu\/wp-content\/uploads\/2022\/03\/ahmetcan-tasdemir-1024x384.jpg 1024w, https:\/\/2022.budapestritmo.hu\/wp-content\/uploads\/2022\/03\/ahmetcan-tasdemir-768x288.jpg 768w, https:\/\/2022.budapestritmo.hu\/wp-content\/uploads\/2022\/03\/ahmetcan-tasdemir-1536x576.jpg 1536w\" sizes=\"(max-width: 640px) 100vw, 640px\" \/>\t\t\t\t\t\t<div class=\"hover\"><\/div>\n\t\t<\/div>\n\t<\/a>\n\t<a href=\"https:\/\/2022.budapestritmo.hu\/en\/performer\/ahmetcan-tasdemir\/\" title=\"AhmetJah\">\n\t\t<div class=\"name\">\n\t\t\tAhmetJah<br>\n\t\t\t<span class=\"country\">TURKEY<\/span>\n\t\t<\/div>\n\t<\/a>\n<\/div>\t\t\t\t\t\t\t\n\t\t\t\t\t        \t\t\t\t\t        <div class=\"col-md-6 col-xl-4 artist-small\">\n\t<a href=\"https:\/\/2022.budapestritmo.hu\/en\/performer\/amadou-mariam\/\" title=\"Amadou &#038; Mariam\">\n\t\t<div class=\"thumbnail\">\n\t\t\t\t\t\t\t<img width=\"640\" height=\"240\" src=\"https:\/\/2022.budapestritmo.hu\/wp-content\/uploads\/2022\/03\/amadous-mariam-640x240.jpg\" class=\"attachment-performer_small size-performer_small wp-post-image\" alt=\"Julio Bandit\" decoding=\"async\" loading=\"lazy\" \/>\t\t\t\t\t\t<div class=\"hover\"><\/div>\n\t\t<\/div>\n\t<\/a>\n\t<a href=\"https:\/\/2022.budapestritmo.hu\/en\/performer\/amadou-mariam\/\" title=\"Amadou &#038; Mariam\">\n\t\t<div class=\"name\">\n\t\t\tAmadou &#038; Mariam<br>\n\t\t\t<span class=\"country\">MALI<\/span>\n\t\t<\/div>\n\t<\/a>\n<\/div>\t\t\t\t\t\t\t\n\t\t\t\t\t        \t\t\t\t\t        <div class=\"col-md-6 col-xl-4 artist-small\">\n\t<a href=\"https:\/\/2022.budapestritmo.hu\/en\/performer\/antonio-zambujo\/\" title=\"Ant\u00f3nio Zambujo\">\n\t\t<div class=\"thumbnail\">\n\t\t\t\t\t\t\t<img width=\"640\" height=\"240\" src=\"https:\/\/2022.budapestritmo.hu\/wp-content\/uploads\/2022\/03\/Antonio-Zambujo_c__-640x240.jpeg\" class=\"attachment-performer_small size-performer_small wp-post-image\" alt=\"\" decoding=\"async\" loading=\"lazy\" srcset=\"https:\/\/2022.budapestritmo.hu\/wp-content\/uploads\/2022\/03\/Antonio-Zambujo_c__-640x240.jpeg 640w, https:\/\/2022.budapestritmo.hu\/wp-content\/uploads\/2022\/03\/Antonio-Zambujo_c__-1600x600.jpeg 1600w\" sizes=\"(max-width: 640px) 100vw, 640px\" \/>\t\t\t\t\t\t<div class=\"hover\"><\/div>\n\t\t<\/div>\n\t<\/a>\n\t<a href=\"https:\/\/2022.budapestritmo.hu\/en\/performer\/antonio-zambujo\/\" title=\"Ant\u00f3nio Zambujo\">\n\t\t<div class=\"name\">\n\t\t\tAnt\u00f3nio Zambujo<br>\n\t\t\t<span class=\"country\">PORTUGAL<\/span>\n\t\t<\/div>\n\t<\/a>\n<\/div>\t\t\t\t\t\t\t\n\t\t\t\t\t        \t\t\t\t\t        <div class=\"col-md-6 col-xl-4 artist-small\">\n\t<a href=\"https:\/\/2022.budapestritmo.hu\/en\/performer\/ayom\/\" title=\"Ayom\">\n\t\t<div class=\"thumbnail\">\n\t\t\t\t\t\t\t<img width=\"640\" height=\"240\" src=\"https:\/\/2022.budapestritmo.hu\/wp-content\/uploads\/2022\/03\/Photo-Ayom-2021-8-640x240.jpg\" class=\"attachment-performer_small size-performer_small wp-post-image\" alt=\"\" decoding=\"async\" loading=\"lazy\" srcset=\"https:\/\/2022.budapestritmo.hu\/wp-content\/uploads\/2022\/03\/Photo-Ayom-2021-8-640x240.jpg 640w, https:\/\/2022.budapestritmo.hu\/wp-content\/uploads\/2022\/03\/Photo-Ayom-2021-8-1600x600.jpg 1600w\" sizes=\"(max-width: 640px) 100vw, 640px\" \/>\t\t\t\t\t\t<div class=\"hover\"><\/div>\n\t\t<\/div>\n\t<\/a>\n\t<a href=\"https:\/\/2022.budapestritmo.hu\/en\/performer\/ayom\/\" title=\"Ayom\">\n\t\t<div class=\"name\">\n\t\t\tAyom<br>\n\t\t\t<span class=\"country\"> BRAZIL-ITALY-SPAIN-PORTUGAL<\/span>\n\t\t<\/div>\n\t<\/a>\n<\/div>\t\t\t\t\t\t\t\n\t\t\t\t\t        \t\t\t\t\t        <div class=\"col-md-6 col-xl-4 artist-small\">\n\t<a href=\"https:\/\/2022.budapestritmo.hu\/en\/performer\/besh-o-drom\/\" title=\"Besh o droM\">\n\t\t<div class=\"thumbnail\">\n\t\t\t\t\t\t\t<img width=\"640\" height=\"240\" src=\"https:\/\/2022.budapestritmo.hu\/wp-content\/uploads\/2022\/03\/feliratnelkul_Besh_o_droM_foto-KardosGabor-640x240.jpg\" class=\"attachment-performer_small size-performer_small wp-post-image\" alt=\"\" decoding=\"async\" loading=\"lazy\" srcset=\"https:\/\/2022.budapestritmo.hu\/wp-content\/uploads\/2022\/03\/feliratnelkul_Besh_o_droM_foto-KardosGabor-640x240.jpg 640w, https:\/\/2022.budapestritmo.hu\/wp-content\/uploads\/2022\/03\/feliratnelkul_Besh_o_droM_foto-KardosGabor-1600x600.jpg 1600w\" sizes=\"(max-width: 640px) 100vw, 640px\" \/>\t\t\t\t\t\t<div class=\"hover\"><\/div>\n\t\t<\/div>\n\t<\/a>\n\t<a href=\"https:\/\/2022.budapestritmo.hu\/en\/performer\/besh-o-drom\/\" title=\"Besh o droM\">\n\t\t<div class=\"name\">\n\t\t\tBesh o droM<br>\n\t\t\t<span class=\"country\">HUNGARY<\/span>\n\t\t<\/div>\n\t<\/a>\n<\/div>\t\t\t\t\t\t\t\n\t\t\t\t\t        \t\t\t\t\t        <div class=\"col-md-6 col-xl-4 artist-small\">\n\t<a href=\"https:\/\/2022.budapestritmo.hu\/en\/performer\/boi-akih\/\" title=\"Boi Akih\">\n\t\t<div class=\"thumbnail\">\n\t\t\t\t\t\t\t<img width=\"640\" height=\"240\" src=\"https:\/\/2022.budapestritmo.hu\/wp-content\/uploads\/2022\/03\/boi-akih-1-640x240.jpg\" class=\"attachment-performer_small size-performer_small wp-post-image\" alt=\"\" decoding=\"async\" loading=\"lazy\" \/>\t\t\t\t\t\t<div class=\"hover\"><\/div>\n\t\t<\/div>\n\t<\/a>\n\t<a href=\"https:\/\/2022.budapestritmo.hu\/en\/performer\/boi-akih\/\" title=\"Boi Akih\">\n\t\t<div class=\"name\">\n\t\t\tBoi Akih<br>\n\t\t\t<span class=\"country\">NETHERLANDS-GUINEA-HUNGARY<\/span>\n\t\t<\/div>\n\t<\/a>\n<\/div>\t\t\t\t\t\t\t\n\t\t\t\t\t        \t\t\t\t\t        <div class=\"col-md-6 col-xl-4 artist-small\">\n\t<a href=\"https:\/\/2022.budapestritmo.hu\/en\/performer\/cyborg-templar\/\" title=\"Cyborg Templar\">\n\t\t<div class=\"thumbnail\">\n\t\t\t\t\t\t\t<img width=\"640\" height=\"240\" src=\"https:\/\/2022.budapestritmo.hu\/wp-content\/uploads\/2022\/03\/cyborg-templar-640x240.jpg\" class=\"attachment-performer_small size-performer_small wp-post-image\" alt=\"\" decoding=\"async\" loading=\"lazy\" srcset=\"https:\/\/2022.budapestritmo.hu\/wp-content\/uploads\/2022\/03\/cyborg-templar-640x240.jpg 640w, https:\/\/2022.budapestritmo.hu\/wp-content\/uploads\/2022\/03\/cyborg-templar.jpg 1600w, https:\/\/2022.budapestritmo.hu\/wp-content\/uploads\/2022\/03\/cyborg-templar-300x113.jpg 300w, https:\/\/2022.budapestritmo.hu\/wp-content\/uploads\/2022\/03\/cyborg-templar-1024x384.jpg 1024w, https:\/\/2022.budapestritmo.hu\/wp-content\/uploads\/2022\/03\/cyborg-templar-768x288.jpg 768w, https:\/\/2022.budapestritmo.hu\/wp-content\/uploads\/2022\/03\/cyborg-templar-1536x576.jpg 1536w\" sizes=\"(max-width: 640px) 100vw, 640px\" \/>\t\t\t\t\t\t<div class=\"hover\"><\/div>\n\t\t<\/div>\n\t<\/a>\n\t<a href=\"https:\/\/2022.budapestritmo.hu\/en\/performer\/cyborg-templar\/\" title=\"Cyborg Templar\">\n\t\t<div class=\"name\">\n\t\t\tCyborg Templar<br>\n\t\t\t<span class=\"country\">HUNGARY<\/span>\n\t\t<\/div>\n\t<\/a>\n<\/div>\t\t\t\t\t\t\t\n\t\t\t\t\t        \t\t\t\t\t        <div class=\"col-md-6 col-xl-4 artist-small\">\n\t<a href=\"https:\/\/2022.budapestritmo.hu\/en\/performer\/damir-imamovic\/\" title=\"Damir Imamovi\u0107\">\n\t\t<div class=\"thumbnail\">\n\t\t\t\t\t\t\t<img width=\"640\" height=\"240\" src=\"https:\/\/2022.budapestritmo.hu\/wp-content\/uploads\/2022\/03\/2-hi-res-by-Elvis-Kadic-640x240.jpg\" class=\"attachment-performer_small size-performer_small wp-post-image\" alt=\"\" decoding=\"async\" loading=\"lazy\" srcset=\"https:\/\/2022.budapestritmo.hu\/wp-content\/uploads\/2022\/03\/2-hi-res-by-Elvis-Kadic-640x240.jpg 640w, https:\/\/2022.budapestritmo.hu\/wp-content\/uploads\/2022\/03\/2-hi-res-by-Elvis-Kadic-1600x600.jpg 1600w\" sizes=\"(max-width: 640px) 100vw, 640px\" \/>\t\t\t\t\t\t<div class=\"hover\"><\/div>\n\t\t<\/div>\n\t<\/a>\n\t<a href=\"https:\/\/2022.budapestritmo.hu\/en\/performer\/damir-imamovic\/\" title=\"Damir Imamovi\u0107\">\n\t\t<div class=\"name\">\n\t\t\tDamir Imamovi\u0107<br>\n\t\t\t<span class=\"country\">BOSNIA AND HERZEGOVINA<\/span>\n\t\t<\/div>\n\t<\/a>\n<\/div>\t\t\t\t\t\t\t\n\t\t\t\t\t        \t\t\t\t\t        <div class=\"col-md-6 col-xl-4 artist-small\">\n\t<a href=\"https:\/\/2022.budapestritmo.hu\/en\/performer\/divanhana\/\" title=\"Divanhana\">\n\t\t<div class=\"thumbnail\">\n\t\t\t\t\t\t\t<img width=\"640\" height=\"240\" src=\"https:\/\/2022.budapestritmo.hu\/wp-content\/uploads\/2022\/03\/Divanhana-Zavrzlama-Promo-Photoshoot-IMG_9914-copy-640x240.jpg\" class=\"attachment-performer_small size-performer_small wp-post-image\" alt=\"\" decoding=\"async\" loading=\"lazy\" srcset=\"https:\/\/2022.budapestritmo.hu\/wp-content\/uploads\/2022\/03\/Divanhana-Zavrzlama-Promo-Photoshoot-IMG_9914-copy-640x240.jpg 640w, https:\/\/2022.budapestritmo.hu\/wp-content\/uploads\/2022\/03\/Divanhana-Zavrzlama-Promo-Photoshoot-IMG_9914-copy-1600x600.jpg 1600w\" sizes=\"(max-width: 640px) 100vw, 640px\" \/>\t\t\t\t\t\t<div class=\"hover\"><\/div>\n\t\t<\/div>\n\t<\/a>\n\t<a href=\"https:\/\/2022.budapestritmo.hu\/en\/performer\/divanhana\/\" title=\"Divanhana\">\n\t\t<div class=\"name\">\n\t\t\tDivanhana<br>\n\t\t\t<span class=\"country\">BOSNIA AND HERZEGOVINA<\/span>\n\t\t<\/div>\n\t<\/a>\n<\/div>\t\t\t\t\t\t\t\n\t\t\t\t\t        \t\t\t\t\t        <div class=\"col-md-6 col-xl-4 artist-small\">\n\t<a href=\"https:\/\/2022.budapestritmo.hu\/en\/performer\/hannah-james-toby-kuhn\/\" title=\"Hannah James &#038; Toby Kuhn\">\n\t\t<div class=\"thumbnail\">\n\t\t\t\t\t\t\t<img width=\"640\" height=\"240\" src=\"https:\/\/2022.budapestritmo.hu\/wp-content\/uploads\/2022\/03\/Hannah-Toby_c_Matija-Solce_2-640x240.jpg\" class=\"attachment-performer_small size-performer_small wp-post-image\" alt=\"\" decoding=\"async\" loading=\"lazy\" srcset=\"https:\/\/2022.budapestritmo.hu\/wp-content\/uploads\/2022\/03\/Hannah-Toby_c_Matija-Solce_2-640x240.jpg 640w, https:\/\/2022.budapestritmo.hu\/wp-content\/uploads\/2022\/03\/Hannah-Toby_c_Matija-Solce_2-1600x600.jpg 1600w\" sizes=\"(max-width: 640px) 100vw, 640px\" \/>\t\t\t\t\t\t<div class=\"hover\"><\/div>\n\t\t<\/div>\n\t<\/a>\n\t<a href=\"https:\/\/2022.budapestritmo.hu\/en\/performer\/hannah-james-toby-kuhn\/\" title=\"Hannah James &#038; Toby Kuhn\">\n\t\t<div class=\"name\">\n\t\t\tHannah James &#038; Toby Kuhn<br>\n\t\t\t<span class=\"country\">UK-FRANCE<\/span>\n\t\t<\/div>\n\t<\/a>\n<\/div>\t\t\t\t\t\t\t\n\t\t\t\t\t        \t\t\t\t\t        <div class=\"col-md-6 col-xl-4 artist-small\">\n\t<a href=\"https:\/\/2022.budapestritmo.hu\/en\/performer\/kalascima\/\" title=\"Kal\u00e0scima\">\n\t\t<div class=\"thumbnail\">\n\t\t\t\t\t\t\t<img width=\"640\" height=\"240\" src=\"https:\/\/2022.budapestritmo.hu\/wp-content\/uploads\/2022\/03\/Kalascima-photo-00003-\u00a9-Daniele-Met-Photography-640x240.jpg\" class=\"attachment-performer_small size-performer_small wp-post-image\" alt=\"\" decoding=\"async\" loading=\"lazy\" srcset=\"https:\/\/2022.budapestritmo.hu\/wp-content\/uploads\/2022\/03\/Kalascima-photo-00003-\u00a9-Daniele-Met-Photography-640x240.jpg 640w, https:\/\/2022.budapestritmo.hu\/wp-content\/uploads\/2022\/03\/Kalascima-photo-00003-\u00a9-Daniele-Met-Photography-1600x600.jpg 1600w\" sizes=\"(max-width: 640px) 100vw, 640px\" \/>\t\t\t\t\t\t<div class=\"hover\"><\/div>\n\t\t<\/div>\n\t<\/a>\n\t<a href=\"https:\/\/2022.budapestritmo.hu\/en\/performer\/kalascima\/\" title=\"Kal\u00e0scima\">\n\t\t<div class=\"name\">\n\t\t\tKal\u00e0scima<br>\n\t\t\t<span class=\"country\">ITALY<\/span>\n\t\t<\/div>\n\t<\/a>\n<\/div>\t\t\t\t\t\t\t\n\t\t\t\t\t        \t\t\t\t\t        <div class=\"col-md-6 col-xl-4 artist-small\">\n\t<a href=\"https:\/\/2022.budapestritmo.hu\/en\/performer\/lanou\/\" title=\"Lanou*\">\n\t\t<div class=\"thumbnail\">\n\t\t\t\t\t\t\t<img width=\"640\" height=\"240\" src=\"https:\/\/2022.budapestritmo.hu\/wp-content\/uploads\/2022\/03\/DSCF0556-Lanou-640x240.jpg\" class=\"attachment-performer_small size-performer_small wp-post-image\" alt=\"\" decoding=\"async\" loading=\"lazy\" srcset=\"https:\/\/2022.budapestritmo.hu\/wp-content\/uploads\/2022\/03\/DSCF0556-Lanou-640x240.jpg 640w, https:\/\/2022.budapestritmo.hu\/wp-content\/uploads\/2022\/03\/DSCF0556-Lanou-1600x600.jpg 1600w\" sizes=\"(max-width: 640px) 100vw, 640px\" \/>\t\t\t\t\t\t<div class=\"hover\"><\/div>\n\t\t<\/div>\n\t<\/a>\n\t<a href=\"https:\/\/2022.budapestritmo.hu\/en\/performer\/lanou\/\" title=\"Lanou*\">\n\t\t<div class=\"name\">\n\t\t\tLanou*<br>\n\t\t\t<span class=\"country\">HUNGARY<\/span>\n\t\t<\/div>\n\t<\/a>\n<\/div>\t\t\t\t\t\t\t\n\t\t\t\t\t        \t\t\t\t\t        <div class=\"col-md-6 col-xl-4 artist-small\">\n\t<a href=\"https:\/\/2022.budapestritmo.hu\/en\/performer\/liraz\/\" title=\"Liraz\">\n\t\t<div class=\"thumbnail\">\n\t\t\t\t\t\t\t<img width=\"640\" height=\"240\" src=\"https:\/\/2022.budapestritmo.hu\/wp-content\/uploads\/2022\/03\/liraz-1-640x240.jpg\" class=\"attachment-performer_small size-performer_small wp-post-image\" alt=\"\" decoding=\"async\" loading=\"lazy\" \/>\t\t\t\t\t\t<div class=\"hover\"><\/div>\n\t\t<\/div>\n\t<\/a>\n\t<a href=\"https:\/\/2022.budapestritmo.hu\/en\/performer\/liraz\/\" title=\"Liraz\">\n\t\t<div class=\"name\">\n\t\t\tLiraz<br>\n\t\t\t<span class=\"country\">ISRAEL<\/span>\n\t\t<\/div>\n\t<\/a>\n<\/div>\t\t\t\t\t\t\t\n\t\t\t\t\t        \t\t\t\t\t        <div class=\"col-md-6 col-xl-4 artist-small\">\n\t<a href=\"https:\/\/2022.budapestritmo.hu\/en\/performer\/marta-miranda-trio\/\" title=\"Fadiagens \u2013 Voices of Lisbon\">\n\t\t<div class=\"thumbnail\">\n\t\t\t\t\t\t\t<img width=\"640\" height=\"240\" src=\"https:\/\/2022.budapestritmo.hu\/wp-content\/uploads\/2022\/03\/marta-miranda-trio-640x240.jpg\" class=\"attachment-performer_small size-performer_small wp-post-image\" alt=\"\" decoding=\"async\" loading=\"lazy\" srcset=\"https:\/\/2022.budapestritmo.hu\/wp-content\/uploads\/2022\/03\/marta-miranda-trio-640x240.jpg 640w, https:\/\/2022.budapestritmo.hu\/wp-content\/uploads\/2022\/03\/marta-miranda-trio.jpg 1600w, https:\/\/2022.budapestritmo.hu\/wp-content\/uploads\/2022\/03\/marta-miranda-trio-300x113.jpg 300w, https:\/\/2022.budapestritmo.hu\/wp-content\/uploads\/2022\/03\/marta-miranda-trio-1024x384.jpg 1024w, https:\/\/2022.budapestritmo.hu\/wp-content\/uploads\/2022\/03\/marta-miranda-trio-768x288.jpg 768w, https:\/\/2022.budapestritmo.hu\/wp-content\/uploads\/2022\/03\/marta-miranda-trio-1536x576.jpg 1536w\" sizes=\"(max-width: 640px) 100vw, 640px\" \/>\t\t\t\t\t\t<div class=\"hover\"><\/div>\n\t\t<\/div>\n\t<\/a>\n\t<a href=\"https:\/\/2022.budapestritmo.hu\/en\/performer\/marta-miranda-trio\/\" title=\"Fadiagens \u2013 Voices of Lisbon\">\n\t\t<div class=\"name\">\n\t\t\tFadiagens \u2013 Voices of Lisbon<br>\n\t\t\t<span class=\"country\">PORTUGAL<\/span>\n\t\t<\/div>\n\t<\/a>\n<\/div>\t\t\t\t\t\t\t\n\t\t\t\t\t        \t\t\t\t\t        <div class=\"col-md-6 col-xl-4 artist-small\">\n\t<a href=\"https:\/\/2022.budapestritmo.hu\/en\/performer\/nairuz\/\" title=\"NAiRUZ [Cancelled]\">\n\t\t<div class=\"thumbnail\">\n\t\t\t\t\t\t\t<img width=\"640\" height=\"240\" src=\"https:\/\/2022.budapestritmo.hu\/wp-content\/uploads\/2022\/03\/NAiRUZ-1-Mirza-Redzepagic-640x240.jpg\" class=\"attachment-performer_small size-performer_small wp-post-image\" alt=\"\" decoding=\"async\" loading=\"lazy\" srcset=\"https:\/\/2022.budapestritmo.hu\/wp-content\/uploads\/2022\/03\/NAiRUZ-1-Mirza-Redzepagic-640x240.jpg 640w, https:\/\/2022.budapestritmo.hu\/wp-content\/uploads\/2022\/03\/NAiRUZ-1-Mirza-Redzepagic-1600x600.jpg 1600w\" sizes=\"(max-width: 640px) 100vw, 640px\" \/>\t\t\t\t\t\t<div class=\"hover\"><\/div>\n\t\t<\/div>\n\t<\/a>\n\t<a href=\"https:\/\/2022.budapestritmo.hu\/en\/performer\/nairuz\/\" title=\"NAiRUZ [Cancelled]\">\n\t\t<div class=\"name\">\n\t\t\tNAiRUZ [Cancelled]<br>\n\t\t\t<span class=\"country\">BOSNIA AND HERZEGOVINA<\/span>\n\t\t<\/div>\n\t<\/a>\n<\/div>\t\t\t\t\t\t\t\n\t\t\t\t\t        \t\t\t\t\t        <div class=\"col-md-6 col-xl-4 artist-small\">\n\t<a href=\"https:\/\/2022.budapestritmo.hu\/en\/performer\/random-trip\/\" title=\"Random Trip\">\n\t\t<div class=\"thumbnail\">\n\t\t\t\t\t\t\t<img width=\"640\" height=\"240\" src=\"https:\/\/2022.budapestritmo.hu\/wp-content\/uploads\/2022\/03\/random-trip_c_Wlcsek-Andras-640x240.jpg\" class=\"attachment-performer_small size-performer_small wp-post-image\" alt=\"\" decoding=\"async\" loading=\"lazy\" srcset=\"https:\/\/2022.budapestritmo.hu\/wp-content\/uploads\/2022\/03\/random-trip_c_Wlcsek-Andras-640x240.jpg 640w, https:\/\/2022.budapestritmo.hu\/wp-content\/uploads\/2022\/03\/random-trip_c_Wlcsek-Andras-1600x600.jpg 1600w\" sizes=\"(max-width: 640px) 100vw, 640px\" \/>\t\t\t\t\t\t<div class=\"hover\"><\/div>\n\t\t<\/div>\n\t<\/a>\n\t<a href=\"https:\/\/2022.budapestritmo.hu\/en\/performer\/random-trip\/\" title=\"Random Trip\">\n\t\t<div class=\"name\">\n\t\t\tRandom Trip<br>\n\t\t\t<span class=\"country\">HUNGARY<\/span>\n\t\t<\/div>\n\t<\/a>\n<\/div>\t\t\t\t\t\t\t\n\t\t\t\t\t        \t\t\t\t\t        <div class=\"col-md-6 col-xl-4 artist-small\">\n\t<a href=\"https:\/\/2022.budapestritmo.hu\/en\/performer\/rodenice\/\" title=\"Ro\u0111enice*\">\n\t\t<div class=\"thumbnail\">\n\t\t\t\t\t\t\t<img width=\"640\" height=\"240\" src=\"https:\/\/2022.budapestritmo.hu\/wp-content\/uploads\/2022\/03\/Rodjenice-3-640x240.jpg\" class=\"attachment-performer_small size-performer_small wp-post-image\" alt=\"\" decoding=\"async\" loading=\"lazy\" srcset=\"https:\/\/2022.budapestritmo.hu\/wp-content\/uploads\/2022\/03\/Rodjenice-3-640x240.jpg 640w, https:\/\/2022.budapestritmo.hu\/wp-content\/uploads\/2022\/03\/Rodjenice-3-1600x600.jpg 1600w\" sizes=\"(max-width: 640px) 100vw, 640px\" \/>\t\t\t\t\t\t<div class=\"hover\"><\/div>\n\t\t<\/div>\n\t<\/a>\n\t<a href=\"https:\/\/2022.budapestritmo.hu\/en\/performer\/rodenice\/\" title=\"Ro\u0111enice*\">\n\t\t<div class=\"name\">\n\t\t\tRo\u0111enice*<br>\n\t\t\t<span class=\"country\">SERBIA<\/span>\n\t\t<\/div>\n\t<\/a>\n<\/div>\t\t\t\t\t\t\t\n\t\t\t\t\t        \t\t\t\t\t        <div class=\"col-md-6 col-xl-4 artist-small\">\n\t<a href=\"https:\/\/2022.budapestritmo.hu\/en\/performer\/savages-y-suefo\/\" title=\"Savages y Suefo\">\n\t\t<div class=\"thumbnail\">\n\t\t\t\t\t\t\t<img width=\"640\" height=\"240\" src=\"https:\/\/2022.budapestritmo.hu\/wp-content\/uploads\/2022\/03\/RG8_0238_4-640x240.jpg\" class=\"attachment-performer_small size-performer_small wp-post-image\" alt=\"\" decoding=\"async\" loading=\"lazy\" \/>\t\t\t\t\t\t<div class=\"hover\"><\/div>\n\t\t<\/div>\n\t<\/a>\n\t<a href=\"https:\/\/2022.budapestritmo.hu\/en\/performer\/savages-y-suefo\/\" title=\"Savages y Suefo\">\n\t\t<div class=\"name\">\n\t\t\tSavages y Suefo<br>\n\t\t\t<span class=\"country\">HUNGARY<\/span>\n\t\t<\/div>\n\t<\/a>\n<\/div>\t\t\t\t\t\t\t\n\t\t\t\t\t        \t\t\t\t\t        <div class=\"col-md-6 col-xl-4 artist-small\">\n\t<a href=\"https:\/\/2022.budapestritmo.hu\/en\/performer\/sekunda\/\" title=\"Sekunda*\">\n\t\t<div class=\"thumbnail\">\n\t\t\t\t\t\t\t<img width=\"640\" height=\"240\" src=\"https:\/\/2022.budapestritmo.hu\/wp-content\/uploads\/2022\/03\/Sekunda-Wioletta-Jakubiec-640x240.jpg\" class=\"attachment-performer_small size-performer_small wp-post-image\" alt=\"\" decoding=\"async\" loading=\"lazy\" srcset=\"https:\/\/2022.budapestritmo.hu\/wp-content\/uploads\/2022\/03\/Sekunda-Wioletta-Jakubiec-640x240.jpg 640w, https:\/\/2022.budapestritmo.hu\/wp-content\/uploads\/2022\/03\/Sekunda-Wioletta-Jakubiec-1600x600.jpg 1600w\" sizes=\"(max-width: 640px) 100vw, 640px\" \/>\t\t\t\t\t\t<div class=\"hover\"><\/div>\n\t\t<\/div>\n\t<\/a>\n\t<a href=\"https:\/\/2022.budapestritmo.hu\/en\/performer\/sekunda\/\" title=\"Sekunda*\">\n\t\t<div class=\"name\">\n\t\t\tSekunda*<br>\n\t\t\t<span class=\"country\">POLAND<\/span>\n\t\t<\/div>\n\t<\/a>\n<\/div>\t\t\t\t\t\t\t\n\t\t\t\t\t        \t\t\t\t\t        <div class=\"col-md-6 col-xl-4 artist-small\">\n\t<a href=\"https:\/\/2022.budapestritmo.hu\/en\/performer\/sophie-lukacs\/\" title=\"Sophie Lukacs*\">\n\t\t<div class=\"thumbnail\">\n\t\t\t\t\t\t\t<img width=\"640\" height=\"240\" src=\"https:\/\/2022.budapestritmo.hu\/wp-content\/uploads\/2022\/03\/SophieL1-Sophie-Lukacs-640x240.jpeg\" class=\"attachment-performer_small size-performer_small wp-post-image\" alt=\"\" decoding=\"async\" loading=\"lazy\" srcset=\"https:\/\/2022.budapestritmo.hu\/wp-content\/uploads\/2022\/03\/SophieL1-Sophie-Lukacs-640x240.jpeg 640w, https:\/\/2022.budapestritmo.hu\/wp-content\/uploads\/2022\/03\/SophieL1-Sophie-Lukacs-1600x600.jpeg 1600w\" sizes=\"(max-width: 640px) 100vw, 640px\" \/>\t\t\t\t\t\t<div class=\"hover\"><\/div>\n\t\t<\/div>\n\t<\/a>\n\t<a href=\"https:\/\/2022.budapestritmo.hu\/en\/performer\/sophie-lukacs\/\" title=\"Sophie Lukacs*\">\n\t\t<div class=\"name\">\n\t\t\tSophie Lukacs*<br>\n\t\t\t<span class=\"country\">HUNGARY-CANADA<\/span>\n\t\t<\/div>\n\t<\/a>\n<\/div>\t\t\t\t\t\t\t\n\t\t\t\t\t        \t\t\t\t\t        <div class=\"col-md-6 col-xl-4 artist-small\">\n\t<a href=\"https:\/\/2022.budapestritmo.hu\/en\/performer\/sutari\/\" title=\"Sutari\">\n\t\t<div class=\"thumbnail\">\n\t\t\t\t\t\t\t<img width=\"640\" height=\"240\" src=\"https:\/\/2022.budapestritmo.hu\/wp-content\/uploads\/2022\/03\/SUTARI_c_Piotr-Spigiel-Photography_3-640x240.jpg\" class=\"attachment-performer_small size-performer_small wp-post-image\" alt=\"\" decoding=\"async\" loading=\"lazy\" srcset=\"https:\/\/2022.budapestritmo.hu\/wp-content\/uploads\/2022\/03\/SUTARI_c_Piotr-Spigiel-Photography_3-640x240.jpg 640w, https:\/\/2022.budapestritmo.hu\/wp-content\/uploads\/2022\/03\/SUTARI_c_Piotr-Spigiel-Photography_3-1600x600.jpg 1600w\" sizes=\"(max-width: 640px) 100vw, 640px\" \/>\t\t\t\t\t\t<div class=\"hover\"><\/div>\n\t\t<\/div>\n\t<\/a>\n\t<a href=\"https:\/\/2022.budapestritmo.hu\/en\/performer\/sutari\/\" title=\"Sutari\">\n\t\t<div class=\"name\">\n\t\t\tSutari<br>\n\t\t\t<span class=\"country\">POLAND<\/span>\n\t\t<\/div>\n\t<\/a>\n<\/div>\t\t\t\t\t\t\t\n\t\t\t\t\t        \t\t\t\t\t        <div class=\"col-md-6 col-xl-4 artist-small\">\n\t<a href=\"https:\/\/2022.budapestritmo.hu\/en\/performer\/tegie-chlopy\/\" title=\"T\u0119gie Ch\u0142opy*\">\n\t\t<div class=\"thumbnail\">\n\t\t\t\t\t\t\t<img width=\"640\" height=\"240\" src=\"https:\/\/2022.budapestritmo.hu\/wp-content\/uploads\/2022\/03\/0006775448_10-640x240.jpg\" class=\"attachment-performer_small size-performer_small wp-post-image\" alt=\"\" decoding=\"async\" loading=\"lazy\" \/>\t\t\t\t\t\t<div class=\"hover\"><\/div>\n\t\t<\/div>\n\t<\/a>\n\t<a href=\"https:\/\/2022.budapestritmo.hu\/en\/performer\/tegie-chlopy\/\" title=\"T\u0119gie Ch\u0142opy*\">\n\t\t<div class=\"name\">\n\t\t\tT\u0119gie Ch\u0142opy*<br>\n\t\t\t<span class=\"country\">POLAND<\/span>\n\t\t<\/div>\n\t<\/a>\n<\/div>\t\t\t\t\t\t\t\n\t\t\t\t\t        \t\t\t\t\t        <div class=\"col-md-6 col-xl-4 artist-small\">\n\t<a href=\"https:\/\/2022.budapestritmo.hu\/en\/performer\/times-new-roman\/\" title=\"Times New Rom\u00e1n*\">\n\t\t<div class=\"thumbnail\">\n\t\t\t\t\t\t\t<img width=\"640\" height=\"240\" src=\"https:\/\/2022.budapestritmo.hu\/wp-content\/uploads\/2022\/03\/TNR_3-Benedek-Reti-640x240.jpg\" class=\"attachment-performer_small size-performer_small wp-post-image\" alt=\"\" decoding=\"async\" loading=\"lazy\" srcset=\"https:\/\/2022.budapestritmo.hu\/wp-content\/uploads\/2022\/03\/TNR_3-Benedek-Reti-640x240.jpg 640w, https:\/\/2022.budapestritmo.hu\/wp-content\/uploads\/2022\/03\/TNR_3-Benedek-Reti-1600x600.jpg 1600w\" sizes=\"(max-width: 640px) 100vw, 640px\" \/>\t\t\t\t\t\t<div class=\"hover\"><\/div>\n\t\t<\/div>\n\t<\/a>\n\t<a href=\"https:\/\/2022.budapestritmo.hu\/en\/performer\/times-new-roman\/\" title=\"Times New Rom\u00e1n*\">\n\t\t<div class=\"name\">\n\t\t\tTimes New Rom\u00e1n*<br>\n\t\t\t<span class=\"country\">HUNGARY<\/span>\n\t\t<\/div>\n\t<\/a>\n<\/div>\t\t\t\t\t\t\t\n\t\t\t\t\t        \t\t<\/div>\n\t\t<div class=\"col-12\">\n\t\t\t\t<p><em>The event schedule may be subject to change.<br \/>\n<\/em><em>Entry to the 45-minute <a href=\"https:\/\/2022.budapestritmo.hu\/en\/showcase\">showcase<\/a> performances is free of charge.<\/em><\/p>\n<p><a class=\"button large red\" href=\"https:\/\/2022.budapestritmo.hu\/en\/concerts\/#timetable\">View timetable<\/a><\/p>\n\t\t\t<\/div>\n\t\t\t<\/div>\n\t\t<\/div>\n\t<\/div>\n<\/section>\n\n\n<a name=\"timetable\"><\/a>\n<section class=\"timetable text-white\">\n\t\n\t<div class=\"container-fluid\">\n\t\t<div class=\"row\">\n\t\t\t<div class=\"col-12\">\n\t\t\t\t<h2>All events<\/h2> \n\t\t\t<\/div>\n\t\t<\/div>\n\t<\/div>\n\n\n\t\n\t<div class=\"container-fluid dates\">\n\t\t<div class=\"row\">\n\t\t\t\t\t\t\t<div class=\"col-6 col-sm\" id=\"tab-day1\">\n\t\t\t\t\t<a class=\"day-select current-day\" href=\"#day1\">\n\t\t\t\t\t\tThursday 04.07.\t\t\t\t\t<\/a>\n\t\t\t\t\t\n\t\t\t\t<\/div>\n\t\t\t\t\t\t\t<div class=\"col-6 col-sm\" id=\"tab-day2\">\n\t\t\t\t\t<a class=\"day-select \" href=\"#day2\">\n\t\t\t\t\t\tFriday 04.08.\t\t\t\t\t<\/a>\n\t\t\t\t\t\n\t\t\t\t<\/div>\n\t\t\t\t\t\t\t<div class=\"col-6 col-sm\" id=\"tab-day3\">\n\t\t\t\t\t<a class=\"day-select \" href=\"#day3\">\n\t\t\t\t\t\tSaturday 04.09.\t\t\t\t\t<\/a>\n\t\t\t\t\t\n\t\t\t\t<\/div>\n\t\t\t\t\t\t\t<div class=\"col-6 col-sm\" id=\"tab-day4\">\n\t\t\t\t\t<a class=\"day-select \" href=\"#day4\">\n\t\t\t\t\t\tSunday 04.10.\t\t\t\t\t<\/a>\n\t\t\t\t\t\n\t\t\t\t<\/div>\n\t\t\t\t\t\t\t\t\n\t\t<\/div>\n\t<\/div>\n\t \n\n\n\t\n\t\t\t\n\t\t<div class=\"container-fluid day  current-day\" id=\"day1\">\n\t\t\n\t\t\t<div class=\"row\">\n\n\n\t\t\t\t<div class=\"col-1 timetable-timeslots d-none d-md-flex\">\n\t\t\t\t\t<ul><li class=\"full-hour\">16:00<\/li><li>16:15<\/li><li>16:30<\/li><li>16:45<\/li><li class=\"full-hour\">17:00<\/li><li>17:15<\/li><li>17:30<\/li><li>17:45<\/li><li class=\"full-hour\">18:00<\/li><li>18:15<\/li><li>18:30<\/li><li>18:45<\/li><li class=\"full-hour\">19:00<\/li><li>19:15<\/li><li>19:30<\/li><li>19:45<\/li><li class=\"full-hour\">20:00<\/li><li>20:15<\/li><li>20:30<\/li><li>20:45<\/li><li class=\"full-hour\">21:00<\/li><li>21:15<\/li><li>21:30<\/li><li>21:45<\/li><li class=\"full-hour\">22:00<\/li><li>22:15<\/li><li>22:30<\/li><li>22:45<\/li><li class=\"full-hour\">23:00<\/li><li>23:15<\/li><li>23:30<\/li><li>23:45<\/li><\/ul>\n\t\t\t\t<\/div>\n\n\n\t\t\t\t\n\t\t\t\t\n\t\t\t\t\n\n\t\t\t\t\t\t\t<div class=\"col-12 col-sm timetable-column\">\n\t\t\t\t\t\t\t\t<div class=\"timetable-venue\">\n\t\t\t\t\t\t\t\t\tAkv\u00e1rium Klub, NagyHall\t\t\t\t\t\t\t\t<\/div>\n\n\n\t\t\t\t\t\t\t\t\t\t\t\t\t\t\t\t\t\t    \n\n\t\t\t\t\t\t\t\t\t\t\t\t\t\t\t\t\t\t\t\t\t\t\t\n\t\n\n\n\t\t\t\t\t\t\t\t\t\t<a href=\"https:\/\/2022.budapestritmo.hu\/en\/movie\/ritmo-film-21\/\">\t\t\t\t\t\t\t\t\t\t\t<div class=\"timetable-event\" style=\"top:160px; min-height:238px;\">\n\n\t\t\t\t\t\t\t\t\t\t\t\t<div class=\"timetable-event-time\">\n\t\t\t\t\t\t\t\t\t\t\t\t\t18:00-21:00\t\t\t\t\t\t\t\t\t\t\t\t\t\n\t\t\t\t\t\t\t\t\t\t\t\t<\/div>\n\t\t\t\t\t\t\t\t\t\t\t\t<div class=\"timetable-event-performer\">\n\t\t\t\t\t\t\t\t\t\t\t\t\tPremiere: 2021 Ritmo Music Films\t\t\t\t\t\t\t\t\t\t\t\t<\/div>\n\t\t\t\t\t\t\t\t\t\t\t\t<span class=\"timetable-event-country\"><ul>\n<li>K\u00e1roly Cserepes x G\u00e1bor Karcis x M\u00e1ty\u00e1s K\u00e1lm\u00e1n<\/li>\n<li>Dresch String Quartet x Attila Damokos<\/li>\n<li>Mord\u00e1i x G\u00e1bor Reisz x B\u00e1lint Szimler<\/li>\n<li>Odd ID x Fanni Szil\u00e1gyi<\/li>\n<\/ul>\n <\/span>\n\t\t\t\t\t\t\t\t\t\t\t\t\n\t\t\t\t\t\t\t\t\t\t\t<\/div>\n\t\t\t\t\t\t\t\t\t\t<\/a>\n\t\t\t\t\t\t\t\t\t\t\t\t\t\t\n\t\t\t\t\t\t\t\t\t\n\t\t\t\t\t\t\t<\/div>\n\n\t\t\t\t\n\n\t\t\t\t\t\t\t<div class=\"col-12 col-sm timetable-column\">\n\t\t\t\t\t\t\t\t<div class=\"timetable-venue\">\n\t\t\t\t\t\t\t\t\tSzimpla Kert\t\t\t\t\t\t\t\t<\/div>\n\n\n\t\t\t\t\t\t\t\t\t\t\t\t\t\t\t\t\t\t    \n\n\t\t\t\t\t\t\t\t\t\t\t\t\t\t\t\t\t\t\t\t\t\t\t\n\t\n\n\n\t\t\t\t\t\t\t\t\t\t<a href=\"https:\/\/2022.budapestritmo.hu\/en\/performer\/lanou\/\">\t\t\t\t\t\t\t\t\t\t\t<div class=\"timetable-event\" style=\"top:40px; min-height:51.3333333333px;\">\n\n\t\t\t\t\t\t\t\t\t\t\t\t<div class=\"timetable-event-time\">\n\t\t\t\t\t\t\t\t\t\t\t\t\t16:30-17:10\t\t\t\t\t\t\t\t\t\t\t\t\t\n\t\t\t\t\t\t\t\t\t\t\t\t<\/div>\n\t\t\t\t\t\t\t\t\t\t\t\t<div class=\"timetable-event-performer\">\n\t\t\t\t\t\t\t\t\t\t\t\t\tLanou <sup>(HU)<\/sup>\t\t\t\t\t\t\t\t\t\t\t\t<\/div>\n\t\t\t\t\t\t\t\t\t\t\t\t<span class=\"timetable-event-country\"> <\/span>\n\t\t\t\t\t\t\t\t\t\t\t\t\n\t\t\t\t\t\t\t\t\t\t\t<\/div>\n\t\t\t\t\t\t\t\t\t\t<\/a>\n\t\t\t\t\t\t\t\t\t\t\t\t\t\t\n\t\t\t\t\t\t\t\t\t\t\t\t\t\t\t\t\t\t\t    \n\n\t\t\t\t\t\t\t\t\t\t\t\t\t\t\t\t\t\t\t\t\t\t\t\n\t\n\n\n\t\t\t\t\t\t\t\t\t\t<a href=\"https:\/\/2022.budapestritmo.hu\/en\/performer\/rodenice\/\">\t\t\t\t\t\t\t\t\t\t\t<div class=\"timetable-event\" style=\"top:120px; min-height:51.3333333333px;\">\n\n\t\t\t\t\t\t\t\t\t\t\t\t<div class=\"timetable-event-time\">\n\t\t\t\t\t\t\t\t\t\t\t\t\t17:30-18:10\t\t\t\t\t\t\t\t\t\t\t\t\t\n\t\t\t\t\t\t\t\t\t\t\t\t<\/div>\n\t\t\t\t\t\t\t\t\t\t\t\t<div class=\"timetable-event-performer\">\n\t\t\t\t\t\t\t\t\t\t\t\t\tRo\u0111enice <sup>(SRB)<\/sup>\t\t\t\t\t\t\t\t\t\t\t\t<\/div>\n\t\t\t\t\t\t\t\t\t\t\t\t<span class=\"timetable-event-country\"> <\/span>\n\t\t\t\t\t\t\t\t\t\t\t\t\n\t\t\t\t\t\t\t\t\t\t\t<\/div>\n\t\t\t\t\t\t\t\t\t\t<\/a>\n\t\t\t\t\t\t\t\t\t\t\t\t\t\t\n\t\t\t\t\t\t\t\t\t\t\t\t\t\t\t\t\t\t\t    \n\n\t\t\t\t\t\t\t\t\t\t\t\t\t\t\t\t\t\t\t\t\t\t\t\n\t\n\n\n\t\t\t\t\t\t\t\t\t\t<a href=\"https:\/\/2022.budapestritmo.hu\/en\/performer\/sophie-lukacs\/\">\t\t\t\t\t\t\t\t\t\t\t<div class=\"timetable-event\" style=\"top:200px; min-height:51.3333333333px;\">\n\n\t\t\t\t\t\t\t\t\t\t\t\t<div class=\"timetable-event-time\">\n\t\t\t\t\t\t\t\t\t\t\t\t\t18:30-19:10\t\t\t\t\t\t\t\t\t\t\t\t\t\n\t\t\t\t\t\t\t\t\t\t\t\t<\/div>\n\t\t\t\t\t\t\t\t\t\t\t\t<div class=\"timetable-event-performer\">\n\t\t\t\t\t\t\t\t\t\t\t\t\tSophie Lukacs <sup>(HU\/CA)<\/sup>\t\t\t\t\t\t\t\t\t\t\t\t<\/div>\n\t\t\t\t\t\t\t\t\t\t\t\t<span class=\"timetable-event-country\"> <\/span>\n\t\t\t\t\t\t\t\t\t\t\t\t\n\t\t\t\t\t\t\t\t\t\t\t<\/div>\n\t\t\t\t\t\t\t\t\t\t<\/a>\n\t\t\t\t\t\t\t\t\t\t\t\t\t\t\n\t\t\t\t\t\t\t\t\t\t\t\t\t\t\t\t\t\t\t    \n\n\t\t\t\t\t\t\t\t\t\t\t\t\t\t\t\t\t\t\t\t\t\t\t\n\t\n\n\n\t\t\t\t\t\t\t\t\t\t<a href=\"https:\/\/2022.budapestritmo.hu\/en\/performer\/sekunda\/\">\t\t\t\t\t\t\t\t\t\t\t<div class=\"timetable-event\" style=\"top:280px; min-height:51.3333333333px;\">\n\n\t\t\t\t\t\t\t\t\t\t\t\t<div class=\"timetable-event-time\">\n\t\t\t\t\t\t\t\t\t\t\t\t\t19:30-20:10\t\t\t\t\t\t\t\t\t\t\t\t\t\n\t\t\t\t\t\t\t\t\t\t\t\t<\/div>\n\t\t\t\t\t\t\t\t\t\t\t\t<div class=\"timetable-event-performer\">\n\t\t\t\t\t\t\t\t\t\t\t\t\tSekunda <sup>(PL)<\/sup>\t\t\t\t\t\t\t\t\t\t\t\t<\/div>\n\t\t\t\t\t\t\t\t\t\t\t\t<span class=\"timetable-event-country\"> <\/span>\n\t\t\t\t\t\t\t\t\t\t\t\t\n\t\t\t\t\t\t\t\t\t\t\t<\/div>\n\t\t\t\t\t\t\t\t\t\t<\/a>\n\t\t\t\t\t\t\t\t\t\t\t\t\t\t\n\t\t\t\t\t\t\t\t\t\t\t\t\t\t\t\t\t\t\t    \n\n\t\t\t\t\t\t\t\t\t\t\t\t\t\t\t\t\t\t\t\t\t\t\t\n\t\n\n\n\t\t\t\t\t\t\t\t\t\t<a href=\"https:\/\/2022.budapestritmo.hu\/en\/performer\/times-new-roman\/\">\t\t\t\t\t\t\t\t\t\t\t<div class=\"timetable-event\" style=\"top:360px; min-height:58px;\">\n\n\t\t\t\t\t\t\t\t\t\t\t\t<div class=\"timetable-event-time\">\n\t\t\t\t\t\t\t\t\t\t\t\t\t20:30-21:15\t\t\t\t\t\t\t\t\t\t\t\t\t\n\t\t\t\t\t\t\t\t\t\t\t\t<\/div>\n\t\t\t\t\t\t\t\t\t\t\t\t<div class=\"timetable-event-performer\">\n\t\t\t\t\t\t\t\t\t\t\t\t\tTimes New Rom\u00e1n <sup>(HU)<\/sup>\t\t\t\t\t\t\t\t\t\t\t\t<\/div>\n\t\t\t\t\t\t\t\t\t\t\t\t<span class=\"timetable-event-country\"> <\/span>\n\t\t\t\t\t\t\t\t\t\t\t\t\n\t\t\t\t\t\t\t\t\t\t\t<\/div>\n\t\t\t\t\t\t\t\t\t\t<\/a>\n\t\t\t\t\t\t\t\t\t\t\t\t\t\t\n\t\t\t\t\t\t\t\t\t\t\t\t\t\t\t\t\t\t\t    \n\n\t\t\t\t\t\t\t\t\t\t\t\t\t\t\t\t\t\t\t\t\t\t\t\n\t\n\n\n\t\t\t\t\t\t\t\t\t\t<a href=\"https:\/\/2022.budapestritmo.hu\/en\/performer\/tegie-chlopy\/\">\t\t\t\t\t\t\t\t\t\t\t<div class=\"timetable-event\" style=\"top:520px; min-height:118px;\">\n\n\t\t\t\t\t\t\t\t\t\t\t\t<div class=\"timetable-event-time\">\n\t\t\t\t\t\t\t\t\t\t\t\t\t22:30-00:00\t\t\t\t\t\t\t\t\t\t\t\t\t\n\t\t\t\t\t\t\t\t\t\t\t\t<\/div>\n\t\t\t\t\t\t\t\t\t\t\t\t<div class=\"timetable-event-performer\">\n\t\t\t\t\t\t\t\t\t\t\t\t\tT\u0119gie Ch\u0142opy \u2013\u00a0Polish Dance House\t\t\t\t\t\t\t\t\t\t\t\t<\/div>\n\t\t\t\t\t\t\t\t\t\t\t\t<span class=\"timetable-event-country\"> <\/span>\n\t\t\t\t\t\t\t\t\t\t\t\t\n\t\t\t\t\t\t\t\t\t\t\t<\/div>\n\t\t\t\t\t\t\t\t\t\t<\/a>\n\t\t\t\t\t\t\t\t\t\t\t\t\t\t\n\t\t\t\t\t\t\t\t\t\n\t\t\t\t\t\t\t<\/div>\n\n\t\t\t\t\t\t\t\n\n\t\t\t\t\n\n\t\t\t\t\n\t\t\t\n\t\t\t<\/div> <!-- \/row -->\n\t\t<\/div>  <!-- \/container.day -->\n\n\t\t\t\n\t\t<div class=\"container-fluid day  \" id=\"day2\">\n\t\t\n\t\t\t<div class=\"row\">\n\n\n\t\t\t\t<div class=\"col-1 timetable-timeslots d-none d-md-flex\">\n\t\t\t\t\t<ul><li class=\"full-hour\">15:00<\/li><li>15:15<\/li><li>15:30<\/li><li>15:45<\/li><li class=\"full-hour\">16:00<\/li><li>16:15<\/li><li>16:30<\/li><li>16:45<\/li><li class=\"full-hour\">17:00<\/li><li>17:15<\/li><li>17:30<\/li><li>17:45<\/li><li class=\"full-hour\">18:00<\/li><li>18:15<\/li><li>18:30<\/li><li>18:45<\/li><li class=\"full-hour\">19:00<\/li><li>19:15<\/li><li>19:30<\/li><li>19:45<\/li><li class=\"full-hour\">20:00<\/li><li>20:15<\/li><li>20:30<\/li><li>20:45<\/li><li class=\"full-hour\">21:00<\/li><li>21:15<\/li><li>21:30<\/li><li>21:45<\/li><li class=\"full-hour\">22:00<\/li><li>22:15<\/li><li>22:30<\/li><li>22:45<\/li><li class=\"full-hour\">23:00<\/li><li>23:15<\/li><li>23:30<\/li><li>23:45<\/li><li class=\"full-hour\">0:00<\/li><li>0:15<\/li><li>0:30<\/li><li>0:45<\/li><\/ul>\n\t\t\t\t<\/div>\n\n\n\t\t\t\t\n\t\t\t\t\n\t\t\t\t\n\n\t\t\t\t\t\t\t<div class=\"col-12 col-sm timetable-column\">\n\t\t\t\t\t\t\t\t<div class=\"timetable-venue\">\n\t\t\t\t\t\t\t\t\tAkv\u00e1rium Klub, KisHall\t\t\t\t\t\t\t\t<\/div>\n\n\n\t\t\t\t\t\t\t\t\t\t\t\t\t\t\t\t\t\t    \n\n\t\t\t\t\t\t\t\t\t\t\t\t\t\t\t\t\t\t\t\t\t\t\t\n\t\n\n\n\t\t\t\t\t\t\t\t\t\t<a href=\"https:\/\/2022.budapestritmo.hu\/en\/performer\/sutari\/\">\t\t\t\t\t\t\t\t\t\t\t<div class=\"timetable-event\" style=\"top:440px; min-height:78px;\">\n\n\t\t\t\t\t\t\t\t\t\t\t\t<div class=\"timetable-event-time\">\n\t\t\t\t\t\t\t\t\t\t\t\t\t20:30-21:30\t\t\t\t\t\t\t\t\t\t\t\t\t\n\t\t\t\t\t\t\t\t\t\t\t\t<\/div>\n\t\t\t\t\t\t\t\t\t\t\t\t<div class=\"timetable-event-performer\">\n\t\t\t\t\t\t\t\t\t\t\t\t\tSutari <sup>(PL)<\/sup>\t\t\t\t\t\t\t\t\t\t\t\t<\/div>\n\t\t\t\t\t\t\t\t\t\t\t\t<span class=\"timetable-event-country\"> <\/span>\n\t\t\t\t\t\t\t\t\t\t\t\t\n\t\t\t\t\t\t\t\t\t\t\t<\/div>\n\t\t\t\t\t\t\t\t\t\t<\/a>\n\t\t\t\t\t\t\t\t\t\t\t\t\t\t\n\t\t\t\t\t\t\t\t\t\t\t\t\t\t\t\t\t\t\t    \n\n\t\t\t\t\t\t\t\t\t\t\t\t\t\t\t\t\t\t\t\t\t\t\t\n\t\n\n\n\t\t\t\t\t\t\t\t\t\t<a href=\"https:\/\/2022.budapestritmo.hu\/en\/performer\/ayom\/\">\t\t\t\t\t\t\t\t\t\t\t<div class=\"timetable-event\" style=\"top:560px; min-height:78px;\">\n\n\t\t\t\t\t\t\t\t\t\t\t\t<div class=\"timetable-event-time\">\n\t\t\t\t\t\t\t\t\t\t\t\t\t22:00-23:00\t\t\t\t\t\t\t\t\t\t\t\t\t\n\t\t\t\t\t\t\t\t\t\t\t\t<\/div>\n\t\t\t\t\t\t\t\t\t\t\t\t<div class=\"timetable-event-performer\">\n\t\t\t\t\t\t\t\t\t\t\t\t\tAyom <sup>(BR\/IT\/ES\/PT)<\/sup>\t\t\t\t\t\t\t\t\t\t\t\t<\/div>\n\t\t\t\t\t\t\t\t\t\t\t\t<span class=\"timetable-event-country\"> <\/span>\n\t\t\t\t\t\t\t\t\t\t\t\t\n\t\t\t\t\t\t\t\t\t\t\t<\/div>\n\t\t\t\t\t\t\t\t\t\t<\/a>\n\t\t\t\t\t\t\t\t\t\t\t\t\t\t\n\t\t\t\t\t\t\t\t\t\n\t\t\t\t\t\t\t<\/div>\n\n\t\t\t\t\n\n\t\t\t\t\t\t\t<div class=\"col-12 col-sm timetable-column\">\n\t\t\t\t\t\t\t\t<div class=\"timetable-venue\">\n\t\t\t\t\t\t\t\t\tAkv\u00e1rium Klub, NagyHall\t\t\t\t\t\t\t\t<\/div>\n\n\n\t\t\t\t\t\t\t\t\t\t\t\t\t\t\t\t\t\t    \n\n\t\t\t\t\t\t\t\t\t\t\t\t\t\t\t\t\t\t\t\t\t\t\t\n\t\n\n\n\t\t\t\t\t\t\t\t\t\t<a href=\"https:\/\/2022.budapestritmo.hu\/en\/performer\/besh-o-drom\/\">\t\t\t\t\t\t\t\t\t\t\t<div class=\"timetable-event\" style=\"top:400px; min-height:78px;\">\n\n\t\t\t\t\t\t\t\t\t\t\t\t<div class=\"timetable-event-time\">\n\t\t\t\t\t\t\t\t\t\t\t\t\t20:00-21:00\t\t\t\t\t\t\t\t\t\t\t\t\t\n\t\t\t\t\t\t\t\t\t\t\t\t<\/div>\n\t\t\t\t\t\t\t\t\t\t\t\t<div class=\"timetable-event-performer\">\n\t\t\t\t\t\t\t\t\t\t\t\t\tBesh o droM <sup>(HU)<\/sup>\t\t\t\t\t\t\t\t\t\t\t\t<\/div>\n\t\t\t\t\t\t\t\t\t\t\t\t<span class=\"timetable-event-country\"> <\/span>\n\t\t\t\t\t\t\t\t\t\t\t\t\n\t\t\t\t\t\t\t\t\t\t\t<\/div>\n\t\t\t\t\t\t\t\t\t\t<\/a>\n\t\t\t\t\t\t\t\t\t\t\t\t\t\t\n\t\t\t\t\t\t\t\t\t\t\t\t\t\t\t\t\t\t\t    \n\n\t\t\t\t\t\t\t\t\t\t\t\t\t\t\t\t\t\t\t\t\t\t\t\n\t\n\n\n\t\t\t\t\t\t\t\t\t\t<a href=\"https:\/\/2022.budapestritmo.hu\/en\/performer\/kalascima\/\">\t\t\t\t\t\t\t\t\t\t\t<div class=\"timetable-event\" style=\"top:520px; min-height:78px;\">\n\n\t\t\t\t\t\t\t\t\t\t\t\t<div class=\"timetable-event-time\">\n\t\t\t\t\t\t\t\t\t\t\t\t\t21:30-22:30\t\t\t\t\t\t\t\t\t\t\t\t\t\n\t\t\t\t\t\t\t\t\t\t\t\t<\/div>\n\t\t\t\t\t\t\t\t\t\t\t\t<div class=\"timetable-event-performer\">\n\t\t\t\t\t\t\t\t\t\t\t\t\tKal\u00e0scima <sup>(IT)<\/sup>\t\t\t\t\t\t\t\t\t\t\t\t<\/div>\n\t\t\t\t\t\t\t\t\t\t\t\t<span class=\"timetable-event-country\"> <\/span>\n\t\t\t\t\t\t\t\t\t\t\t\t\n\t\t\t\t\t\t\t\t\t\t\t<\/div>\n\t\t\t\t\t\t\t\t\t\t<\/a>\n\t\t\t\t\t\t\t\t\t\t\t\t\t\t\n\t\t\t\t\t\t\t\t\t\t\t\t\t\t\t\t\t\t\t    \n\n\t\t\t\t\t\t\t\t\t\t\t\t\t\t\t\t\t\t\t\t\t\t\t\n\t\n\n\n\t\t\t\t\t\t\t\t\t\t<a href=\"https:\/\/2022.budapestritmo.hu\/en\/performer\/amadou-mariam\/\">\t\t\t\t\t\t\t\t\t\t\t<div class=\"timetable-event\" style=\"top:640px; min-height:78px;\">\n\n\t\t\t\t\t\t\t\t\t\t\t\t<div class=\"timetable-event-time\">\n\t\t\t\t\t\t\t\t\t\t\t\t\t23:00-00:00\t\t\t\t\t\t\t\t\t\t\t\t\t\n\t\t\t\t\t\t\t\t\t\t\t\t<\/div>\n\t\t\t\t\t\t\t\t\t\t\t\t<div class=\"timetable-event-performer\">\n\t\t\t\t\t\t\t\t\t\t\t\t\tAmadou &#038; Mariam <sup>(ML)<\/sup>\t\t\t\t\t\t\t\t\t\t\t\t<\/div>\n\t\t\t\t\t\t\t\t\t\t\t\t<span class=\"timetable-event-country\"> <\/span>\n\t\t\t\t\t\t\t\t\t\t\t\t\n\t\t\t\t\t\t\t\t\t\t\t<\/div>\n\t\t\t\t\t\t\t\t\t\t<\/a>\n\t\t\t\t\t\t\t\t\t\t\t\t\t\t\n\t\t\t\t\t\t\t\t\t\n\t\t\t\t\t\t\t<\/div>\n\n\t\t\t\t\n\n\t\t\t\t\t\t\t<div class=\"col-12 col-sm timetable-column\">\n\t\t\t\t\t\t\t\t<div class=\"timetable-venue\">\n\t\t\t\t\t\t\t\t\tAkv\u00e1rium Klub, VOLT Lok\u00e1l\t\t\t\t\t\t\t\t<\/div>\n\n\n\t\t\t\t\t\t\t\t\t\t\t\t\t\t\t\t\t\t    \n\n\t\t\t\t\t\t\t\t\t\t\t\t\t\t\t\t\t\t\t\t\t\t\t\n\t\n\n\n\t\t\t\t\t\t\t\t\t\t<a href=\"https:\/\/2022.budapestritmo.hu\/en\/performer\/damir-imamovic\/\">\t\t\t\t\t\t\t\t\t\t\t<div class=\"timetable-event\" style=\"top:600px; min-height:78px;\">\n\n\t\t\t\t\t\t\t\t\t\t\t\t<div class=\"timetable-event-time\">\n\t\t\t\t\t\t\t\t\t\t\t\t\t22:30-23:30\t\t\t\t\t\t\t\t\t\t\t\t\t\n\t\t\t\t\t\t\t\t\t\t\t\t<\/div>\n\t\t\t\t\t\t\t\t\t\t\t\t<div class=\"timetable-event-performer\">\n\t\t\t\t\t\t\t\t\t\t\t\t\tDamir Imamovi\u0107 <sup>(BIH)<\/sup>\t\t\t\t\t\t\t\t\t\t\t\t<\/div>\n\t\t\t\t\t\t\t\t\t\t\t\t<span class=\"timetable-event-country\"> <\/span>\n\t\t\t\t\t\t\t\t\t\t\t\t\n\t\t\t\t\t\t\t\t\t\t\t<\/div>\n\t\t\t\t\t\t\t\t\t\t<\/a>\n\t\t\t\t\t\t\t\t\t\t\t\t\t\t\n\t\t\t\t\t\t\t\t\t\t\t\t\t\t\t\t\t\t\t    \n\n\t\t\t\t\t\t\t\t\t\t\t\t\t\t\t\t\t\t\t\t\t\t\t\n\t\n\n\n\t\t\t\t\t\t\t\t\t\t<a href=\"https:\/\/2022.budapestritmo.hu\/en\/performer\/ahmetcan-tasdemir\/\">\t\t\t\t\t\t\t\t\t\t\t<div class=\"timetable-event\" style=\"top:680px; min-height:158px;\">\n\n\t\t\t\t\t\t\t\t\t\t\t\t<div class=\"timetable-event-time\">\n\t\t\t\t\t\t\t\t\t\t\t\t\t23:30-01:30\t\t\t\t\t\t\t\t\t\t\t\t\t\n\t\t\t\t\t\t\t\t\t\t\t\t<\/div>\n\t\t\t\t\t\t\t\t\t\t\t\t<div class=\"timetable-event-performer\">\n\t\t\t\t\t\t\t\t\t\t\t\t\t[Venue Change] AhmetJah (DJ Session) <sup>(TR)<\/sup>\t\t\t\t\t\t\t\t\t\t\t\t<\/div>\n\t\t\t\t\t\t\t\t\t\t\t\t<span class=\"timetable-event-country\"> <\/span>\n\t\t\t\t\t\t\t\t\t\t\t\t\n\t\t\t\t\t\t\t\t\t\t\t<\/div>\n\t\t\t\t\t\t\t\t\t\t<\/a>\n\t\t\t\t\t\t\t\t\t\t\t\t\t\t\n\t\t\t\t\t\t\t\t\t\n\t\t\t\t\t\t\t<\/div>\n\n\t\t\t\t\n\n\t\t\t\t\t\t\t<div class=\"col-12 col-sm timetable-column\">\n\t\t\t\t\t\t\t\t<div class=\"timetable-venue\">\n\t\t\t\t\t\t\t\t\tToldi, Kisterem\t\t\t\t\t\t\t\t<\/div>\n\n\n\t\t\t\t\t\t\t\t\t\t\t\t\t\t\t\t\t\t    \n\n\t\t\t\t\t\t\t\t\t\t\t\t\t\t\t\t\t\t\t\t\t\t\t\n\t\n\n\n\t\t\t\t\t\t\t\t\t\t<a href=\"https:\/\/2022.budapestritmo.hu\/en\/movie\/ritmo-film-21\/\">\t\t\t\t\t\t\t\t\t\t\t<div class=\"timetable-event\" style=\"top:80px; min-height:198px;\">\n\n\t\t\t\t\t\t\t\t\t\t\t\t<div class=\"timetable-event-time\">\n\t\t\t\t\t\t\t\t\t\t\t\t\t16:00-18:30\t\t\t\t\t\t\t\t\t\t\t\t\t\n\t\t\t\t\t\t\t\t\t\t\t\t<\/div>\n\t\t\t\t\t\t\t\t\t\t\t\t<div class=\"timetable-event-performer\">\n\t\t\t\t\t\t\t\t\t\t\t\t\t2021 Ritmo Music Films\t\t\t\t\t\t\t\t\t\t\t\t<\/div>\n\t\t\t\t\t\t\t\t\t\t\t\t<span class=\"timetable-event-country\"><ul>\n<li>K\u00e1roly Cserepes x G\u00e1bor Karcis x M\u00e1ty\u00e1s K\u00e1lm\u00e1n<\/li>\n<li>Dresch String Quartet x Attila Damokos<\/li>\n<li>Mord\u00e1i x G\u00e1bor Reisz x B\u00e1lint Szimler<\/li>\n<li>Odd ID x Fanni Szil\u00e1gyi<\/li>\n<\/ul>\n <\/span>\n\t\t\t\t\t\t\t\t\t\t\t\t\n\t\t\t\t\t\t\t\t\t\t\t<\/div>\n\t\t\t\t\t\t\t\t\t\t<\/a>\n\t\t\t\t\t\t\t\t\t\t\t\t\t\t\n\t\t\t\t\t\t\t\t\t\n\t\t\t\t\t\t\t<\/div>\n\n\t\t\t\t\n\n\t\t\t\t\t\t\t<div class=\"col-12 col-sm timetable-column\">\n\t\t\t\t\t\t\t\t<div class=\"timetable-venue\">\n\t\t\t\t\t\t\t\t\tToldi, Nagyterem\t\t\t\t\t\t\t\t<\/div>\n\n\n\t\t\t\t\t\t\t\t\t\t\t\t\t\t\t\t\t\t    \n\n\t\t\t\t\t\t\t\t\t\t\t\t\t\t\t\t\t\t\t\t\t\t\t\n\t\n\n\n\t\t\t\t\t\t\t\t\t\t<a href=\"https:\/\/2022.budapestritmo.hu\/en\/movie\/repulj-madar-repulj\/\">\t\t\t\t\t\t\t\t\t\t\t<div class=\"timetable-event\" style=\"top:40px; min-height:78px;\">\n\n\t\t\t\t\t\t\t\t\t\t\t\t<div class=\"timetable-event-time\">\n\t\t\t\t\t\t\t\t\t\t\t\t\t15:30-16:30\t\t\t\t\t\t\t\t\t\t\t\t\t\n\t\t\t\t\t\t\t\t\t\t\t\t<\/div>\n\t\t\t\t\t\t\t\t\t\t\t\t<div class=\"timetable-event-performer\">\n\t\t\t\t\t\t\t\t\t\t\t\t\tFly Bird, Fly&#8230; <sup>(HU\/UK)<\/sup>\t\t\t\t\t\t\t\t\t\t\t\t<\/div>\n\t\t\t\t\t\t\t\t\t\t\t\t<span class=\"timetable-event-country\"> <\/span>\n\t\t\t\t\t\t\t\t\t\t\t\t\n\t\t\t\t\t\t\t\t\t\t\t<\/div>\n\t\t\t\t\t\t\t\t\t\t<\/a>\n\t\t\t\t\t\t\t\t\t\t\t\t\t\t\n\t\t\t\t\t\t\t\t\t\t\t\t\t\t\t\t\t\t\t    \n\n\t\t\t\t\t\t\t\t\t\t\t\t\t\t\t\t\t\t\t\t\t\t\t\n\t\n\n\n\t\t\t\t\t\t\t\t\t\t<a href=\"https:\/\/2022.budapestritmo.hu\/en\/movie\/silencio-lisszabon-hangjai\/\">\t\t\t\t\t\t\t\t\t\t\t<div class=\"timetable-event\" style=\"top:160px; min-height:158px;\">\n\n\t\t\t\t\t\t\t\t\t\t\t\t<div class=\"timetable-event-time\">\n\t\t\t\t\t\t\t\t\t\t\t\t\t17:00-19:00\t\t\t\t\t\t\t\t\t\t\t\t\t\n\t\t\t\t\t\t\t\t\t\t\t\t<\/div>\n\t\t\t\t\t\t\t\t\t\t\t\t<div class=\"timetable-event-performer\">\n\t\t\t\t\t\t\t\t\t\t\t\t\tSil\u00eancio \u2013 Voices of Lisbon <sup>(PT)<\/sup>\t\t\t\t\t\t\t\t\t\t\t\t<\/div>\n\t\t\t\t\t\t\t\t\t\t\t\t<span class=\"timetable-event-country\"><p>After:<br \/>\n<b>Interview with the director<br \/>\n<\/b>18:30-19:00<\/p>\n <\/span>\n\t\t\t\t\t\t\t\t\t\t\t\t\n\t\t\t\t\t\t\t\t\t\t\t<\/div>\n\t\t\t\t\t\t\t\t\t\t<\/a>\n\t\t\t\t\t\t\t\t\t\t\t\t\t\t\n\t\t\t\t\t\t\t\t\t\n\t\t\t\t\t\t\t<\/div>\n\n\t\t\t\t\t\t\t\n\n\t\t\t\t\n\n\t\t\t\t\n\t\t\t\n\t\t\t<\/div> <!-- \/row -->\n\t\t<\/div>  <!-- \/container.day -->\n\n\t\t\t\n\t\t<div class=\"container-fluid day  \" id=\"day3\">\n\t\t\n\t\t\t<div class=\"row\">\n\n\n\t\t\t\t<div class=\"col-1 timetable-timeslots d-none d-md-flex\">\n\t\t\t\t\t<ul><li class=\"full-hour\">15:00<\/li><li>15:15<\/li><li>15:30<\/li><li>15:45<\/li><li class=\"full-hour\">16:00<\/li><li>16:15<\/li><li>16:30<\/li><li>16:45<\/li><li class=\"full-hour\">17:00<\/li><li>17:15<\/li><li>17:30<\/li><li>17:45<\/li><li class=\"full-hour\">18:00<\/li><li>18:15<\/li><li>18:30<\/li><li>18:45<\/li><li class=\"full-hour\">19:00<\/li><li>19:15<\/li><li>19:30<\/li><li>19:45<\/li><li class=\"full-hour\">20:00<\/li><li>20:15<\/li><li>20:30<\/li><li>20:45<\/li><li class=\"full-hour\">21:00<\/li><li>21:15<\/li><li>21:30<\/li><li>21:45<\/li><li class=\"full-hour\">22:00<\/li><li>22:15<\/li><li>22:30<\/li><li>22:45<\/li><li class=\"full-hour\">23:00<\/li><li>23:15<\/li><li>23:30<\/li><li>23:45<\/li><li class=\"full-hour\">0:00<\/li><li>0:15<\/li><li>0:30<\/li><li>0:45<\/li><\/ul>\n\t\t\t\t<\/div>\n\n\n\t\t\t\t\n\t\t\t\t\n\t\t\t\t\n\n\t\t\t\t\t\t\t<div class=\"col-12 col-sm timetable-column\">\n\t\t\t\t\t\t\t\t<div class=\"timetable-venue\">\n\t\t\t\t\t\t\t\t\tAkv\u00e1rium Klub, KisHall\t\t\t\t\t\t\t\t<\/div>\n\n\n\t\t\t\t\t\t\t\t\t\t\t\t\t\t\t\t\t\t    \n\n\t\t\t\t\t\t\t\t\t\t\t\t\t\t\t\t\t\t\t\t\t\t\t\n\t\n\n\n\t\t\t\t\t\t\t\t\t\t<a href=\"https:\/\/2022.budapestritmo.hu\/en\/performer\/boi-akih\/\">\t\t\t\t\t\t\t\t\t\t\t<div class=\"timetable-event\" style=\"top:440px; min-height:78px;\">\n\n\t\t\t\t\t\t\t\t\t\t\t\t<div class=\"timetable-event-time\">\n\t\t\t\t\t\t\t\t\t\t\t\t\t20:30-21:30\t\t\t\t\t\t\t\t\t\t\t\t\t\n\t\t\t\t\t\t\t\t\t\t\t\t<\/div>\n\t\t\t\t\t\t\t\t\t\t\t\t<div class=\"timetable-event-performer\">\n\t\t\t\t\t\t\t\t\t\t\t\t\tBoi Akih <sup>(NL\/GN\/HU)<\/sup>\t\t\t\t\t\t\t\t\t\t\t\t<\/div>\n\t\t\t\t\t\t\t\t\t\t\t\t<span class=\"timetable-event-country\"> <\/span>\n\t\t\t\t\t\t\t\t\t\t\t\t\n\t\t\t\t\t\t\t\t\t\t\t<\/div>\n\t\t\t\t\t\t\t\t\t\t<\/a>\n\t\t\t\t\t\t\t\t\t\t\t\t\t\t\n\t\t\t\t\t\t\t\t\t\t\t\t\t\t\t\t\t\t\t    \n\n\t\t\t\t\t\t\t\t\t\t\t\t\t\t\t\t\t\t\t\t\t\t\t\n\t\n\n\n\t\t\t\t\t\t\t\t\t\t<a href=\"https:\/\/2022.budapestritmo.hu\/en\/performer\/antonio-zambujo\/\">\t\t\t\t\t\t\t\t\t\t\t<div class=\"timetable-event\" style=\"top:560px; min-height:78px;\">\n\n\t\t\t\t\t\t\t\t\t\t\t\t<div class=\"timetable-event-time\">\n\t\t\t\t\t\t\t\t\t\t\t\t\t22:00-23:00\t\t\t\t\t\t\t\t\t\t\t\t\t\n\t\t\t\t\t\t\t\t\t\t\t\t<\/div>\n\t\t\t\t\t\t\t\t\t\t\t\t<div class=\"timetable-event-performer\">\n\t\t\t\t\t\t\t\t\t\t\t\t\tAnt\u00f3nio Zambujo <sup>(PT)<\/sup>\t\t\t\t\t\t\t\t\t\t\t\t<\/div>\n\t\t\t\t\t\t\t\t\t\t\t\t<span class=\"timetable-event-country\"> <\/span>\n\t\t\t\t\t\t\t\t\t\t\t\t\n\t\t\t\t\t\t\t\t\t\t\t<\/div>\n\t\t\t\t\t\t\t\t\t\t<\/a>\n\t\t\t\t\t\t\t\t\t\t\t\t\t\t\n\t\t\t\t\t\t\t\t\t\n\t\t\t\t\t\t\t<\/div>\n\n\t\t\t\t\n\n\t\t\t\t\t\t\t<div class=\"col-12 col-sm timetable-column\">\n\t\t\t\t\t\t\t\t<div class=\"timetable-venue\">\n\t\t\t\t\t\t\t\t\tAkv\u00e1rium Klub, NagyHall\t\t\t\t\t\t\t\t<\/div>\n\n\n\t\t\t\t\t\t\t\t\t\t\t\t\t\t\t\t\t\t    \n\n\t\t\t\t\t\t\t\t\t\t\t\t\t\t\t\t\t\t\t\t\t\t\t\n\t\n\n\n\t\t\t\t\t\t\t\t\t\t<a href=\"https:\/\/2022.budapestritmo.hu\/en\/performer\/divanhana\/\">\t\t\t\t\t\t\t\t\t\t\t<div class=\"timetable-event\" style=\"top:400px; min-height:78px;\">\n\n\t\t\t\t\t\t\t\t\t\t\t\t<div class=\"timetable-event-time\">\n\t\t\t\t\t\t\t\t\t\t\t\t\t20:00-21:00\t\t\t\t\t\t\t\t\t\t\t\t\t\n\t\t\t\t\t\t\t\t\t\t\t\t<\/div>\n\t\t\t\t\t\t\t\t\t\t\t\t<div class=\"timetable-event-performer\">\n\t\t\t\t\t\t\t\t\t\t\t\t\tDivanhana <sup>(BIH)<\/sup>\t\t\t\t\t\t\t\t\t\t\t\t<\/div>\n\t\t\t\t\t\t\t\t\t\t\t\t<span class=\"timetable-event-country\"> <\/span>\n\t\t\t\t\t\t\t\t\t\t\t\t\n\t\t\t\t\t\t\t\t\t\t\t<\/div>\n\t\t\t\t\t\t\t\t\t\t<\/a>\n\t\t\t\t\t\t\t\t\t\t\t\t\t\t\n\t\t\t\t\t\t\t\t\t\t\t\t\t\t\t\t\t\t\t    \n\n\t\t\t\t\t\t\t\t\t\t\t\t\t\t\t\t\t\t\t\t\t\t\t\n\t\n\n\n\t\t\t\t\t\t\t\t\t\t<a href=\"https:\/\/2022.budapestritmo.hu\/en\/performer\/random-trip\/\">\t\t\t\t\t\t\t\t\t\t\t<div class=\"timetable-event\" style=\"top:520px; min-height:78px;\">\n\n\t\t\t\t\t\t\t\t\t\t\t\t<div class=\"timetable-event-time\">\n\t\t\t\t\t\t\t\t\t\t\t\t\t21:30-22:30\t\t\t\t\t\t\t\t\t\t\t\t\t\n\t\t\t\t\t\t\t\t\t\t\t\t<\/div>\n\t\t\t\t\t\t\t\t\t\t\t\t<div class=\"timetable-event-performer\">\n\t\t\t\t\t\t\t\t\t\t\t\t\tRandom Trip <sup>(HU)<\/sup>\t\t\t\t\t\t\t\t\t\t\t\t<\/div>\n\t\t\t\t\t\t\t\t\t\t\t\t<span class=\"timetable-event-country\"><p>feat.<strong> Palya Bea, Borb\u00e9ly Mih\u00e1ly, Luk\u00e1cs Mikl\u00f3s<\/strong> &amp; <strong>Zentai M\u00e1rk<\/strong><\/p>\n <\/span>\n\t\t\t\t\t\t\t\t\t\t\t\t\n\t\t\t\t\t\t\t\t\t\t\t<\/div>\n\t\t\t\t\t\t\t\t\t\t<\/a>\n\t\t\t\t\t\t\t\t\t\t\t\t\t\t\n\t\t\t\t\t\t\t\t\t\t\t\t\t\t\t\t\t\t\t    \n\n\t\t\t\t\t\t\t\t\t\t\t\t\t\t\t\t\t\t\t\t\t\t\t\n\t\n\n\n\t\t\t\t\t\t\t\t\t\t<a href=\"https:\/\/2022.budapestritmo.hu\/en\/performer\/liraz\/\">\t\t\t\t\t\t\t\t\t\t\t<div class=\"timetable-event\" style=\"top:640px; min-height:78px;\">\n\n\t\t\t\t\t\t\t\t\t\t\t\t<div class=\"timetable-event-time\">\n\t\t\t\t\t\t\t\t\t\t\t\t\t23:00-00:00\t\t\t\t\t\t\t\t\t\t\t\t\t\n\t\t\t\t\t\t\t\t\t\t\t\t<\/div>\n\t\t\t\t\t\t\t\t\t\t\t\t<div class=\"timetable-event-performer\">\n\t\t\t\t\t\t\t\t\t\t\t\t\tLiraz <sup>(IL)<\/sup>\t\t\t\t\t\t\t\t\t\t\t\t<\/div>\n\t\t\t\t\t\t\t\t\t\t\t\t<span class=\"timetable-event-country\"> <\/span>\n\t\t\t\t\t\t\t\t\t\t\t\t\n\t\t\t\t\t\t\t\t\t\t\t<\/div>\n\t\t\t\t\t\t\t\t\t\t<\/a>\n\t\t\t\t\t\t\t\t\t\t\t\t\t\t\n\t\t\t\t\t\t\t\t\t\n\t\t\t\t\t\t\t<\/div>\n\n\t\t\t\t\n\n\t\t\t\t\t\t\t<div class=\"col-12 col-sm timetable-column\">\n\t\t\t\t\t\t\t\t<div class=\"timetable-venue\">\n\t\t\t\t\t\t\t\t\tAkv\u00e1rium Klub, VOLT Lok\u00e1l\t\t\t\t\t\t\t\t<\/div>\n\n\n\t\t\t\t\t\t\t\t\t\t\t\t\t\t\t\t\t\t    \n\n\t\t\t\t\t\t\t\t\t\t\t\t\t\t\t\t\t\t\t\t\t\t\t\n\t\n\n\n\t\t\t\t\t\t\t\t\t\t<a href=\"https:\/\/2022.budapestritmo.hu\/en\/performer\/marta-miranda-trio\/\">\t\t\t\t\t\t\t\t\t\t\t<div class=\"timetable-event\" style=\"top:480px; min-height:78px;\">\n\n\t\t\t\t\t\t\t\t\t\t\t\t<div class=\"timetable-event-time\">\n\t\t\t\t\t\t\t\t\t\t\t\t\t21:00-22:00\t\t\t\t\t\t\t\t\t\t\t\t\t\n\t\t\t\t\t\t\t\t\t\t\t\t<\/div>\n\t\t\t\t\t\t\t\t\t\t\t\t<div class=\"timetable-event-performer\">\n\t\t\t\t\t\t\t\t\t\t\t\t\tFadiagens &#8211; Voices of Lisbon <sup>(PT)<\/sup>\t\t\t\t\t\t\t\t\t\t\t\t<\/div>\n\t\t\t\t\t\t\t\t\t\t\t\t<span class=\"timetable-event-country\"> <\/span>\n\t\t\t\t\t\t\t\t\t\t\t\t\n\t\t\t\t\t\t\t\t\t\t\t<\/div>\n\t\t\t\t\t\t\t\t\t\t<\/a>\n\t\t\t\t\t\t\t\t\t\t\t\t\t\t\n\t\t\t\t\t\t\t\t\t\t\t\t\t\t\t\t\t\t\t    \n\n\t\t\t\t\t\t\t\t\t\t\t\t\t\t\t\t\t\t\t\t\t\t\t\n\t\n\n\n\t\t\t\t\t\t\t\t\t\t<a href=\"https:\/\/2022.budapestritmo.hu\/en\/performer\/hannah-james-toby-kuhn\/\">\t\t\t\t\t\t\t\t\t\t\t<div class=\"timetable-event\" style=\"top:600px; min-height:78px;\">\n\n\t\t\t\t\t\t\t\t\t\t\t\t<div class=\"timetable-event-time\">\n\t\t\t\t\t\t\t\t\t\t\t\t\t22:30-23:30\t\t\t\t\t\t\t\t\t\t\t\t\t\n\t\t\t\t\t\t\t\t\t\t\t\t<\/div>\n\t\t\t\t\t\t\t\t\t\t\t\t<div class=\"timetable-event-performer\">\n\t\t\t\t\t\t\t\t\t\t\t\t\tHannah James &#038; Toby Kuhn <sup>(UK\/FR)<\/sup>\t\t\t\t\t\t\t\t\t\t\t\t<\/div>\n\t\t\t\t\t\t\t\t\t\t\t\t<span class=\"timetable-event-country\"> <\/span>\n\t\t\t\t\t\t\t\t\t\t\t\t\n\t\t\t\t\t\t\t\t\t\t\t<\/div>\n\t\t\t\t\t\t\t\t\t\t<\/a>\n\t\t\t\t\t\t\t\t\t\t\t\t\t\t\n\t\t\t\t\t\t\t\t\t\t\t\t\t\t\t\t\t\t\t    \n\n\t\t\t\t\t\t\t\t\t\t\t\t\t\t\t\t\t\t\t\t\t\t\t\n\t\n\n\n\t\t\t\t\t\t\t\t\t\t<a href=\"https:\/\/2022.budapestritmo.hu\/en\/performer\/savages-y-suefo\/\">\t\t\t\t\t\t\t\t\t\t\t<div class=\"timetable-event\" style=\"top:680px; min-height:158px;\">\n\n\t\t\t\t\t\t\t\t\t\t\t\t<div class=\"timetable-event-time\">\n\t\t\t\t\t\t\t\t\t\t\t\t\t23:30-01:30\t\t\t\t\t\t\t\t\t\t\t\t\t\n\t\t\t\t\t\t\t\t\t\t\t\t<\/div>\n\t\t\t\t\t\t\t\t\t\t\t\t<div class=\"timetable-event-performer\">\n\t\t\t\t\t\t\t\t\t\t\t\t\t[Venue Change] Savages y Suefo (DJ Session) <sup>(HU)<\/sup>\t\t\t\t\t\t\t\t\t\t\t\t<\/div>\n\t\t\t\t\t\t\t\t\t\t\t\t<span class=\"timetable-event-country\"> <\/span>\n\t\t\t\t\t\t\t\t\t\t\t\t\n\t\t\t\t\t\t\t\t\t\t\t<\/div>\n\t\t\t\t\t\t\t\t\t\t<\/a>\n\t\t\t\t\t\t\t\t\t\t\t\t\t\t\n\t\t\t\t\t\t\t\t\t\n\t\t\t\t\t\t\t<\/div>\n\n\t\t\t\t\n\n\t\t\t\t\t\t\t<div class=\"col-12 col-sm timetable-column\">\n\t\t\t\t\t\t\t\t<div class=\"timetable-venue\">\n\t\t\t\t\t\t\t\t\tToldi, Kisterem\t\t\t\t\t\t\t\t<\/div>\n\n\n\t\t\t\t\t\t\t\t\t\t\t\t\t\t\t\t\t\t    \n\n\t\t\t\t\t\t\t\t\t\t\t\t\t\t\t\t\t\t\t\t\t\t\t\n\t\n\n\n\t\t\t\t\t\t\t\t\t\t<a href=\"https:\/\/2022.budapestritmo.hu\/en\/movie\/ritmo-film-21\/\">\t\t\t\t\t\t\t\t\t\t\t<div class=\"timetable-event\" style=\"top:80px; min-height:198px;\">\n\n\t\t\t\t\t\t\t\t\t\t\t\t<div class=\"timetable-event-time\">\n\t\t\t\t\t\t\t\t\t\t\t\t\t16:00-18:30\t\t\t\t\t\t\t\t\t\t\t\t\t\n\t\t\t\t\t\t\t\t\t\t\t\t<\/div>\n\t\t\t\t\t\t\t\t\t\t\t\t<div class=\"timetable-event-performer\">\n\t\t\t\t\t\t\t\t\t\t\t\t\t2021 Ritmo Music Films\t\t\t\t\t\t\t\t\t\t\t\t<\/div>\n\t\t\t\t\t\t\t\t\t\t\t\t<span class=\"timetable-event-country\"><ul>\n<li>Cserepes K\u00e1roly x Karcis G\u00e1bor x K\u00e1lm\u00e1n M\u00e1ty\u00e1s<\/li>\n<li>Dresch Von\u00f3s Quartet x Damokos Attila<\/li>\n<li>Mord\u00e1i x Reisz G\u00e1bor x Szimler B\u00e1lint<\/li>\n<li>Odd ID x Szil\u00e1gyi Fanni<\/li>\n<\/ul>\n <\/span>\n\t\t\t\t\t\t\t\t\t\t\t\t\n\t\t\t\t\t\t\t\t\t\t\t<\/div>\n\t\t\t\t\t\t\t\t\t\t<\/a>\n\t\t\t\t\t\t\t\t\t\t\t\t\t\t\n\t\t\t\t\t\t\t\t\t\n\t\t\t\t\t\t\t<\/div>\n\n\t\t\t\t\n\n\t\t\t\t\t\t\t<div class=\"col-12 col-sm timetable-column\">\n\t\t\t\t\t\t\t\t<div class=\"timetable-venue\">\n\t\t\t\t\t\t\t\t\tToldi, Nagyterem\t\t\t\t\t\t\t\t<\/div>\n\n\n\t\t\t\t\t\t\t\t\t\t\t\t\t\t\t\t\t\t    \n\n\t\t\t\t\t\t\t\t\t\t\t\t\t\t\t\t\t\t\t\t\t\t\t\n\t\n\n\n\t\t\t\t\t\t\t\t\t\t<a href=\"https:\/\/2022.budapestritmo.hu\/en\/movie\/the-soil-a-mi-foldunk\/\">\t\t\t\t\t\t\t\t\t\t\t<div class=\"timetable-event\" style=\"top:40px; min-height:118px;\">\n\n\t\t\t\t\t\t\t\t\t\t\t\t<div class=\"timetable-event-time\">\n\t\t\t\t\t\t\t\t\t\t\t\t\t15:30-17:00\t\t\t\t\t\t\t\t\t\t\t\t\t\n\t\t\t\t\t\t\t\t\t\t\t\t<\/div>\n\t\t\t\t\t\t\t\t\t\t\t\t<div class=\"timetable-event-performer\">\n\t\t\t\t\t\t\t\t\t\t\t\t\tThe Soil <sup>(PL)<\/sup>\t\t\t\t\t\t\t\t\t\t\t\t<\/div>\n\t\t\t\t\t\t\t\t\t\t\t\t<span class=\"timetable-event-country\"><p>Q&amp;A with the director of the film:<br \/>\n09 April Saturday 4:30 PM | Toldi, Nagyterem<\/p>\n <\/span>\n\t\t\t\t\t\t\t\t\t\t\t\t\n\t\t\t\t\t\t\t\t\t\t\t<\/div>\n\t\t\t\t\t\t\t\t\t\t<\/a>\n\t\t\t\t\t\t\t\t\t\t\t\t\t\t\n\t\t\t\t\t\t\t\t\t\t\t\t\t\t\t\t\t\t\t    \n\n\t\t\t\t\t\t\t\t\t\t\t\t\t\t\t\t\t\t\t\t\t\t\t\n\t\n\n\n\t\t\t\t\t\t\t\t\t\t<a href=\"https:\/\/2022.budapestritmo.hu\/en\/movie\/silencio-lisszabon-hangjai\/\">\t\t\t\t\t\t\t\t\t\t\t<div class=\"timetable-event\" style=\"top:200px; min-height:118px;\">\n\n\t\t\t\t\t\t\t\t\t\t\t\t<div class=\"timetable-event-time\">\n\t\t\t\t\t\t\t\t\t\t\t\t\t17:30-19:00\t\t\t\t\t\t\t\t\t\t\t\t\t\n\t\t\t\t\t\t\t\t\t\t\t\t<\/div>\n\t\t\t\t\t\t\t\t\t\t\t\t<div class=\"timetable-event-performer\">\n\t\t\t\t\t\t\t\t\t\t\t\t\tSil\u00eancio \u2013 Voices of Lisbon <sup>(PT)<\/sup>\t\t\t\t\t\t\t\t\t\t\t\t<\/div>\n\t\t\t\t\t\t\t\t\t\t\t\t<span class=\"timetable-event-country\"> <\/span>\n\t\t\t\t\t\t\t\t\t\t\t\t\n\t\t\t\t\t\t\t\t\t\t\t<\/div>\n\t\t\t\t\t\t\t\t\t\t<\/a>\n\t\t\t\t\t\t\t\t\t\t\t\t\t\t\n\t\t\t\t\t\t\t\t\t\n\t\t\t\t\t\t\t<\/div>\n\n\t\t\t\t\t\t\t\n\n\t\t\t\t\n\n\t\t\t\t\n\t\t\t\n\t\t\t<\/div> <!-- \/row -->\n\t\t<\/div>  <!-- \/container.day -->\n\n\t\t\t\n\t\t<div class=\"container-fluid day  \" id=\"day4\">\n\t\t\n\t\t\t<div class=\"row\">\n\n\n\t\t\t\t<div class=\"col-1 timetable-timeslots d-none d-md-flex\">\n\t\t\t\t\t<ul><li class=\"full-hour\">15:00<\/li><li>15:15<\/li><li>15:30<\/li><li>15:45<\/li><li class=\"full-hour\">16:00<\/li><li>16:15<\/li><li>16:30<\/li><li>16:45<\/li><li class=\"full-hour\">17:00<\/li><li>17:15<\/li><li>17:30<\/li><li>17:45<\/li><li class=\"full-hour\">18:00<\/li><li>18:15<\/li><li>18:30<\/li><li>18:45<\/li><li class=\"full-hour\">19:00<\/li><li>19:15<\/li><li>19:30<\/li><li>19:45<\/li><li class=\"full-hour\">20:00<\/li><li>20:15<\/li><li>20:30<\/li><li>20:45<\/li><li class=\"full-hour\">21:00<\/li><li>21:15<\/li><li>21:30<\/li><li>21:45<\/li><li class=\"full-hour\">22:00<\/li><li>22:15<\/li><li>22:30<\/li><li>22:45<\/li><li class=\"full-hour\">23:00<\/li><li>23:15<\/li><li>23:30<\/li><li>23:45<\/li><li class=\"full-hour\">0:00<\/li><li>0:15<\/li><li>0:30<\/li><li>0:45<\/li><\/ul>\n\t\t\t\t<\/div>\n\n\n\t\t\t\t\n\t\t\t\t\n\t\t\t\t\n\n\t\t\t\t\t\t\t<div class=\"col-12 col-sm timetable-column\">\n\t\t\t\t\t\t\t\t<div class=\"timetable-venue\">\n\t\t\t\t\t\t\t\t\tToldi Klub\t\t\t\t\t\t\t\t<\/div>\n\n\n\t\t\t\t\t\t\t\t\t\t\t\t\t\t\t\t\t\t    \n\n\t\t\t\t\t\t\t\t\t\t\t\t\t\t\t\t\t\t\t\t\t\t\t\n\t\n\n\n\t\t\t\t\t\t\t\t\t\t<a href=\"https:\/\/2022.budapestritmo.hu\/en\/performer\/cyborg-templar\/\">\t\t\t\t\t\t\t\t\t\t\t<div class=\"timetable-event\" style=\"top:560px; min-height:158px;\">\n\n\t\t\t\t\t\t\t\t\t\t\t\t<div class=\"timetable-event-time\">\n\t\t\t\t\t\t\t\t\t\t\t\t\t22:00-00:00\t\t\t\t\t\t\t\t\t\t\t\t\t\n\t\t\t\t\t\t\t\t\t\t\t\t<\/div>\n\t\t\t\t\t\t\t\t\t\t\t\t<div class=\"timetable-event-performer\">\n\t\t\t\t\t\t\t\t\t\t\t\t\tCyborg Templar (DJ Session) <sup>(HU)<\/sup>\t\t\t\t\t\t\t\t\t\t\t\t<\/div>\n\t\t\t\t\t\t\t\t\t\t\t\t<span class=\"timetable-event-country\"> <\/span>\n\t\t\t\t\t\t\t\t\t\t\t\t\n\t\t\t\t\t\t\t\t\t\t\t<\/div>\n\t\t\t\t\t\t\t\t\t\t<\/a>\n\t\t\t\t\t\t\t\t\t\t\t\t\t\t\n\t\t\t\t\t\t\t\t\t\n\t\t\t\t\t\t\t<\/div>\n\n\t\t\t\t\n\n\t\t\t\t\t\t\t<div class=\"col-12 col-sm timetable-column\">\n\t\t\t\t\t\t\t\t<div class=\"timetable-venue\">\n\t\t\t\t\t\t\t\t\tToldi, Kisterem\t\t\t\t\t\t\t\t<\/div>\n\n\n\t\t\t\t\t\t\t\t\t\t\t\t\t\t\t\t\t\t    \n\n\t\t\t\t\t\t\t\t\t\t\t\t\t\t\t\t\t\t\t\t\t\t\t\n\t\n\n\n\t\t\t\t\t\t\t\t\t\t<a href=\"https:\/\/2022.budapestritmo.hu\/en\/movie\/ritmo-film-21\/\">\t\t\t\t\t\t\t\t\t\t\t<div class=\"timetable-event\" style=\"top:160px; min-height:198px;\">\n\n\t\t\t\t\t\t\t\t\t\t\t\t<div class=\"timetable-event-time\">\n\t\t\t\t\t\t\t\t\t\t\t\t\t17:00-19:30\t\t\t\t\t\t\t\t\t\t\t\t\t\n\t\t\t\t\t\t\t\t\t\t\t\t<\/div>\n\t\t\t\t\t\t\t\t\t\t\t\t<div class=\"timetable-event-performer\">\n\t\t\t\t\t\t\t\t\t\t\t\t\t2021 Ritmo Music Films\t\t\t\t\t\t\t\t\t\t\t\t<\/div>\n\t\t\t\t\t\t\t\t\t\t\t\t<span class=\"timetable-event-country\"><ul>\n<li>K\u00e1roly Cserepes x G\u00e1bor Karcis x M\u00e1ty\u00e1s K\u00e1lm\u00e1n<\/li>\n<li>Dresch String Quartet x Attila Damokos<\/li>\n<li>Mord\u00e1i x G\u00e1bor Reisz x B\u00e1lint Szimler<\/li>\n<li>Odd ID x Fanni Szil\u00e1gyi<\/li>\n<\/ul>\n <\/span>\n\t\t\t\t\t\t\t\t\t\t\t\t\n\t\t\t\t\t\t\t\t\t\t\t<\/div>\n\t\t\t\t\t\t\t\t\t\t<\/a>\n\t\t\t\t\t\t\t\t\t\t\t\t\t\t\n\t\t\t\t\t\t\t\t\t\n\t\t\t\t\t\t\t<\/div>\n\n\t\t\t\t\n\n\t\t\t\t\t\t\t<div class=\"col-12 col-sm timetable-column\">\n\t\t\t\t\t\t\t\t<div class=\"timetable-venue\">\n\t\t\t\t\t\t\t\t\tToldi, Nagyterem\t\t\t\t\t\t\t\t<\/div>\n\n\n\t\t\t\t\t\t\t\t\t\t\t\t\t\t\t\t\t\t    \n\n\t\t\t\t\t\t\t\t\t\t\t\t\t\t\t\t\t\t\t\t\t\t\t\n\t\n\n\n\t\t\t\t\t\t\t\t\t\t<a href=\"https:\/\/2022.budapestritmo.hu\/en\/movie\/repulj-madar-repulj\/\">\t\t\t\t\t\t\t\t\t\t\t<div class=\"timetable-event\" style=\"top:40px; min-height:78px;\">\n\n\t\t\t\t\t\t\t\t\t\t\t\t<div class=\"timetable-event-time\">\n\t\t\t\t\t\t\t\t\t\t\t\t\t15:30-16:30\t\t\t\t\t\t\t\t\t\t\t\t\t\n\t\t\t\t\t\t\t\t\t\t\t\t<\/div>\n\t\t\t\t\t\t\t\t\t\t\t\t<div class=\"timetable-event-performer\">\n\t\t\t\t\t\t\t\t\t\t\t\t\tFly Bird, Fly&#8230;\t\t\t\t\t\t\t\t\t\t\t\t<\/div>\n\t\t\t\t\t\t\t\t\t\t\t\t<span class=\"timetable-event-country\"> <\/span>\n\t\t\t\t\t\t\t\t\t\t\t\t\n\t\t\t\t\t\t\t\t\t\t\t<\/div>\n\t\t\t\t\t\t\t\t\t\t<\/a>\n\t\t\t\t\t\t\t\t\t\t\t\t\t\t\n\t\t\t\t\t\t\t\t\t\t\t\t\t\t\t\t\t\t\t    \n\n\t\t\t\t\t\t\t\t\t\t\t\t\t\t\t\t\t\t\t\t\t\t\t\n\t\n\n\n\t\t\t\t\t\t\t\t\t\t<a href=\"https:\/\/2022.budapestritmo.hu\/en\/movie\/repulj-madar-repulj\/\">\t\t\t\t\t\t\t\t\t\t\t<div class=\"timetable-event\" style=\"top:40px; min-height:78px;\">\n\n\t\t\t\t\t\t\t\t\t\t\t\t<div class=\"timetable-event-time\">\n\t\t\t\t\t\t\t\t\t\t\t\t\t15:30-16:30\t\t\t\t\t\t\t\t\t\t\t\t\t\n\t\t\t\t\t\t\t\t\t\t\t\t<\/div>\n\t\t\t\t\t\t\t\t\t\t\t\t<div class=\"timetable-event-performer\">\n\t\t\t\t\t\t\t\t\t\t\t\t\tFly Bird, Fly&#8230; <sup>(HU\/UK)<\/sup>\t\t\t\t\t\t\t\t\t\t\t\t<\/div>\n\t\t\t\t\t\t\t\t\t\t\t\t<span class=\"timetable-event-country\"> <\/span>\n\t\t\t\t\t\t\t\t\t\t\t\t\n\t\t\t\t\t\t\t\t\t\t\t<\/div>\n\t\t\t\t\t\t\t\t\t\t<\/a>\n\t\t\t\t\t\t\t\t\t\t\t\t\t\t\n\t\t\t\t\t\t\t\t\t\t\t\t\t\t\t\t\t\t\t    \n\n\t\t\t\t\t\t\t\t\t\t\t\t\t\t\t\t\t\t\t\t\t\t\t\n\t\n\n\n\t\t\t\t\t\t\t\t\t\t<a href=\"https:\/\/2022.budapestritmo.hu\/en\/movie\/agonia\/\">\t\t\t\t\t\t\t\t\t\t\t<div class=\"timetable-event\" style=\"top:240px; min-height:78px;\">\n\n\t\t\t\t\t\t\t\t\t\t\t\t<div class=\"timetable-event-time\">\n\t\t\t\t\t\t\t\t\t\t\t\t\t18:00-19:00\t\t\t\t\t\t\t\t\t\t\t\t\t\n\t\t\t\t\t\t\t\t\t\t\t\t<\/div>\n\t\t\t\t\t\t\t\t\t\t\t\t<div class=\"timetable-event-performer\">\n\t\t\t\t\t\t\t\t\t\t\t\t\tThe Agony <sup>(PL)<\/sup>\t\t\t\t\t\t\t\t\t\t\t\t<\/div>\n\t\t\t\t\t\t\t\t\t\t\t\t<span class=\"timetable-event-country\"> <\/span>\n\t\t\t\t\t\t\t\t\t\t\t\t\n\t\t\t\t\t\t\t\t\t\t\t<\/div>\n\t\t\t\t\t\t\t\t\t\t<\/a>\n\t\t\t\t\t\t\t\t\t\t\t\t\t\t\n\t\t\t\t\t\t\t\t\t\t\t\t\t\t\t\t\t\t\t    \n\n\t\t\t\t\t\t\t\t\t\t\t\t\t\t\t\t\t\t\t\t\t\t\t\n\t\n\n\n\t\t\t\t\t\t\t\t\t\t<a href=\"https:\/\/2022.budapestritmo.hu\/en\/movie\/2022-es-ritmo-filmek-premierje\/\">\t\t\t\t\t\t\t\t\t\t\t<div class=\"timetable-event\" style=\"top:400px; min-height:118px;\">\n\n\t\t\t\t\t\t\t\t\t\t\t\t<div class=\"timetable-event-time\">\n\t\t\t\t\t\t\t\t\t\t\t\t\t20:00-21:30\t\t\t\t\t\t\t\t\t\t\t\t\t\n\t\t\t\t\t\t\t\t\t\t\t\t<\/div>\n\t\t\t\t\t\t\t\t\t\t\t\t<div class=\"timetable-event-performer\">\n\t\t\t\t\t\t\t\t\t\t\t\t\tPremiere: 2022 Ritmo Music Films\t\t\t\t\t\t\t\t\t\t\t\t<\/div>\n\t\t\t\t\t\t\t\t\t\t\t\t<span class=\"timetable-event-country\"><ul>\n<li>Uljana Quartet x Anna Korom x Fl\u00f3ra Fecske<\/li>\n<li>\u0414eva x Marcell Bajor x Bence Szemerey<\/li>\n<\/ul>\n <\/span>\n\t\t\t\t\t\t\t\t\t\t\t\t\n\t\t\t\t\t\t\t\t\t\t\t<\/div>\n\t\t\t\t\t\t\t\t\t\t<\/a>\n\t\t\t\t\t\t\t\t\t\t\t\t\t\t\n\t\t\t\t\t\t\t\t\t\n\t\t\t\t\t\t\t<\/div>\n\n\t\t\t\t\t\t\t\n\n\t\t\t\t\n\n\t\t\t\t\n\t\t\t\n\t\t\t<\/div> <!-- \/row -->\n\t\t<\/div>  <!-- \/container.day -->\n\n\t\t\n<\/section> <!-- \/timetable.section -->\n\n\n<section class=\"is-layout-flow wp-block-group alignfull movies text-white\"><div class=\"wp-block-group__inner-container\">\n\n\n\t\t\t<div class=\"col-12\">\n\t\t\t\t<h2>2022 Ritmo Music Films<\/h2>\n\t\t\t<\/div>\n            <div class=\"col-12\">\n\t\t\t\t<div class=\"row\">\n\t\t\t\t\t\t\t\t\t        <div class=\"col-md-6 artist-small\">\n\t<a href=\"https:\/\/2022.budapestritmo.hu\/en\/movie\/uljana-quartet-x-korom-anna\/\" title=\"Uljana Quartet x Anna Korom x Fl\u00f3ra Fecske\">\n\t\t<div class=\"thumbnail\">\n\t\t\t\t\t\t\t<img width=\"640\" height=\"240\" src=\"https:\/\/2022.budapestritmo.hu\/wp-content\/uploads\/2022\/03\/Uljana_C_Bezzeg-Gyula-640x240.jpg\" class=\"attachment-performer_small size-performer_small wp-post-image\" alt=\"\" decoding=\"async\" loading=\"lazy\" srcset=\"https:\/\/2022.budapestritmo.hu\/wp-content\/uploads\/2022\/03\/Uljana_C_Bezzeg-Gyula-640x240.jpg 640w, https:\/\/2022.budapestritmo.hu\/wp-content\/uploads\/2022\/03\/Uljana_C_Bezzeg-Gyula-1600x600.jpg 1600w\" sizes=\"(max-width: 640px) 100vw, 640px\" \/>\t\t\t\t\t\t<div class=\"hover\"><\/div>\n\t\t<\/div>\n\t<\/a>\n\t<a href=\"https:\/\/2022.budapestritmo.hu\/en\/movie\/uljana-quartet-x-korom-anna\/\" title=\"Uljana Quartet x Anna Korom x Fl\u00f3ra Fecske\">\n\t\t<div class=\"name\">\n\t\t\tUljana Quartet x Anna Korom x Fl\u00f3ra Fecske<br>\n\t\t\t\n\t\t<\/div>\n\t<\/a>\n<\/div>\t\t\t\t\t\t\t\n\t\t\t\t\t        \t\t\t\t\t        <div class=\"col-md-6 artist-small\">\n\t<a href=\"https:\/\/2022.budapestritmo.hu\/en\/movie\/deva-x-szoke-barna-szemerey-bence\/\" title=\"\u0414eva x Marcell Bajor x Szemerey Bence\">\n\t\t<div class=\"thumbnail\">\n\t\t\t\t\t\t\t<img width=\"640\" height=\"240\" src=\"https:\/\/2022.budapestritmo.hu\/wp-content\/uploads\/2022\/03\/deva-640x240.jpg\" class=\"attachment-performer_small size-performer_small wp-post-image\" alt=\"\" decoding=\"async\" loading=\"lazy\" srcset=\"https:\/\/2022.budapestritmo.hu\/wp-content\/uploads\/2022\/03\/deva-640x240.jpg 640w, https:\/\/2022.budapestritmo.hu\/wp-content\/uploads\/2022\/03\/deva.jpg 1600w, https:\/\/2022.budapestritmo.hu\/wp-content\/uploads\/2022\/03\/deva-300x113.jpg 300w, https:\/\/2022.budapestritmo.hu\/wp-content\/uploads\/2022\/03\/deva-1024x384.jpg 1024w, https:\/\/2022.budapestritmo.hu\/wp-content\/uploads\/2022\/03\/deva-768x288.jpg 768w, https:\/\/2022.budapestritmo.hu\/wp-content\/uploads\/2022\/03\/deva-1536x576.jpg 1536w\" sizes=\"(max-width: 640px) 100vw, 640px\" \/>\t\t\t\t\t\t<div class=\"hover\"><\/div>\n\t\t<\/div>\n\t<\/a>\n\t<a href=\"https:\/\/2022.budapestritmo.hu\/en\/movie\/deva-x-szoke-barna-szemerey-bence\/\" title=\"\u0414eva x Marcell Bajor x Szemerey Bence\">\n\t\t<div class=\"name\">\n\t\t\t\u0414eva x Marcell Bajor x Szemerey Bence<br>\n\t\t\t\n\t\t<\/div>\n\t<\/a>\n<\/div>\t\t\t\t\t\t\t\n\t\t\t\t\t        \t\t<\/div>\n\t\t<div class=\"col-12\">\n\t\t\t\t\t\t\t<\/div>\n\t\t\t<\/div>\n\n\n\n\n\n\t\t\t<div class=\"col-12\">\n\t\t\t\t<h2>2021 Ritmo Music Films<\/h2>\n\t\t\t<\/div>\n            <div class=\"col-12\">\n\t\t\t\t<div class=\"row\">\n\t\t\t\t\t\t\t\t\t        <div class=\"col-md-6 artist-small\">\n\t<a href=\"https:\/\/2022.budapestritmo.hu\/en\/movie\/cserepes-karoly-x-karcis-gabor-kalman-matyas\/\" title=\"K\u00e1roly Cserepes x G\u00e1bor Karcis x M\u00e1ty\u00e1s K\u00e1lm\u00e1n\">\n\t\t<div class=\"thumbnail\">\n\t\t\t\t\t\t\t<img width=\"640\" height=\"240\" src=\"https:\/\/2022.budapestritmo.hu\/wp-content\/uploads\/2022\/03\/cserepes-640x240.jpg\" class=\"attachment-performer_small size-performer_small wp-post-image\" alt=\"\" decoding=\"async\" loading=\"lazy\" srcset=\"https:\/\/2022.budapestritmo.hu\/wp-content\/uploads\/2022\/03\/cserepes-640x240.jpg 640w, https:\/\/2022.budapestritmo.hu\/wp-content\/uploads\/2022\/03\/cserepes.jpg 1600w, https:\/\/2022.budapestritmo.hu\/wp-content\/uploads\/2022\/03\/cserepes-300x113.jpg 300w, https:\/\/2022.budapestritmo.hu\/wp-content\/uploads\/2022\/03\/cserepes-1024x384.jpg 1024w, https:\/\/2022.budapestritmo.hu\/wp-content\/uploads\/2022\/03\/cserepes-768x288.jpg 768w, https:\/\/2022.budapestritmo.hu\/wp-content\/uploads\/2022\/03\/cserepes-1536x576.jpg 1536w\" sizes=\"(max-width: 640px) 100vw, 640px\" \/>\t\t\t\t\t\t<div class=\"hover\"><\/div>\n\t\t<\/div>\n\t<\/a>\n\t<a href=\"https:\/\/2022.budapestritmo.hu\/en\/movie\/cserepes-karoly-x-karcis-gabor-kalman-matyas\/\" title=\"K\u00e1roly Cserepes x G\u00e1bor Karcis x M\u00e1ty\u00e1s K\u00e1lm\u00e1n\">\n\t\t<div class=\"name\">\n\t\t\tK\u00e1roly Cserepes x G\u00e1bor Karcis x M\u00e1ty\u00e1s K\u00e1lm\u00e1n<br>\n\t\t\t\n\t\t<\/div>\n\t<\/a>\n<\/div>\t\t\t\t\t\t\t\n\t\t\t\t\t        \t\t\t\t\t        <div class=\"col-md-6 artist-small\">\n\t<a href=\"https:\/\/2022.budapestritmo.hu\/en\/movie\/odd-id-x-szilagyi-fanni\/\" title=\"Odd ID x Fanni Szil\u00e1gyi\">\n\t\t<div class=\"thumbnail\">\n\t\t\t\t\t\t\t<img width=\"640\" height=\"240\" src=\"https:\/\/2022.budapestritmo.hu\/wp-content\/uploads\/2022\/03\/oddid-640x240.jpg\" class=\"attachment-performer_small size-performer_small wp-post-image\" alt=\"\" decoding=\"async\" loading=\"lazy\" srcset=\"https:\/\/2022.budapestritmo.hu\/wp-content\/uploads\/2022\/03\/oddid-640x240.jpg 640w, https:\/\/2022.budapestritmo.hu\/wp-content\/uploads\/2022\/03\/oddid.jpg 1600w, https:\/\/2022.budapestritmo.hu\/wp-content\/uploads\/2022\/03\/oddid-300x113.jpg 300w, https:\/\/2022.budapestritmo.hu\/wp-content\/uploads\/2022\/03\/oddid-1024x384.jpg 1024w, https:\/\/2022.budapestritmo.hu\/wp-content\/uploads\/2022\/03\/oddid-768x288.jpg 768w, https:\/\/2022.budapestritmo.hu\/wp-content\/uploads\/2022\/03\/oddid-1536x576.jpg 1536w\" sizes=\"(max-width: 640px) 100vw, 640px\" \/>\t\t\t\t\t\t<div class=\"hover\"><\/div>\n\t\t<\/div>\n\t<\/a>\n\t<a href=\"https:\/\/2022.budapestritmo.hu\/en\/movie\/odd-id-x-szilagyi-fanni\/\" title=\"Odd ID x Fanni Szil\u00e1gyi\">\n\t\t<div class=\"name\">\n\t\t\tOdd ID x Fanni Szil\u00e1gyi<br>\n\t\t\t\n\t\t<\/div>\n\t<\/a>\n<\/div>\t\t\t\t\t\t\t\n\t\t\t\t\t        \t\t\t\t\t        <div class=\"col-md-6 artist-small\">\n\t<a href=\"https:\/\/2022.budapestritmo.hu\/en\/movie\/dresch-vonos-quartet-x-damokos-attila\/\" title=\"Dresch String Quartet x Attila Damokos\">\n\t\t<div class=\"thumbnail\">\n\t\t\t\t\t\t\t<img width=\"640\" height=\"240\" src=\"https:\/\/2022.budapestritmo.hu\/wp-content\/uploads\/2022\/03\/dresch-640x240.jpg\" class=\"attachment-performer_small size-performer_small wp-post-image\" alt=\"\" decoding=\"async\" loading=\"lazy\" srcset=\"https:\/\/2022.budapestritmo.hu\/wp-content\/uploads\/2022\/03\/dresch-640x240.jpg 640w, https:\/\/2022.budapestritmo.hu\/wp-content\/uploads\/2022\/03\/dresch.jpg 1600w, https:\/\/2022.budapestritmo.hu\/wp-content\/uploads\/2022\/03\/dresch-300x113.jpg 300w, https:\/\/2022.budapestritmo.hu\/wp-content\/uploads\/2022\/03\/dresch-1024x384.jpg 1024w, https:\/\/2022.budapestritmo.hu\/wp-content\/uploads\/2022\/03\/dresch-768x288.jpg 768w, https:\/\/2022.budapestritmo.hu\/wp-content\/uploads\/2022\/03\/dresch-1536x576.jpg 1536w\" sizes=\"(max-width: 640px) 100vw, 640px\" \/>\t\t\t\t\t\t<div class=\"hover\"><\/div>\n\t\t<\/div>\n\t<\/a>\n\t<a href=\"https:\/\/2022.budapestritmo.hu\/en\/movie\/dresch-vonos-quartet-x-damokos-attila\/\" title=\"Dresch String Quartet x Attila Damokos\">\n\t\t<div class=\"name\">\n\t\t\tDresch String Quartet x Attila Damokos<br>\n\t\t\t\n\t\t<\/div>\n\t<\/a>\n<\/div>\t\t\t\t\t\t\t\n\t\t\t\t\t        \t\t\t\t\t        <div class=\"col-md-6 artist-small\">\n\t<a href=\"https:\/\/2022.budapestritmo.hu\/en\/movie\/mordai-x-reisz-gabor-szimler-balint\/\" title=\"Mord\u00e1i x G\u00e1bor Reisz x B\u00e1lint Szimler\">\n\t\t<div class=\"thumbnail\">\n\t\t\t\t\t\t\t<img width=\"480\" height=\"190\" src=\"https:\/\/2022.budapestritmo.hu\/wp-content\/uploads\/2022\/03\/MORDAI_C_Palyi_Zsofia-1-480x190.jpg\" class=\"attachment-performer_small size-performer_small wp-post-image\" alt=\"\" decoding=\"async\" loading=\"lazy\" \/>\t\t\t\t\t\t<div class=\"hover\"><\/div>\n\t\t<\/div>\n\t<\/a>\n\t<a href=\"https:\/\/2022.budapestritmo.hu\/en\/movie\/mordai-x-reisz-gabor-szimler-balint\/\" title=\"Mord\u00e1i x G\u00e1bor Reisz x B\u00e1lint Szimler\">\n\t\t<div class=\"name\">\n\t\t\tMord\u00e1i x G\u00e1bor Reisz x B\u00e1lint Szimler<br>\n\t\t\t\n\t\t<\/div>\n\t<\/a>\n<\/div>\t\t\t\t\t\t\t\n\t\t\t\t\t        \t\t<\/div>\n\t\t<div class=\"col-12\">\n\t\t\t\t\t\t\t<\/div>\n\t\t\t<\/div>\n\n\n\n\n\n\t\t\t<div class=\"col-12\">\n\t\t\t\t<h2>Documentaries<\/h2>\n\t\t\t<\/div>\n            <div class=\"col-12\">\n\t\t\t\t<div class=\"row\">\n\t\t\t\t\t\t\t\t\t        <div class=\"col-md-6 artist-small\">\n\t<a href=\"https:\/\/2022.budapestritmo.hu\/en\/movie\/agonia\/\" title=\"The Agony\">\n\t\t<div class=\"thumbnail\">\n\t\t\t\t\t\t\t<img width=\"640\" height=\"240\" src=\"https:\/\/2022.budapestritmo.hu\/wp-content\/uploads\/2022\/03\/agonia_agonia-the-agony-1-640x240.png\" class=\"attachment-performer_small size-performer_small wp-post-image\" alt=\"\" decoding=\"async\" loading=\"lazy\" \/>\t\t\t\t\t\t<div class=\"hover\"><\/div>\n\t\t<\/div>\n\t<\/a>\n\t<a href=\"https:\/\/2022.budapestritmo.hu\/en\/movie\/agonia\/\" title=\"The Agony\">\n\t\t<div class=\"name\">\n\t\t\tThe Agony<br>\n\t\t\t\n\t\t<\/div>\n\t<\/a>\n<\/div>\t\t\t\t\t\t\t\n\t\t\t\t\t        \t\t\t\t\t        <div class=\"col-md-6 artist-small\">\n\t<a href=\"https:\/\/2022.budapestritmo.hu\/en\/movie\/the-soil-a-mi-foldunk\/\" title=\"The Soil\">\n\t\t<div class=\"thumbnail\">\n\t\t\t\t\t\t\t<img width=\"640\" height=\"240\" src=\"https:\/\/2022.budapestritmo.hu\/wp-content\/uploads\/2022\/03\/soil-640x240.jpg\" class=\"attachment-performer_small size-performer_small wp-post-image\" alt=\"\" decoding=\"async\" loading=\"lazy\" srcset=\"https:\/\/2022.budapestritmo.hu\/wp-content\/uploads\/2022\/03\/soil-640x240.jpg 640w, https:\/\/2022.budapestritmo.hu\/wp-content\/uploads\/2022\/03\/soil.jpg 1600w, https:\/\/2022.budapestritmo.hu\/wp-content\/uploads\/2022\/03\/soil-300x113.jpg 300w, https:\/\/2022.budapestritmo.hu\/wp-content\/uploads\/2022\/03\/soil-1024x384.jpg 1024w, https:\/\/2022.budapestritmo.hu\/wp-content\/uploads\/2022\/03\/soil-768x288.jpg 768w, https:\/\/2022.budapestritmo.hu\/wp-content\/uploads\/2022\/03\/soil-1536x576.jpg 1536w\" sizes=\"(max-width: 640px) 100vw, 640px\" \/>\t\t\t\t\t\t<div class=\"hover\"><\/div>\n\t\t<\/div>\n\t<\/a>\n\t<a href=\"https:\/\/2022.budapestritmo.hu\/en\/movie\/the-soil-a-mi-foldunk\/\" title=\"The Soil\">\n\t\t<div class=\"name\">\n\t\t\tThe Soil<br>\n\t\t\t\n\t\t<\/div>\n\t<\/a>\n<\/div>\t\t\t\t\t\t\t\n\t\t\t\t\t        \t\t\t\t\t        <div class=\"col-md-6 artist-small\">\n\t<a href=\"https:\/\/2022.budapestritmo.hu\/en\/movie\/repulj-madar-repulj\/\" title=\"Fly Bird, Fly\u2026\">\n\t\t<div class=\"thumbnail\">\n\t\t\t\t\t\t\t<img width=\"640\" height=\"240\" src=\"https:\/\/2022.budapestritmo.hu\/wp-content\/uploads\/2022\/03\/repulj-madar-640x240.jpg\" class=\"attachment-performer_small size-performer_small wp-post-image\" alt=\"\" decoding=\"async\" loading=\"lazy\" srcset=\"https:\/\/2022.budapestritmo.hu\/wp-content\/uploads\/2022\/03\/repulj-madar-640x240.jpg 640w, https:\/\/2022.budapestritmo.hu\/wp-content\/uploads\/2022\/03\/repulj-madar.jpg 1600w, https:\/\/2022.budapestritmo.hu\/wp-content\/uploads\/2022\/03\/repulj-madar-300x113.jpg 300w, https:\/\/2022.budapestritmo.hu\/wp-content\/uploads\/2022\/03\/repulj-madar-1024x384.jpg 1024w, https:\/\/2022.budapestritmo.hu\/wp-content\/uploads\/2022\/03\/repulj-madar-768x288.jpg 768w, https:\/\/2022.budapestritmo.hu\/wp-content\/uploads\/2022\/03\/repulj-madar-1536x576.jpg 1536w\" sizes=\"(max-width: 640px) 100vw, 640px\" \/>\t\t\t\t\t\t<div class=\"hover\"><\/div>\n\t\t<\/div>\n\t<\/a>\n\t<a href=\"https:\/\/2022.budapestritmo.hu\/en\/movie\/repulj-madar-repulj\/\" title=\"Fly Bird, Fly\u2026\">\n\t\t<div class=\"name\">\n\t\t\tFly Bird, Fly\u2026<br>\n\t\t\t\n\t\t<\/div>\n\t<\/a>\n<\/div>\t\t\t\t\t\t\t\n\t\t\t\t\t        \t\t\t\t\t        <div class=\"col-md-6 artist-small\">\n\t<a href=\"https:\/\/2022.budapestritmo.hu\/en\/movie\/silencio-lisszabon-hangjai\/\" title=\"Sil\u00eancio \u2013 Voices Of Lisbon\">\n\t\t<div class=\"thumbnail\">\n\t\t\t\t\t\t\t<img width=\"480\" height=\"190\" src=\"https:\/\/2022.budapestritmo.hu\/wp-content\/uploads\/2022\/03\/SILE\u0302NCIO-\u2013-LISSZABON-HANGJAI-__-__SILE\u0302NCIO-\u2013-VOICES-OF-LISBON-2-480x190.jpg\" class=\"attachment-performer_small size-performer_small wp-post-image\" alt=\"\" decoding=\"async\" loading=\"lazy\" \/>\t\t\t\t\t\t<div class=\"hover\"><\/div>\n\t\t<\/div>\n\t<\/a>\n\t<a href=\"https:\/\/2022.budapestritmo.hu\/en\/movie\/silencio-lisszabon-hangjai\/\" title=\"Sil\u00eancio \u2013 Voices Of Lisbon\">\n\t\t<div class=\"name\">\n\t\t\tSil\u00eancio \u2013 Voices Of Lisbon<br>\n\t\t\t\n\t\t<\/div>\n\t<\/a>\n<\/div>\t\t\t\t\t\t\t\n\t\t\t\t\t        \t\t<\/div>\n\t\t<div class=\"col-12\">\n\t\t\t\t<p><a class=\"button large red\" href=\"https:\/\/2022.budapestritmo.hu\/en\/filmek\/#timetable\">Timetable<\/a><\/p>\n\t\t\t<\/div>\n\t\t\t<\/div>\n<\/div><\/section>\n\n\n\n<section class=\"is-layout-flow wp-block-group alignfull text-black bg-white konferencia\"><div class=\"wp-block-group__inner-container\">\n<div class=\"is-layout-flex wp-container-5 wp-block-columns are-vertically-aligned-center\">\n<div class=\"is-layout-flow wp-block-column is-vertically-aligned-center\">\n<h2>Conference<\/h2>\n\n\n\n<h4>Join the discussion!<\/h4>\n\n\n\n<p>The Budapest Ritmo Conference is a perfect opportunity for music industry stakeholders to exchange know-hows and business cards. With international roundtable guests and delegates, Ritmo presents two focus areas this year: the cultural diplomacy and music strategy of European Capitals of Culture and UNESCO Music Cities, and the overlap of the music and film industry.<\/p>\n\n\n\n<div class=\"is-layout-flex wp-block-buttons\">\n<div class=\"wp-block-button\"><a class=\"wp-block-button__link\" href=\"https:\/\/2022.budapestritmo.hu\/en\/conference\/\">Details and agenda<\/a><\/div>\n<\/div>\n<\/div>\n\n\n\n<div class=\"is-layout-flow wp-block-column is-vertically-aligned-center\">\n<figure class=\"wp-block-image size-large is-resized is-style-default\"><img decoding=\"async\" loading=\"lazy\" src=\"https:\/\/2022.budapestritmo.hu\/wp-content\/uploads\/2022\/03\/bpritmo22_konferencia_img_A-min-1024x768.png\" alt=\"\" class=\"wp-image-1098\" width=\"1024\" height=\"768\" srcset=\"https:\/\/2022.budapestritmo.hu\/wp-content\/uploads\/2022\/03\/bpritmo22_konferencia_img_A-min-1024x768.png 1024w, https:\/\/2022.budapestritmo.hu\/wp-content\/uploads\/2022\/03\/bpritmo22_konferencia_img_A-min-300x225.png 300w, https:\/\/2022.budapestritmo.hu\/wp-content\/uploads\/2022\/03\/bpritmo22_konferencia_img_A-min-768x576.png 768w, https:\/\/2022.budapestritmo.hu\/wp-content\/uploads\/2022\/03\/bpritmo22_konferencia_img_A-min-1536x1152.png 1536w, https:\/\/2022.budapestritmo.hu\/wp-content\/uploads\/2022\/03\/bpritmo22_konferencia_img_A-min.png 1920w\" sizes=\"(max-width: 1024px) 100vw, 1024px\" \/><\/figure>\n<\/div>\n<\/div>\n<\/div><\/section>\n\n\n\n<section class=\"is-layout-flow wp-block-group alignfull text-white bg-red ticket-banner\"><div class=\"wp-block-group__inner-container\">\n<div class=\"is-layout-flex wp-container-9 wp-block-columns\">\n<div class=\"is-layout-flow wp-block-column\">\n<h2 class=\"has-text-align-center\">Don&#8217;t miss out!<\/h2>\n\n\n\n<h4 class=\"has-text-align-center\">Tickets are now available.*<\/h4>\n\n\n\n<div class=\"is-content-justification-center is-layout-flex wp-container-7 wp-block-buttons\">\n<div class=\"wp-block-button\"><a class=\"wp-block-button__link\" href=\"https:\/\/2022.budapestritmo.hu\/en\/tickets\/\">Buy tickets<\/a><\/div>\n<\/div>\n\n\n\n<p class=\"has-text-align-center has-small-font-size\">* while supplies last.<\/p>\n<\/div>\n<\/div>\n<\/div><\/section>\n","protected":false},"excerpt":{"rendered":"<p>Conference Join the discussion! The Budapest Ritmo Conference is a perfect opportunity for music industry stakeholders to exchange know-hows and business cards. With international roundtable guests and delegates, Ritmo presents two focus areas this year: the cultural diplomacy and music strategy of European Capitals of Culture and UNESCO Music Cities, and the overlap of the [&hellip;]<\/p>\n","protected":false},"author":1,"featured_media":0,"parent":0,"menu_order":0,"comment_status":"closed","ping_status":"closed","template":"page-templates\/page-fullwidth.php","meta":[],"acf":[],"_links":{"self":[{"href":"https:\/\/2022.budapestritmo.hu\/en\/wp-json\/wp\/v2\/pages\/338"}],"collection":[{"href":"https:\/\/2022.budapestritmo.hu\/en\/wp-json\/wp\/v2\/pages"}],"about":[{"href":"https:\/\/2022.budapestritmo.hu\/en\/wp-json\/wp\/v2\/types\/page"}],"author":[{"embeddable":true,"href":"https:\/\/2022.budapestritmo.hu\/en\/wp-json\/wp\/v2\/users\/1"}],"replies":[{"embeddable":true,"href":"https:\/\/2022.budapestritmo.hu\/en\/wp-json\/wp\/v2\/comments?post=338"}],"version-history":[{"count":0,"href":"https:\/\/2022.budapestritmo.hu\/en\/wp-json\/wp\/v2\/pages\/338\/revisions"}],"wp:attachment":[{"href":"https:\/\/2022.budapestritmo.hu\/en\/wp-json\/wp\/v2\/media?parent=338"}],"curies":[{"name":"wp","href":"https:\/\/api.w.org\/{rel}","templated":true}]}}