{"id":1385,"date":"2022-03-28T19:02:10","date_gmt":"2022-03-28T18:02:10","guid":{"rendered":"https:\/\/budapestritmo.hu\/?page_id=1385"},"modified":"2022-03-31T13:08:59","modified_gmt":"2022-03-31T12:08:59","slug":"budapest-ritmo-conference-2","status":"publish","type":"page","link":"https:\/\/2022.budapestritmo.hu\/en\/budapest-ritmo-conference-2\/","title":{"rendered":"Budapest Ritmo Conference"},"content":{"rendered":"\n<p><strong>Afternoon Session: Film &amp; Music \u2013&nbsp;Beyond the Soundtrack<\/strong><\/p>\n\n\n\n<p>Become part of the discussion! The <strong>Budapest Ritmo Conference<\/strong> is a perfect opportunity for music industry stakeholders to exchange know-hows and business cards. <\/p>\n\n\n\n<p>This year our afternoon panels focus on the overlap of the music and film industries. Meet and learn from representatives of international music film festivals, distributors and sync gurus.<\/p>\n\n\n\n<p>Attendance is free of charge. Please register at <a href=\"mailto:ritmo@budapestritmo.hu\">ritmo@budapestritmo.hu<\/a>.<\/p>\n\n\n\n<p>14:00-15:00<br><strong>Roundtable: Music Film Festivals<br><\/strong>D\u00e1niel De\u00e1k (Festival Director @Friss H\u00fas, Budapest)<br>Leszek Wejcman (Artistic Director @On Art Film Festival, Warsaw)<br>Marcin Dumie\u0144ski (Festival Director @On Art Film Festival, Warsaw)<br>Lucia Udvardynova (Film Curator @WOMEX)<br>Moderator: Eszter L\u00e1nyi<\/p>\n\n\n\n<div class=\"is-layout-flex wp-container-6 wp-block-columns alignwide\">\n<div class=\"is-layout-flow wp-block-column col-xs-6 col-sm-4 col-md-2\">\n<figure class=\"wp-block-image size-full\"><img decoding=\"async\" loading=\"lazy\" width=\"800\" height=\"800\" src=\"https:\/\/2022.budapestritmo.hu\/wp-content\/uploads\/2022\/03\/Daniel_Deak_C_Balint_Hirling.jpg\" alt=\"\" class=\"wp-image-1449\" srcset=\"https:\/\/2022.budapestritmo.hu\/wp-content\/uploads\/2022\/03\/Daniel_Deak_C_Balint_Hirling.jpg 800w, https:\/\/2022.budapestritmo.hu\/wp-content\/uploads\/2022\/03\/Daniel_Deak_C_Balint_Hirling-300x300.jpg 300w, https:\/\/2022.budapestritmo.hu\/wp-content\/uploads\/2022\/03\/Daniel_Deak_C_Balint_Hirling-150x150.jpg 150w, https:\/\/2022.budapestritmo.hu\/wp-content\/uploads\/2022\/03\/Daniel_Deak_C_Balint_Hirling-768x768.jpg 768w\" sizes=\"(max-width: 800px) 100vw, 800px\" \/><\/figure>\n\n\n\n<h4 id=\"lelkes-andras\">D\u00e1niel De\u00e1k<\/h4>\n\n\n\n<p><strong>Festival Director @Friss H\u00fas, Budapest<\/strong><\/p>\n\n\n\n<p><p style=\"font-size: 0.8em;\">(Photo: B\u00e1lint Hirling)<\/p><\/p>\n<\/div>\n\n\n\n<div class=\"is-layout-flow wp-block-column col-xs-6 col-sm-4 col-md-2\">\n<figure class=\"wp-block-image size-large\"><img decoding=\"async\" loading=\"lazy\" width=\"1024\" height=\"1024\" src=\"https:\/\/2022.budapestritmo.hu\/wp-content\/uploads\/2022\/03\/Leszek-Wejcman_524_print-1024x1024.jpg\" alt=\"\" class=\"wp-image-1451\" srcset=\"https:\/\/2022.budapestritmo.hu\/wp-content\/uploads\/2022\/03\/Leszek-Wejcman_524_print-1024x1024.jpg 1024w, https:\/\/2022.budapestritmo.hu\/wp-content\/uploads\/2022\/03\/Leszek-Wejcman_524_print-300x300.jpg 300w, https:\/\/2022.budapestritmo.hu\/wp-content\/uploads\/2022\/03\/Leszek-Wejcman_524_print-150x150.jpg 150w, https:\/\/2022.budapestritmo.hu\/wp-content\/uploads\/2022\/03\/Leszek-Wejcman_524_print-768x768.jpg 768w, https:\/\/2022.budapestritmo.hu\/wp-content\/uploads\/2022\/03\/Leszek-Wejcman_524_print-1536x1536.jpg 1536w, https:\/\/2022.budapestritmo.hu\/wp-content\/uploads\/2022\/03\/Leszek-Wejcman_524_print-2048x2048.jpg 2048w\" sizes=\"(max-width: 1024px) 100vw, 1024px\" \/><\/figure>\n\n\n\n<h4 id=\"sores-andras\">Leszek Wejcman<\/h4>\n\n\n\n<p><strong>Artistic Director @On Art Film Festival, Warsaw<\/strong><\/p>\n<\/div>\n\n\n\n<div class=\"is-layout-flow wp-block-column col-xs-6 col-sm-4 col-md-2\">\n<figure class=\"wp-block-image size-full\"><img decoding=\"async\" loading=\"lazy\" width=\"682\" height=\"682\" src=\"https:\/\/2022.budapestritmo.hu\/wp-content\/uploads\/2022\/03\/marcin-dumienski.jpeg\" alt=\"\" class=\"wp-image-1453\" srcset=\"https:\/\/2022.budapestritmo.hu\/wp-content\/uploads\/2022\/03\/marcin-dumienski.jpeg 682w, https:\/\/2022.budapestritmo.hu\/wp-content\/uploads\/2022\/03\/marcin-dumienski-300x300.jpeg 300w, https:\/\/2022.budapestritmo.hu\/wp-content\/uploads\/2022\/03\/marcin-dumienski-150x150.jpeg 150w\" sizes=\"(max-width: 682px) 100vw, 682px\" \/><\/figure>\n\n\n\n<h4 id=\"fazekas-anna\">Marcin Dumie\u0144ski<\/h4>\n\n\n\n<p><strong>Festival Director @On Art Film Festival, <strong>Warsaw<\/strong><\/strong><\/p>\n<\/div>\n\n\n\n<div class=\"is-layout-flow wp-block-column col-xs-6 col-sm-4 col-md-2\">\n<figure class=\"wp-block-image size-full\"><img decoding=\"async\" loading=\"lazy\" width=\"563\" height=\"563\" src=\"https:\/\/2022.budapestritmo.hu\/wp-content\/uploads\/2022\/03\/Lucia_Udvardyova_C_Stanislav_Soukup.jpg\" alt=\"\" class=\"wp-image-1455\" srcset=\"https:\/\/2022.budapestritmo.hu\/wp-content\/uploads\/2022\/03\/Lucia_Udvardyova_C_Stanislav_Soukup.jpg 563w, https:\/\/2022.budapestritmo.hu\/wp-content\/uploads\/2022\/03\/Lucia_Udvardyova_C_Stanislav_Soukup-300x300.jpg 300w, https:\/\/2022.budapestritmo.hu\/wp-content\/uploads\/2022\/03\/Lucia_Udvardyova_C_Stanislav_Soukup-150x150.jpg 150w\" sizes=\"(max-width: 563px) 100vw, 563px\" \/><\/figure>\n\n\n\n<h4 id=\"liber-endre\">Lucia Udvardynova<\/h4>\n\n\n\n<p><strong>Film Curator @WOMEX<\/strong><\/p>\n\n\n\n<p><p style=\"font-size: 0.8em;\">(Photo: Stanislav Soukup)<\/p><\/p>\n<\/div>\n\n\n\n<div class=\"is-layout-flow wp-block-column col-xs-6 col-sm-4 col-md-2\">\n<figure class=\"wp-block-image size-large\"><img decoding=\"async\" loading=\"lazy\" width=\"1024\" height=\"1024\" src=\"https:\/\/2022.budapestritmo.hu\/wp-content\/uploads\/2022\/03\/Eszter_Lanyi-1024x1024.jpg\" alt=\"\" class=\"wp-image-1457\" srcset=\"https:\/\/2022.budapestritmo.hu\/wp-content\/uploads\/2022\/03\/Eszter_Lanyi-1024x1024.jpg 1024w, https:\/\/2022.budapestritmo.hu\/wp-content\/uploads\/2022\/03\/Eszter_Lanyi-300x300.jpg 300w, https:\/\/2022.budapestritmo.hu\/wp-content\/uploads\/2022\/03\/Eszter_Lanyi-150x150.jpg 150w, https:\/\/2022.budapestritmo.hu\/wp-content\/uploads\/2022\/03\/Eszter_Lanyi-768x768.jpg 768w, https:\/\/2022.budapestritmo.hu\/wp-content\/uploads\/2022\/03\/Eszter_Lanyi-1536x1536.jpg 1536w, https:\/\/2022.budapestritmo.hu\/wp-content\/uploads\/2022\/03\/Eszter_Lanyi.jpg 1743w\" sizes=\"(max-width: 1024px) 100vw, 1024px\" \/><\/figure>\n\n\n\n<h4 id=\"liber-endre\">Eszter L\u00e1nyi<\/h4>\n\n\n\n<p><strong>Head of Training @National Film Institute Hungary<\/strong><\/p>\n<\/div>\n<\/div>\n\n\n\n<p>15:00-16:00<br><strong>Roundtable: Distribution of Music Films<br><\/strong>Maryam Nikbin (International Sales Manager @EUROARTS)<br>Erika Borsos (Head of Filmprogramming @Budapest Film)<br>Anna Z\u00e1vorszky (Producer @HBO Europe)<br>Zuzanna Solakiewicz (Director @The Soil)<br>Moderator: Aj\u00e1ndok Gyenis<\/p>\n\n\n\n<div class=\"is-layout-flex wp-container-12 wp-block-columns alignwide\">\n<div class=\"is-layout-flow wp-block-column col-xs-6 col-sm-4 col-md-2\">\n<figure class=\"wp-block-image size-full\"><img decoding=\"async\" loading=\"lazy\" width=\"716\" height=\"716\" src=\"https:\/\/2022.budapestritmo.hu\/wp-content\/uploads\/2022\/03\/Maryam-Nikbin-028_Ausschnitt_HD.jpg\" alt=\"\" class=\"wp-image-1493\" srcset=\"https:\/\/2022.budapestritmo.hu\/wp-content\/uploads\/2022\/03\/Maryam-Nikbin-028_Ausschnitt_HD.jpg 716w, https:\/\/2022.budapestritmo.hu\/wp-content\/uploads\/2022\/03\/Maryam-Nikbin-028_Ausschnitt_HD-300x300.jpg 300w, https:\/\/2022.budapestritmo.hu\/wp-content\/uploads\/2022\/03\/Maryam-Nikbin-028_Ausschnitt_HD-150x150.jpg 150w\" sizes=\"(max-width: 716px) 100vw, 716px\" \/><\/figure>\n\n\n\n<h4 id=\"sores-andras\">Maryam Nikbin<\/h4>\n\n\n\n<p><strong><strong>Sales Manager @EUROARTS<\/strong><\/strong><\/p>\n<\/div>\n\n\n\n<div class=\"is-layout-flow wp-block-column col-xs-6 col-sm-4 col-md-2\">\n<figure class=\"wp-block-image size-large\"><img decoding=\"async\" loading=\"lazy\" width=\"1024\" height=\"1024\" src=\"https:\/\/2022.budapestritmo.hu\/wp-content\/uploads\/2022\/03\/Erika_Borsos-1024x1024.jpg\" alt=\"\" class=\"wp-image-1461\" srcset=\"https:\/\/2022.budapestritmo.hu\/wp-content\/uploads\/2022\/03\/Erika_Borsos-1024x1024.jpg 1024w, https:\/\/2022.budapestritmo.hu\/wp-content\/uploads\/2022\/03\/Erika_Borsos-300x300.jpg 300w, https:\/\/2022.budapestritmo.hu\/wp-content\/uploads\/2022\/03\/Erika_Borsos-150x150.jpg 150w, https:\/\/2022.budapestritmo.hu\/wp-content\/uploads\/2022\/03\/Erika_Borsos-768x768.jpg 768w, https:\/\/2022.budapestritmo.hu\/wp-content\/uploads\/2022\/03\/Erika_Borsos-1536x1536.jpg 1536w, https:\/\/2022.budapestritmo.hu\/wp-content\/uploads\/2022\/03\/Erika_Borsos-2048x2048.jpg 2048w\" sizes=\"(max-width: 1024px) 100vw, 1024px\" \/><\/figure>\n\n\n\n<h4 id=\"sores-andras\">Erika Borsos<\/h4>\n\n\n\n<p><strong>Head of Filmprogramming @Budapest Film<\/strong><\/p>\n<\/div>\n\n\n\n<div class=\"is-layout-flow wp-block-column col-xs-6 col-sm-4 col-md-2\">\n<figure class=\"wp-block-image size-large\"><img decoding=\"async\" loading=\"lazy\" width=\"1024\" height=\"1024\" src=\"https:\/\/2022.budapestritmo.hu\/wp-content\/uploads\/2022\/03\/Anna-Z_HBO-Europe3-1024x1024.jpg\" alt=\"\" class=\"wp-image-1463\" srcset=\"https:\/\/2022.budapestritmo.hu\/wp-content\/uploads\/2022\/03\/Anna-Z_HBO-Europe3-1024x1024.jpg 1024w, https:\/\/2022.budapestritmo.hu\/wp-content\/uploads\/2022\/03\/Anna-Z_HBO-Europe3-300x300.jpg 300w, https:\/\/2022.budapestritmo.hu\/wp-content\/uploads\/2022\/03\/Anna-Z_HBO-Europe3-150x150.jpg 150w, https:\/\/2022.budapestritmo.hu\/wp-content\/uploads\/2022\/03\/Anna-Z_HBO-Europe3-768x768.jpg 768w, https:\/\/2022.budapestritmo.hu\/wp-content\/uploads\/2022\/03\/Anna-Z_HBO-Europe3.jpg 1125w\" sizes=\"(max-width: 1024px) 100vw, 1024px\" \/><\/figure>\n\n\n\n<h4 id=\"fazekas-anna\">Anna Z\u00e1vorszky<\/h4>\n\n\n\n<p><strong>Producer @HBO Europe<\/strong><\/p>\n<\/div>\n\n\n\n<div class=\"is-layout-flow wp-block-column col-xs-6 col-sm-4 col-md-2\">\n<figure class=\"wp-block-image size-large\"><img decoding=\"async\" loading=\"lazy\" width=\"1024\" height=\"1024\" src=\"https:\/\/2022.budapestritmo.hu\/wp-content\/uploads\/2022\/03\/Zuzanna_Solakiewicz-1024x1024.jpg\" alt=\"\" class=\"wp-image-1465\" srcset=\"https:\/\/2022.budapestritmo.hu\/wp-content\/uploads\/2022\/03\/Zuzanna_Solakiewicz-1024x1024.jpg 1024w, https:\/\/2022.budapestritmo.hu\/wp-content\/uploads\/2022\/03\/Zuzanna_Solakiewicz-300x300.jpg 300w, https:\/\/2022.budapestritmo.hu\/wp-content\/uploads\/2022\/03\/Zuzanna_Solakiewicz-150x150.jpg 150w, https:\/\/2022.budapestritmo.hu\/wp-content\/uploads\/2022\/03\/Zuzanna_Solakiewicz-768x768.jpg 768w, https:\/\/2022.budapestritmo.hu\/wp-content\/uploads\/2022\/03\/Zuzanna_Solakiewicz-1536x1536.jpg 1536w, https:\/\/2022.budapestritmo.hu\/wp-content\/uploads\/2022\/03\/Zuzanna_Solakiewicz-2048x2048.jpg 2048w\" sizes=\"(max-width: 1024px) 100vw, 1024px\" \/><\/figure>\n\n\n\n<h4 id=\"liber-endre\" style=\"letter-spacing:-1px;\">Zuzanna Solakiewicz<\/h4>\n\n\n\n<p><strong>Director @The Soil<\/strong><\/p>\n<\/div>\n\n\n\n<div class=\"is-layout-flow wp-block-column col-xs-6 col-sm-4 col-md-2\">\n<figure class=\"wp-block-image size-large\"><img decoding=\"async\" loading=\"lazy\" width=\"1024\" height=\"1024\" src=\"https:\/\/2022.budapestritmo.hu\/wp-content\/uploads\/2022\/03\/Ajandok_Gyenis-1024x1024.jpg\" alt=\"\" class=\"wp-image-1467\" srcset=\"https:\/\/2022.budapestritmo.hu\/wp-content\/uploads\/2022\/03\/Ajandok_Gyenis-1024x1024.jpg 1024w, https:\/\/2022.budapestritmo.hu\/wp-content\/uploads\/2022\/03\/Ajandok_Gyenis-300x300.jpg 300w, https:\/\/2022.budapestritmo.hu\/wp-content\/uploads\/2022\/03\/Ajandok_Gyenis-150x150.jpg 150w, https:\/\/2022.budapestritmo.hu\/wp-content\/uploads\/2022\/03\/Ajandok_Gyenis-768x768.jpg 768w, https:\/\/2022.budapestritmo.hu\/wp-content\/uploads\/2022\/03\/Ajandok_Gyenis-1536x1536.jpg 1536w, https:\/\/2022.budapestritmo.hu\/wp-content\/uploads\/2022\/03\/Ajandok_Gyenis.jpg 1772w\" sizes=\"(max-width: 1024px) 100vw, 1024px\" \/><\/figure>\n\n\n\n<h4 id=\"liber-endre\">Aj\u00e1ndok Gyenis<\/h4>\n\n\n\n<p><strong>Managing Director @Cinego, Hungary<\/strong><\/p>\n<\/div>\n<\/div>\n\n\n\n<p>16:00-17:00<br><strong>Roundtable: Sync \u2013 Music Placement in Ads, Shows &amp; More<br><\/strong>Dijana Dobras (Regional Director of Licensing &amp; Repertoire @IDM Music)<br>Tam\u00e1s Szab\u00f3 (Co-founder @Central Publishing)<br>Moderator: Bal\u00e1zs Weyer<\/p>\n\n\n\n<div class=\"is-layout-flex wp-container-18 wp-block-columns alignwide\">\n<div class=\"is-layout-flow wp-block-column col-xs-6 col-sm-4 col-md-2\">\n<figure class=\"wp-block-image size-full\"><img decoding=\"async\" loading=\"lazy\" width=\"442\" height=\"442\" src=\"https:\/\/2022.budapestritmo.hu\/wp-content\/uploads\/2022\/03\/Dijana_Dobras.jpg\" alt=\"\" class=\"wp-image-1473\" srcset=\"https:\/\/2022.budapestritmo.hu\/wp-content\/uploads\/2022\/03\/Dijana_Dobras.jpg 442w, https:\/\/2022.budapestritmo.hu\/wp-content\/uploads\/2022\/03\/Dijana_Dobras-300x300.jpg 300w, https:\/\/2022.budapestritmo.hu\/wp-content\/uploads\/2022\/03\/Dijana_Dobras-150x150.jpg 150w\" sizes=\"(max-width: 442px) 100vw, 442px\" \/><\/figure>\n\n\n\n<h4 id=\"lelkes-andras\">Dijana Dobras<\/h4>\n\n\n\n<p><strong>Regional Director of Licensing &amp; Repertoire @IDM Music<\/strong><\/p>\n<\/div>\n\n\n\n<div class=\"is-layout-flow wp-block-column col-xs-6 col-sm-4 col-md-2\">\n<figure class=\"wp-block-image size-large\"><img decoding=\"async\" loading=\"lazy\" width=\"1024\" height=\"1024\" src=\"https:\/\/2022.budapestritmo.hu\/wp-content\/uploads\/2022\/03\/KII_SzaboTamas_portraits_210126_highres-015_v02-1024x1024.jpg\" alt=\"\" class=\"wp-image-1471\" srcset=\"https:\/\/2022.budapestritmo.hu\/wp-content\/uploads\/2022\/03\/KII_SzaboTamas_portraits_210126_highres-015_v02-1024x1024.jpg 1024w, https:\/\/2022.budapestritmo.hu\/wp-content\/uploads\/2022\/03\/KII_SzaboTamas_portraits_210126_highres-015_v02-300x300.jpg 300w, https:\/\/2022.budapestritmo.hu\/wp-content\/uploads\/2022\/03\/KII_SzaboTamas_portraits_210126_highres-015_v02-150x150.jpg 150w, https:\/\/2022.budapestritmo.hu\/wp-content\/uploads\/2022\/03\/KII_SzaboTamas_portraits_210126_highres-015_v02-768x768.jpg 768w, https:\/\/2022.budapestritmo.hu\/wp-content\/uploads\/2022\/03\/KII_SzaboTamas_portraits_210126_highres-015_v02-1536x1536.jpg 1536w, https:\/\/2022.budapestritmo.hu\/wp-content\/uploads\/2022\/03\/KII_SzaboTamas_portraits_210126_highres-015_v02.jpg 2000w\" sizes=\"(max-width: 1024px) 100vw, 1024px\" \/><\/figure>\n\n\n\n<h4 id=\"sores-andras\">Tam\u00e1s Szab\u00f3<\/h4>\n\n\n\n<p><strong>Co-founder @Central Publishing<\/strong><\/p>\n<\/div>\n\n\n\n<div class=\"is-layout-flow wp-block-column col-xs-6 col-sm-4 col-md-2\">\n<figure class=\"wp-block-image size-large\"><img decoding=\"async\" loading=\"lazy\" width=\"1024\" height=\"1024\" src=\"https:\/\/2022.budapestritmo.hu\/wp-content\/uploads\/2022\/03\/Weyer-Balazs-029_web-1024x1024.jpg\" alt=\"\" class=\"wp-image-1469\" srcset=\"https:\/\/2022.budapestritmo.hu\/wp-content\/uploads\/2022\/03\/Weyer-Balazs-029_web-1024x1024.jpg 1024w, https:\/\/2022.budapestritmo.hu\/wp-content\/uploads\/2022\/03\/Weyer-Balazs-029_web-300x300.jpg 300w, https:\/\/2022.budapestritmo.hu\/wp-content\/uploads\/2022\/03\/Weyer-Balazs-029_web-150x150.jpg 150w, https:\/\/2022.budapestritmo.hu\/wp-content\/uploads\/2022\/03\/Weyer-Balazs-029_web-768x768.jpg 768w, https:\/\/2022.budapestritmo.hu\/wp-content\/uploads\/2022\/03\/Weyer-Balazs-029_web.jpg 1500w\" sizes=\"(max-width: 1024px) 100vw, 1024px\" \/><\/figure>\n\n\n\n<h4 id=\"fazekas-anna\">Bal\u00e1zs Weyer<\/h4>\n\n\n\n<p><strong>Programming Director @Hangvet\u0151<\/strong><\/p>\n<\/div>\n\n\n\n<div class=\"is-layout-flow wp-block-column col-xs-6 col-sm-4 col-md-2\"><\/div>\n\n\n\n<div class=\"is-layout-flow wp-block-column col-xs-6 col-sm-4 col-md-2\"><\/div>\n<\/div>\n","protected":false},"excerpt":{"rendered":"<p>Afternoon Session: Film &amp; Music \u2013&nbsp;Beyond the Soundtrack Become part of the discussion! The Budapest Ritmo Conference is a perfect opportunity for music industry stakeholders to exchange know-hows and business cards. This year our afternoon panels focus on the overlap of the music and film industries. Meet and learn from representatives of international music film [&hellip;]<\/p>\n","protected":false},"author":2,"featured_media":0,"parent":0,"menu_order":0,"comment_status":"closed","ping_status":"closed","template":"","meta":[],"acf":[],"_links":{"self":[{"href":"https:\/\/2022.budapestritmo.hu\/en\/wp-json\/wp\/v2\/pages\/1385"}],"collection":[{"href":"https:\/\/2022.budapestritmo.hu\/en\/wp-json\/wp\/v2\/pages"}],"about":[{"href":"https:\/\/2022.budapestritmo.hu\/en\/wp-json\/wp\/v2\/types\/page"}],"author":[{"embeddable":true,"href":"https:\/\/2022.budapestritmo.hu\/en\/wp-json\/wp\/v2\/users\/2"}],"replies":[{"embeddable":true,"href":"https:\/\/2022.budapestritmo.hu\/en\/wp-json\/wp\/v2\/comments?post=1385"}],"version-history":[{"count":0,"href":"https:\/\/2022.budapestritmo.hu\/en\/wp-json\/wp\/v2\/pages\/1385\/revisions"}],"wp:attachment":[{"href":"https:\/\/2022.budapestritmo.hu\/en\/wp-json\/wp\/v2\/media?parent=1385"}],"curies":[{"name":"wp","href":"https:\/\/api.w.org\/{rel}","templated":true}]}}